{"id":22,"date":"2023-12-16T17:34:54","date_gmt":"2023-12-16T20:34:54","guid":{"rendered":"https:\/\/eventosaben.org.br\/anaiscben\/?page_id=22"},"modified":"2024-06-13T14:40:18","modified_gmt":"2024-06-13T17:40:18","slug":"edicoes-anteriores","status":"publish","type":"page","link":"https:\/\/eventosaben.org.br\/anaissenaden\/edicoes-anteriores\/","title":{"rendered":"Edi\u00e7\u00f5es Anteriores"},"content":{"rendered":"\t\t<div data-elementor-type=\"wp-page\" data-elementor-id=\"22\" class=\"elementor elementor-22\" data-elementor-post-type=\"page\">\n\t\t\t\t<div class=\"elementor-element elementor-element-496d3d97 e-flex e-con-boxed e-con e-parent\" data-id=\"496d3d97\" data-element_type=\"container\" data-settings=\"{&quot;background_background&quot;:&quot;classic&quot;}\">\n\t\t\t\t\t<div class=\"e-con-inner\">\n\t\t\t\t\t<\/div>\n\t\t\t\t<\/div>\n\t\t\t\t<section class=\"elementor-section elementor-top-section elementor-element elementor-element-64ab42ec elementor-section-boxed elementor-section-height-default elementor-section-height-default\" data-id=\"64ab42ec\" data-element_type=\"section\">\n\t\t\t\t\t\t<div class=\"elementor-container elementor-column-gap-default\">\n\t\t\t\t\t<div class=\"elementor-column elementor-col-100 elementor-top-column elementor-element elementor-element-4e8db4aa\" data-id=\"4e8db4aa\" data-element_type=\"column\">\n\t\t\t<div class=\"elementor-widget-wrap elementor-element-populated\">\n\t\t\t\t\t\t<div class=\"elementor-element elementor-element-105d48ec elementor-widget elementor-widget-text-editor\" data-id=\"105d48ec\" data-element_type=\"widget\" data-widget_type=\"text-editor.default\">\n\t\t\t\t<div class=\"elementor-widget-container\">\n\t\t\t<style>\/*! elementor - v3.23.0 - 05-08-2024 *\/\n.elementor-widget-text-editor.elementor-drop-cap-view-stacked .elementor-drop-cap{background-color:#69727d;color:#fff}.elementor-widget-text-editor.elementor-drop-cap-view-framed .elementor-drop-cap{color:#69727d;border:3px solid;background-color:transparent}.elementor-widget-text-editor:not(.elementor-drop-cap-view-default) .elementor-drop-cap{margin-top:8px}.elementor-widget-text-editor:not(.elementor-drop-cap-view-default) .elementor-drop-cap-letter{width:1em;height:1em}.elementor-widget-text-editor .elementor-drop-cap{float:left;text-align:center;line-height:1;font-size:50px}.elementor-widget-text-editor .elementor-drop-cap-letter{display:inline-block}<\/style>\t\t\t\t<p>Publica\u00e7\u00f5es de Anais do SENADEn &#8211; Semin\u00e1rio Nacional de Diretrizes para Educa\u00e7\u00e3o em Enfermagem e SINADEn &#8211; Simp\u00f3sio Nacional de Diagn\u00f3sticos de Enfermagem\u00a0<\/p>\t\t\t\t\t\t<\/div>\n\t\t\t\t<\/div>\n\t\t\t\t\t<\/div>\n\t\t<\/div>\n\t\t\t\t\t<\/div>\n\t\t<\/section>\n\t\t\t\t<section class=\"elementor-section elementor-top-section elementor-element elementor-element-5035b69a elementor-section-boxed elementor-section-height-default elementor-section-height-default\" data-id=\"5035b69a\" data-element_type=\"section\">\n\t\t\t\t\t\t<div class=\"elementor-container elementor-column-gap-default\">\n\t\t\t\t\t<div class=\"elementor-column elementor-col-16 elementor-top-column elementor-element elementor-element-5e28dcf0\" data-id=\"5e28dcf0\" data-element_type=\"column\">\n\t\t\t<div class=\"elementor-widget-wrap elementor-element-populated\">\n\t\t\t\t\t\t<div class=\"elementor-element elementor-element-31e8b1b elementor-position-top elementor-widget elementor-widget-image-box\" data-id=\"31e8b1b\" data-element_type=\"widget\" data-widget_type=\"image-box.default\">\n\t\t\t\t<div class=\"elementor-widget-container\">\n\t\t\t<style>\/*! elementor - v3.23.0 - 05-08-2024 *\/\n.elementor-widget-image-box .elementor-image-box-content{width:100%}@media (min-width:768px){.elementor-widget-image-box.elementor-position-left .elementor-image-box-wrapper,.elementor-widget-image-box.elementor-position-right .elementor-image-box-wrapper{display:flex}.elementor-widget-image-box.elementor-position-right .elementor-image-box-wrapper{text-align:end;flex-direction:row-reverse}.elementor-widget-image-box.elementor-position-left .elementor-image-box-wrapper{text-align:start;flex-direction:row}.elementor-widget-image-box.elementor-position-top .elementor-image-box-img{margin:auto}.elementor-widget-image-box.elementor-vertical-align-top .elementor-image-box-wrapper{align-items:flex-start}.elementor-widget-image-box.elementor-vertical-align-middle .elementor-image-box-wrapper{align-items:center}.elementor-widget-image-box.elementor-vertical-align-bottom .elementor-image-box-wrapper{align-items:flex-end}}@media (max-width:767px){.elementor-widget-image-box .elementor-image-box-img{margin-left:auto!important;margin-right:auto!important;margin-bottom:15px}}.elementor-widget-image-box .elementor-image-box-img{display:inline-block}.elementor-widget-image-box .elementor-image-box-title a{color:inherit}.elementor-widget-image-box .elementor-image-box-wrapper{text-align:center}.elementor-widget-image-box .elementor-image-box-description{margin:0}<\/style><div class=\"elementor-image-box-wrapper\"><figure class=\"elementor-image-box-img\"><a href=\"#elementor-action%3Aaction%3Dpopup%3Aopen%26settings%3DeyJpZCI6IjE4NyIsInRvZ2dsZSI6ZmFsc2V9\" target=\"_blank\" tabindex=\"-1\"><img fetchpriority=\"high\" decoding=\"async\" width=\"1240\" height=\"1754\" src=\"https:\/\/eventosaben.org.br\/anaissenaden\/wp-content\/uploads\/2023\/12\/18senaden15sinaden2022.jpg\" class=\"elementor-animation-shrink attachment-full size-full wp-image-248\" alt=\"\" srcset=\"https:\/\/eventosaben.org.br\/anaissenaden\/wp-content\/uploads\/2023\/12\/18senaden15sinaden2022.jpg 1240w, https:\/\/eventosaben.org.br\/anaissenaden\/wp-content\/uploads\/2023\/12\/18senaden15sinaden2022-212x300.jpg 212w, https:\/\/eventosaben.org.br\/anaissenaden\/wp-content\/uploads\/2023\/12\/18senaden15sinaden2022-724x1024.jpg 724w, https:\/\/eventosaben.org.br\/anaissenaden\/wp-content\/uploads\/2023\/12\/18senaden15sinaden2022-768x1086.jpg 768w, https:\/\/eventosaben.org.br\/anaissenaden\/wp-content\/uploads\/2023\/12\/18senaden15sinaden2022-1086x1536.jpg 1086w\" sizes=\"(max-width: 1240px) 100vw, 1240px\" \/><\/a><\/figure><div class=\"elementor-image-box-content\"><h3 class=\"elementor-image-box-title\"><a href=\"#elementor-action%3Aaction%3Dpopup%3Aopen%26settings%3DeyJpZCI6IjE4NyIsInRvZ2dsZSI6ZmFsc2V9\" target=\"_blank\">2022<\/a><\/h3><p class=\"elementor-image-box-description\">Anais do 18\u00ba SENADEn e 15\u00ba SINADEn<\/p><\/div><\/div>\t\t<\/div>\n\t\t\t\t<\/div>\n\t\t\t\t\t<\/div>\n\t\t<\/div>\n\t\t\t\t<div class=\"elementor-column elementor-col-16 elementor-top-column elementor-element elementor-element-78a86d47\" data-id=\"78a86d47\" data-element_type=\"column\">\n\t\t\t<div class=\"elementor-widget-wrap elementor-element-populated\">\n\t\t\t\t\t\t<div class=\"elementor-element elementor-element-b13611f elementor-position-top elementor-widget elementor-widget-image-box\" data-id=\"b13611f\" data-element_type=\"widget\" data-widget_type=\"image-box.default\">\n\t\t\t\t<div class=\"elementor-widget-container\">\n\t\t\t<div class=\"elementor-image-box-wrapper\"><figure class=\"elementor-image-box-img\"><a href=\"https:\/\/portal.eventosaben.org.br\/17senaden\/anais\/anais\/anais.htm\" target=\"_blank\" tabindex=\"-1\"><img decoding=\"async\" width=\"283\" height=\"400\" src=\"https:\/\/eventosaben.org.br\/anaissenaden\/wp-content\/uploads\/2023\/12\/17senaden14sinaden2020.png\" class=\"elementor-animation-shrink attachment-full size-full wp-image-253\" alt=\"\" srcset=\"https:\/\/eventosaben.org.br\/anaissenaden\/wp-content\/uploads\/2023\/12\/17senaden14sinaden2020.png 283w, https:\/\/eventosaben.org.br\/anaissenaden\/wp-content\/uploads\/2023\/12\/17senaden14sinaden2020-212x300.png 212w\" sizes=\"(max-width: 283px) 100vw, 283px\" \/><\/a><\/figure><div class=\"elementor-image-box-content\"><h3 class=\"elementor-image-box-title\"><a href=\"https:\/\/portal.eventosaben.org.br\/17senaden\/anais\/anais\/anais.htm\" target=\"_blank\">2020<\/a><\/h3><p class=\"elementor-image-box-description\">Anais do 17\u00ba SENADEn e 14\u00ba SINADEn<\/p><\/div><\/div>\t\t<\/div>\n\t\t\t\t<\/div>\n\t\t\t\t\t<\/div>\n\t\t<\/div>\n\t\t\t\t<div class=\"elementor-column elementor-col-16 elementor-top-column elementor-element elementor-element-1dc87375\" data-id=\"1dc87375\" data-element_type=\"column\">\n\t\t\t<div class=\"elementor-widget-wrap elementor-element-populated\">\n\t\t\t\t\t\t<div class=\"elementor-element elementor-element-1d91598 elementor-position-top elementor-widget elementor-widget-image-box\" data-id=\"1d91598\" data-element_type=\"widget\" data-widget_type=\"image-box.default\">\n\t\t\t\t<div class=\"elementor-widget-container\">\n\t\t\t<div class=\"elementor-image-box-wrapper\"><figure class=\"elementor-image-box-img\"><a href=\"https:\/\/portal.eventosaben.org.br\/16senaden\/anais\/trabalhos.htm\" target=\"_blank\" tabindex=\"-1\"><img decoding=\"async\" width=\"283\" height=\"400\" src=\"https:\/\/eventosaben.org.br\/anaissenaden\/wp-content\/uploads\/2023\/12\/16senaden13sinaden2018.png\" class=\"elementor-animation-shrink attachment-full size-full wp-image-255\" alt=\"\" srcset=\"https:\/\/eventosaben.org.br\/anaissenaden\/wp-content\/uploads\/2023\/12\/16senaden13sinaden2018.png 283w, https:\/\/eventosaben.org.br\/anaissenaden\/wp-content\/uploads\/2023\/12\/16senaden13sinaden2018-212x300.png 212w\" sizes=\"(max-width: 283px) 100vw, 283px\" \/><\/a><\/figure><div class=\"elementor-image-box-content\"><h3 class=\"elementor-image-box-title\"><a href=\"https:\/\/portal.eventosaben.org.br\/16senaden\/anais\/trabalhos.htm\" target=\"_blank\">2018<\/a><\/h3><p class=\"elementor-image-box-description\">Anais do 16\u00ba SENADEn e 13\u00ba SINADEn<\/p><\/div><\/div>\t\t<\/div>\n\t\t\t\t<\/div>\n\t\t\t\t\t<\/div>\n\t\t<\/div>\n\t\t\t\t<div class=\"elementor-column elementor-col-16 elementor-top-column elementor-element elementor-element-70a54d93\" data-id=\"70a54d93\" data-element_type=\"column\">\n\t\t\t<div class=\"elementor-widget-wrap elementor-element-populated\">\n\t\t\t\t\t\t<div class=\"elementor-element elementor-element-4f318fd elementor-position-top elementor-widget elementor-widget-image-box\" data-id=\"4f318fd\" data-element_type=\"widget\" data-widget_type=\"image-box.default\">\n\t\t\t\t<div class=\"elementor-widget-container\">\n\t\t\t<div class=\"elementor-image-box-wrapper\"><figure class=\"elementor-image-box-img\"><a href=\"https:\/\/portal.eventosaben.org.br\/15senaden\/anais\/trabalhos.htm\" target=\"_blank\" tabindex=\"-1\"><img loading=\"lazy\" decoding=\"async\" width=\"283\" height=\"400\" src=\"https:\/\/eventosaben.org.br\/anaissenaden\/wp-content\/uploads\/2023\/12\/15senaden2016.png\" class=\"elementor-animation-shrink attachment-full size-full wp-image-262\" alt=\"\" srcset=\"https:\/\/eventosaben.org.br\/anaissenaden\/wp-content\/uploads\/2023\/12\/15senaden2016.png 283w, https:\/\/eventosaben.org.br\/anaissenaden\/wp-content\/uploads\/2023\/12\/15senaden2016-212x300.png 212w\" sizes=\"(max-width: 283px) 100vw, 283px\" \/><\/a><\/figure><div class=\"elementor-image-box-content\"><h3 class=\"elementor-image-box-title\"><a href=\"https:\/\/portal.eventosaben.org.br\/15senaden\/anais\/trabalhos.htm\" target=\"_blank\">2016<\/a><\/h3><p class=\"elementor-image-box-description\">Anais do 15\u00ba SENADEn<\/p><\/div><\/div>\t\t<\/div>\n\t\t\t\t<\/div>\n\t\t\t\t\t<\/div>\n\t\t<\/div>\n\t\t\t\t<div class=\"elementor-column elementor-col-16 elementor-top-column elementor-element elementor-element-108d4d18\" data-id=\"108d4d18\" data-element_type=\"column\">\n\t\t\t<div class=\"elementor-widget-wrap elementor-element-populated\">\n\t\t\t\t\t\t<div class=\"elementor-element elementor-element-83f899c elementor-position-top elementor-widget elementor-widget-image-box\" data-id=\"83f899c\" data-element_type=\"widget\" data-widget_type=\"image-box.default\">\n\t\t\t\t<div class=\"elementor-widget-container\">\n\t\t\t<div class=\"elementor-image-box-wrapper\"><figure class=\"elementor-image-box-img\"><a href=\"https:\/\/portal.eventosaben.org.br\/12sinaden\/12sinaden\/anais\/edicao-apresentacao.htm\" target=\"_blank\" tabindex=\"-1\"><img loading=\"lazy\" decoding=\"async\" width=\"283\" height=\"400\" src=\"https:\/\/eventosaben.org.br\/anaissenaden\/wp-content\/uploads\/2023\/12\/12sinaden2016.png\" class=\"elementor-animation-shrink attachment-full size-full wp-image-275\" alt=\"\" srcset=\"https:\/\/eventosaben.org.br\/anaissenaden\/wp-content\/uploads\/2023\/12\/12sinaden2016.png 283w, https:\/\/eventosaben.org.br\/anaissenaden\/wp-content\/uploads\/2023\/12\/12sinaden2016-212x300.png 212w\" sizes=\"(max-width: 283px) 100vw, 283px\" \/><\/a><\/figure><div class=\"elementor-image-box-content\"><h3 class=\"elementor-image-box-title\"><a href=\"https:\/\/portal.eventosaben.org.br\/12sinaden\/12sinaden\/anais\/edicao-apresentacao.htm\" target=\"_blank\">2016<\/a><\/h3><p class=\"elementor-image-box-description\">Anais do 12\u00ba SINADEn<\/p><\/div><\/div>\t\t<\/div>\n\t\t\t\t<\/div>\n\t\t\t\t\t<\/div>\n\t\t<\/div>\n\t\t\t\t<div class=\"elementor-column elementor-col-16 elementor-top-column elementor-element elementor-element-067d8fa\" data-id=\"067d8fa\" data-element_type=\"column\">\n\t\t\t<div class=\"elementor-widget-wrap elementor-element-populated\">\n\t\t\t\t\t\t<div class=\"elementor-element elementor-element-ce6db52 elementor-position-top elementor-widget elementor-widget-image-box\" data-id=\"ce6db52\" data-element_type=\"widget\" data-widget_type=\"image-box.default\">\n\t\t\t\t<div class=\"elementor-widget-container\">\n\t\t\t<div class=\"elementor-image-box-wrapper\"><figure class=\"elementor-image-box-img\"><a href=\"https:\/\/portal.eventosaben.org.br\/14senaden\/anais\/\" target=\"_blank\" tabindex=\"-1\"><img loading=\"lazy\" decoding=\"async\" width=\"283\" height=\"400\" src=\"https:\/\/eventosaben.org.br\/anaissenaden\/wp-content\/uploads\/2023\/12\/14senaden2014.png\" class=\"elementor-animation-shrink attachment-full size-full wp-image-266\" alt=\"\" srcset=\"https:\/\/eventosaben.org.br\/anaissenaden\/wp-content\/uploads\/2023\/12\/14senaden2014.png 283w, https:\/\/eventosaben.org.br\/anaissenaden\/wp-content\/uploads\/2023\/12\/14senaden2014-212x300.png 212w\" sizes=\"(max-width: 283px) 100vw, 283px\" \/><\/a><\/figure><div class=\"elementor-image-box-content\"><h3 class=\"elementor-image-box-title\"><a href=\"https:\/\/portal.eventosaben.org.br\/14senaden\/anais\/\" target=\"_blank\">Vol. 09, 2014<\/a><\/h3><p class=\"elementor-image-box-description\">Anais do 14\u00ba SENADEn<\/p><\/div><\/div>\t\t<\/div>\n\t\t\t\t<\/div>\n\t\t\t\t\t<\/div>\n\t\t<\/div>\n\t\t\t\t\t<\/div>\n\t\t<\/section>\n\t\t\t\t<section class=\"elementor-section elementor-top-section elementor-element elementor-element-bfaa725 elementor-section-boxed elementor-section-height-default elementor-section-height-default\" data-id=\"bfaa725\" data-element_type=\"section\">\n\t\t\t\t\t\t<div class=\"elementor-container elementor-column-gap-default\">\n\t\t\t\t\t<div class=\"elementor-column elementor-col-16 elementor-top-column elementor-element elementor-element-da47f2d\" data-id=\"da47f2d\" data-element_type=\"column\">\n\t\t\t<div class=\"elementor-widget-wrap elementor-element-populated\">\n\t\t\t\t\t\t<div class=\"elementor-element elementor-element-9f011a4 elementor-position-top elementor-widget elementor-widget-image-box\" data-id=\"9f011a4\" data-element_type=\"widget\" data-widget_type=\"image-box.default\">\n\t\t\t\t<div class=\"elementor-widget-container\">\n\t\t\t<div class=\"elementor-image-box-wrapper\"><figure class=\"elementor-image-box-img\"><a href=\"https:\/\/portal.eventosaben.org.br\/anais_sinaden\/11sinaden\/trabalhos.html\" target=\"_blank\" tabindex=\"-1\"><img loading=\"lazy\" decoding=\"async\" width=\"283\" height=\"400\" src=\"https:\/\/eventosaben.org.br\/anaissenaden\/wp-content\/uploads\/2023\/12\/11sinaden2013.png\" class=\"elementor-animation-shrink attachment-full size-full wp-image-281\" alt=\"\" srcset=\"https:\/\/eventosaben.org.br\/anaissenaden\/wp-content\/uploads\/2023\/12\/11sinaden2013.png 283w, https:\/\/eventosaben.org.br\/anaissenaden\/wp-content\/uploads\/2023\/12\/11sinaden2013-212x300.png 212w\" sizes=\"(max-width: 283px) 100vw, 283px\" \/><\/a><\/figure><div class=\"elementor-image-box-content\"><h3 class=\"elementor-image-box-title\"><a href=\"https:\/\/portal.eventosaben.org.br\/anais_sinaden\/11sinaden\/trabalhos.html\" target=\"_blank\">2013<\/a><\/h3><p class=\"elementor-image-box-description\">Anais do 11\u00ba SINADEn<\/p><\/div><\/div>\t\t<\/div>\n\t\t\t\t<\/div>\n\t\t\t\t\t<\/div>\n\t\t<\/div>\n\t\t\t\t<div class=\"elementor-column elementor-col-16 elementor-top-column elementor-element elementor-element-5f4a340\" data-id=\"5f4a340\" data-element_type=\"column\">\n\t\t\t<div class=\"elementor-widget-wrap elementor-element-populated\">\n\t\t\t\t\t\t<div class=\"elementor-element elementor-element-f930442 elementor-position-top elementor-widget elementor-widget-image-box\" data-id=\"f930442\" data-element_type=\"widget\" data-widget_type=\"image-box.default\">\n\t\t\t\t<div class=\"elementor-widget-container\">\n\t\t\t<div class=\"elementor-image-box-wrapper\"><figure class=\"elementor-image-box-img\"><a href=\"https:\/\/portal.eventosaben.org.br\/13senaden\/anais-final\/index.html\" target=\"_blank\" tabindex=\"-1\"><img loading=\"lazy\" decoding=\"async\" width=\"283\" height=\"400\" src=\"https:\/\/eventosaben.org.br\/anaissenaden\/wp-content\/uploads\/2023\/12\/13senaden2012.png\" class=\"elementor-animation-shrink attachment-full size-full wp-image-271\" alt=\"\" srcset=\"https:\/\/eventosaben.org.br\/anaissenaden\/wp-content\/uploads\/2023\/12\/13senaden2012.png 283w, https:\/\/eventosaben.org.br\/anaissenaden\/wp-content\/uploads\/2023\/12\/13senaden2012-212x300.png 212w\" sizes=\"(max-width: 283px) 100vw, 283px\" \/><\/a><\/figure><div class=\"elementor-image-box-content\"><h3 class=\"elementor-image-box-title\"><a href=\"https:\/\/portal.eventosaben.org.br\/13senaden\/anais-final\/index.html\" target=\"_blank\">Vol. 08, 2012<\/a><\/h3><p class=\"elementor-image-box-description\">Anais do 13\u00ba SENADEn<\/p><\/div><\/div>\t\t<\/div>\n\t\t\t\t<\/div>\n\t\t\t\t\t<\/div>\n\t\t<\/div>\n\t\t\t\t<div class=\"elementor-column elementor-col-16 elementor-top-column elementor-element elementor-element-74168e6\" data-id=\"74168e6\" data-element_type=\"column\">\n\t\t\t<div class=\"elementor-widget-wrap elementor-element-populated\">\n\t\t\t\t\t\t<div class=\"elementor-element elementor-element-f98d890 elementor-position-top elementor-widget elementor-widget-image-box\" data-id=\"f98d890\" data-element_type=\"widget\" data-widget_type=\"image-box.default\">\n\t\t\t\t<div class=\"elementor-widget-container\">\n\t\t\t<div class=\"elementor-image-box-wrapper\"><figure class=\"elementor-image-box-img\"><a href=\"https:\/\/portal.eventosaben.org.br\/10sinaden\/anais\/\" target=\"_blank\" tabindex=\"-1\"><img loading=\"lazy\" decoding=\"async\" width=\"528\" height=\"745\" src=\"https:\/\/eventosaben.org.br\/anaissenaden\/wp-content\/uploads\/2023\/12\/10sinaden2010.png\" class=\"elementor-animation-shrink attachment-full size-full wp-image-277\" alt=\"\" srcset=\"https:\/\/eventosaben.org.br\/anaissenaden\/wp-content\/uploads\/2023\/12\/10sinaden2010.png 528w, https:\/\/eventosaben.org.br\/anaissenaden\/wp-content\/uploads\/2023\/12\/10sinaden2010-213x300.png 213w\" sizes=\"(max-width: 528px) 100vw, 528px\" \/><\/a><\/figure><div class=\"elementor-image-box-content\"><h3 class=\"elementor-image-box-title\"><a href=\"https:\/\/portal.eventosaben.org.br\/10sinaden\/anais\/\" target=\"_blank\">2010<\/a><\/h3><p class=\"elementor-image-box-description\">Anais do 10\u00ba SINADEn<\/p><\/div><\/div>\t\t<\/div>\n\t\t\t\t<\/div>\n\t\t\t\t\t<\/div>\n\t\t<\/div>\n\t\t\t\t<div class=\"elementor-column elementor-col-16 elementor-top-column elementor-element elementor-element-bb5ad08\" data-id=\"bb5ad08\" data-element_type=\"column\">\n\t\t\t<div class=\"elementor-widget-wrap\">\n\t\t\t\t\t\t\t<\/div>\n\t\t<\/div>\n\t\t\t\t<div class=\"elementor-column elementor-col-16 elementor-top-column elementor-element elementor-element-d6271e9\" data-id=\"d6271e9\" data-element_type=\"column\">\n\t\t\t<div class=\"elementor-widget-wrap\">\n\t\t\t\t\t\t\t<\/div>\n\t\t<\/div>\n\t\t\t\t<div class=\"elementor-column elementor-col-16 elementor-top-column elementor-element elementor-element-307245a\" data-id=\"307245a\" data-element_type=\"column\">\n\t\t\t<div class=\"elementor-widget-wrap\">\n\t\t\t\t\t\t\t<\/div>\n\t\t<\/div>\n\t\t\t\t\t<\/div>\n\t\t<\/section>\n\t\t\t\t<\/div>\n\t\t","protected":false},"excerpt":{"rendered":"<p>Publica\u00e7\u00f5es de Anais do SENADEn &#8211; Semin\u00e1rio Nacional de Diretrizes para Educa\u00e7\u00e3o em Enfermagem e SINADEn &#8211; Simp\u00f3sio Nacional de Diagn\u00f3sticos de Enfermagem\u00a0 2022 Anais do 18\u00ba SENADEn e 15\u00ba SINADEn 2020 Anais do 17\u00ba SENADEn e 14\u00ba SINADEn 2018 Anais do 16\u00ba SENADEn e 13\u00ba SINADEn 2016 Anais do 15\u00ba SENADEn 2016 Anais do [&hellip;]<\/p>\n","protected":false},"author":1,"featured_media":0,"parent":0,"menu_order":0,"comment_status":"closed","ping_status":"closed","template":"elementor_header_footer","meta":{"footnotes":""},"class_list":["post-22","page","type-page","status-publish","hentry"],"aioseo_notices":[],"_links":{"self":[{"href":"https:\/\/eventosaben.org.br\/anaissenaden\/wp-json\/wp\/v2\/pages\/22"}],"collection":[{"href":"https:\/\/eventosaben.org.br\/anaissenaden\/wp-json\/wp\/v2\/pages"}],"about":[{"href":"https:\/\/eventosaben.org.br\/anaissenaden\/wp-json\/wp\/v2\/types\/page"}],"author":[{"embeddable":true,"href":"https:\/\/eventosaben.org.br\/anaissenaden\/wp-json\/wp\/v2\/users\/1"}],"replies":[{"embeddable":true,"href":"https:\/\/eventosaben.org.br\/anaissenaden\/wp-json\/wp\/v2\/comments?post=22"}],"version-history":[{"count":106,"href":"https:\/\/eventosaben.org.br\/anaissenaden\/wp-json\/wp\/v2\/pages\/22\/revisions"}],"predecessor-version":[{"id":320,"href":"https:\/\/eventosaben.org.br\/anaissenaden\/wp-json\/wp\/v2\/pages\/22\/revisions\/320"}],"wp:attachment":[{"href":"https:\/\/eventosaben.org.br\/anaissenaden\/wp-json\/wp\/v2\/media?parent=22"}],"curies":[{"name":"wp","href":"https:\/\/api.w.org\/{rel}","templated":true}]}}