{"id":507,"date":"2024-02-17T11:06:43","date_gmt":"2024-02-17T14:06:43","guid":{"rendered":"https:\/\/eventosaben.org.br\/senaden2024\/?page_id=507"},"modified":"2026-04-08T00:46:59","modified_gmt":"2026-04-08T03:46:59","slug":"dados","status":"publish","type":"page","link":"https:\/\/eventosaben.org.br\/76cben\/dados\/","title":{"rendered":"Autoriza\u00e7\u00e3o para uso de dados e imagem"},"content":{"rendered":"\t\t<div data-elementor-type=\"wp-page\" data-elementor-id=\"507\" class=\"elementor elementor-507\" data-elementor-post-type=\"page\">\n\t\t\t\t<div class=\"elementor-element elementor-element-67fc9978 e-flex e-con-boxed e-con e-parent\" data-id=\"67fc9978\" data-element_type=\"container\" data-e-type=\"container\" data-settings=\"{&quot;background_background&quot;:&quot;classic&quot;}\">\n\t\t\t\t\t<div class=\"e-con-inner\">\n\t\t\t\t\t<\/div>\n\t\t\t\t<\/div>\n\t\t<div class=\"elementor-element elementor-element-1a60fe41 e-flex e-con-boxed e-con e-parent\" data-id=\"1a60fe41\" data-element_type=\"container\" data-e-type=\"container\">\n\t\t\t\t\t<div class=\"e-con-inner\">\n\t\t<div class=\"elementor-element elementor-element-96ff280 e-con-full e-flex e-con e-child\" data-id=\"96ff280\" data-element_type=\"container\" data-e-type=\"container\">\n\t\t\t\t<div class=\"elementor-element elementor-element-fb16279 elementor-icon-list--layout-inline elementor-list-item-link-full_width elementor-widget elementor-widget-icon-list\" data-id=\"fb16279\" data-element_type=\"widget\" data-e-type=\"widget\" data-widget_type=\"icon-list.default\">\n\t\t\t\t<div class=\"elementor-widget-container\">\n\t\t\t\t\t\t\t<ul class=\"elementor-icon-list-items elementor-inline-items\">\n\t\t\t\t\t\t\t<li class=\"elementor-icon-list-item elementor-inline-item\">\n\t\t\t\t\t\t\t\t\t\t<span class=\"elementor-icon-list-text\">Atualizado em:<\/span>\n\t\t\t\t\t\t\t\t\t<\/li>\n\t\t\t\t\t\t\t\t<li class=\"elementor-icon-list-item elementor-inline-item\">\n\t\t\t\t\t\t\t\t\t\t\t<span class=\"elementor-icon-list-icon\">\n\t\t\t\t\t\t\t<svg aria-hidden=\"true\" class=\"e-font-icon-svg e-fas-calendar-alt\" viewBox=\"0 0 448 512\" xmlns=\"http:\/\/www.w3.org\/2000\/svg\"><path d=\"M0 464c0 26.5 21.5 48 48 48h352c26.5 0 48-21.5 48-48V192H0v272zm320-196c0-6.6 5.4-12 12-12h40c6.6 0 12 5.4 12 12v40c0 6.6-5.4 12-12 12h-40c-6.6 0-12-5.4-12-12v-40zm0 128c0-6.6 5.4-12 12-12h40c6.6 0 12 5.4 12 12v40c0 6.6-5.4 12-12 12h-40c-6.6 0-12-5.4-12-12v-40zM192 268c0-6.6 5.4-12 12-12h40c6.6 0 12 5.4 12 12v40c0 6.6-5.4 12-12 12h-40c-6.6 0-12-5.4-12-12v-40zm0 128c0-6.6 5.4-12 12-12h40c6.6 0 12 5.4 12 12v40c0 6.6-5.4 12-12 12h-40c-6.6 0-12-5.4-12-12v-40zM64 268c0-6.6 5.4-12 12-12h40c6.6 0 12 5.4 12 12v40c0 6.6-5.4 12-12 12H76c-6.6 0-12-5.4-12-12v-40zm0 128c0-6.6 5.4-12 12-12h40c6.6 0 12 5.4 12 12v40c0 6.6-5.4 12-12 12H76c-6.6 0-12-5.4-12-12v-40zM400 64h-48V16c0-8.8-7.2-16-16-16h-32c-8.8 0-16 7.2-16 16v48H160V16c0-8.8-7.2-16-16-16h-32c-8.8 0-16 7.2-16 16v48H48C21.5 64 0 85.5 0 112v48h448v-48c0-26.5-21.5-48-48-48z\"><\/path><\/svg>\t\t\t\t\t\t<\/span>\n\t\t\t\t\t\t\t\t\t\t<span class=\"elementor-icon-list-text\">08 de abril de 2026<\/span>\n\t\t\t\t\t\t\t\t\t<\/li>\n\t\t\t\t\t\t\t\t<li class=\"elementor-icon-list-item elementor-inline-item\">\n\t\t\t\t\t\t\t\t\t\t\t<span class=\"elementor-icon-list-icon\">\n\t\t\t\t\t\t\t<i aria-hidden=\"true\" class=\"icon icon-clock2\"><\/i>\t\t\t\t\t\t<\/span>\n\t\t\t\t\t\t\t\t\t\t<span class=\"elementor-icon-list-text\">00:40:15 AM<\/span>\n\t\t\t\t\t\t\t\t\t<\/li>\n\t\t\t\t\t\t<\/ul>\n\t\t\t\t\t\t<\/div>\n\t\t\t\t<\/div>\n\t\t\t\t<\/div>\n\t\t\t\t\t<\/div>\n\t\t\t\t<\/div>\n\t\t<div class=\"elementor-element elementor-element-60cb1a4 e-flex e-con-boxed e-con e-parent\" data-id=\"60cb1a4\" data-element_type=\"container\" data-e-type=\"container\">\n\t\t\t\t\t<div class=\"e-con-inner\">\n\t\t\t\t<div class=\"elementor-element elementor-element-f6b3735 elementor-widget elementor-widget-text-editor\" data-id=\"f6b3735\" data-element_type=\"widget\" data-e-type=\"widget\" data-widget_type=\"text-editor.default\">\n\t\t\t\t<div class=\"elementor-widget-container\">\n\t\t\t\t\t\t\t\t\t<p>Eu, participante do <strong>76\u00ba CONGRESSO BRASILEIRO DE ENFERMAGEM \u2013 CBEn, 14\u00ba JORNADA BRASILEIRA DE ENFERMAGEM GERONTOL\u00d3GICA \u2013 JBEG e 7\u00b0 SEMIN\u00c1RIO INTERNACIONAL SOBRE O TRABALHO DE ENFERMAGEM \u2013 SITEN<\/strong>, declaro que autorizo o tratamento dos meus dados pessoais e de imagem pela <strong>Associa\u00e7\u00e3o Brasileira de Enfermagem &#8211; ABEn<\/strong> e <strong>TODAS AS EMPRESAS<\/strong> que fizerem parte da <strong>ORGANIZA\u00c7\u00c3O<\/strong> e <strong>REALIZA\u00c7\u00c3O<\/strong> do evento, inclusive <strong>EMPRESAS PARCEIRAS<\/strong> e <strong>PATROCINADORES DO EVENTO<\/strong>, em aten\u00e7\u00e3o \u00e0 Lei Geral de Prote\u00e7\u00e3o de Dados (LGPD), para fins de registro, divulga\u00e7\u00e3o e promo\u00e7\u00e3o do 76\u00ba CBEn, \u00e0 14\u00aa JBEG e ao 7\u00ba SITEN.<\/p><p>Compreendo que meus dados pessoais e de imagem ser\u00e3o coletados e armazenados de forma segura e confidencial, e ser\u00e3o utilizados exclusivamente para os fins mencionados acima. Autorizo a empresa a compartilhar meus dados com seus parceiros e fornecedores envolvidos na organiza\u00e7\u00e3o e realiza\u00e7\u00e3o do evento, desde que respeitados os termos da LGPD.<\/p><p>Consinto que minha imagem possa ser captada e reproduzida em fotos e v\u00eddeos durante o evento 76\u00ba CBEn, \u00e0 14\u00aa JBEG e ao 7\u00ba SITEN, os quais poder\u00e3o ser utilizados pela empresa em campanhas publicit\u00e1rias, materiais promocionais e divulga\u00e7\u00e3o em redes sociais e demais meios de comunica\u00e7\u00e3o.<\/p><p>Declaro que estou ciente de que posso revogar esta autoriza\u00e7\u00e3o a qualquer momento, mediante solicita\u00e7\u00e3o formal \u00e0 ABEn, e que tenho o direito de acesso, corre\u00e7\u00e3o e exclus\u00e3o dos meus dados pessoais, nos termos da LGPD.<\/p><p>Ao assinalar este termo, expresso minha concord\u00e2ncia e aceita\u00e7\u00e3o integral aos termos aqui estabelecidos.<\/p>\t\t\t\t\t\t\t\t<\/div>\n\t\t\t\t<\/div>\n\t\t\t\t\t<\/div>\n\t\t\t\t<\/div>\n\t\t\t\t<\/div>\n\t\t","protected":false},"excerpt":{"rendered":"<p>Atualizado em: 08 de abril de 2026 00:40:15 AM Eu, participante do 76\u00ba CONGRESSO BRASILEIRO DE ENFERMAGEM \u2013 CBEn, 14\u00ba JORNADA BRASILEIRA DE ENFERMAGEM GERONTOL\u00d3GICA \u2013 JBEG e 7\u00b0 SEMIN\u00c1RIO INTERNACIONAL SOBRE O TRABALHO DE ENFERMAGEM \u2013 SITEN, declaro que autorizo o tratamento dos meus dados pessoais e de imagem pela Associa\u00e7\u00e3o Brasileira de Enfermagem [&hellip;]<\/p>\n","protected":false},"author":1,"featured_media":0,"parent":0,"menu_order":0,"comment_status":"closed","ping_status":"closed","template":"elementor_header_footer","meta":{"_joinchat":[],"footnotes":""},"class_list":["post-507","page","type-page","status-publish","hentry"],"aioseo_notices":[],"_hostinger_reach_plugin_has_subscription_block":false,"_hostinger_reach_plugin_is_elementor":false,"_links":{"self":[{"href":"https:\/\/eventosaben.org.br\/76cben\/wp-json\/wp\/v2\/pages\/507","targetHints":{"allow":["GET"]}}],"collection":[{"href":"https:\/\/eventosaben.org.br\/76cben\/wp-json\/wp\/v2\/pages"}],"about":[{"href":"https:\/\/eventosaben.org.br\/76cben\/wp-json\/wp\/v2\/types\/page"}],"author":[{"embeddable":true,"href":"https:\/\/eventosaben.org.br\/76cben\/wp-json\/wp\/v2\/users\/1"}],"replies":[{"embeddable":true,"href":"https:\/\/eventosaben.org.br\/76cben\/wp-json\/wp\/v2\/comments?post=507"}],"version-history":[{"count":16,"href":"https:\/\/eventosaben.org.br\/76cben\/wp-json\/wp\/v2\/pages\/507\/revisions"}],"predecessor-version":[{"id":3561,"href":"https:\/\/eventosaben.org.br\/76cben\/wp-json\/wp\/v2\/pages\/507\/revisions\/3561"}],"wp:attachment":[{"href":"https:\/\/eventosaben.org.br\/76cben\/wp-json\/wp\/v2\/media?parent=507"}],"curies":[{"name":"wp","href":"https:\/\/api.w.org\/{rel}","templated":true}]}}