{"id":1228,"date":"2024-06-13T18:01:04","date_gmt":"2024-06-13T21:01:04","guid":{"rendered":"https:\/\/eventosaben.org.br\/19senaden\/?page_id=1228"},"modified":"2026-04-07T23:58:35","modified_gmt":"2026-04-08T02:58:35","slug":"monitoria","status":"publish","type":"page","link":"https:\/\/eventosaben.org.br\/76cben\/monitoria\/","title":{"rendered":"Monitoria"},"content":{"rendered":"\t\t<div data-elementor-type=\"wp-page\" data-elementor-id=\"1228\" class=\"elementor elementor-1228\" data-elementor-post-type=\"page\">\n\t\t\t\t<div class=\"elementor-element elementor-element-d307db1 e-flex e-con-boxed e-con e-parent\" data-id=\"d307db1\" data-element_type=\"container\" data-e-type=\"container\" data-settings=\"{&quot;background_background&quot;:&quot;classic&quot;}\">\n\t\t\t\t\t<div class=\"e-con-inner\">\n\t\t\t\t\t<\/div>\n\t\t\t\t<\/div>\n\t\t<div class=\"elementor-element elementor-element-6138ba92 e-flex e-con-boxed e-con e-parent\" data-id=\"6138ba92\" data-element_type=\"container\" data-e-type=\"container\">\n\t\t\t\t\t<div class=\"e-con-inner\">\n\t\t\t\t\t<\/div>\n\t\t\t\t<\/div>\n\t\t<div class=\"elementor-element elementor-element-540c323 e-flex e-con-boxed e-con e-parent\" data-id=\"540c323\" data-element_type=\"container\" data-e-type=\"container\">\n\t\t\t\t\t<div class=\"e-con-inner\">\n\t\t\t\t<div class=\"elementor-element elementor-element-97a6503 elementor-widget elementor-widget-text-editor\" data-id=\"97a6503\" data-element_type=\"widget\" data-e-type=\"widget\" data-widget_type=\"text-editor.default\">\n\t\t\t\t<div class=\"elementor-widget-container\">\n\t\t\t\t\t\t\t\t\t<p>Em\u00a0 breve!<\/p>\t\t\t\t\t\t\t\t<\/div>\n\t\t\t\t<\/div>\n\t\t\t\t\t<\/div>\n\t\t\t\t<\/div>\n\t\t\t\t<section class=\"elementor-section elementor-top-section elementor-element elementor-element-2158e8c0 elementor-hidden-desktop elementor-hidden-tablet elementor-hidden-mobile elementor-section-boxed elementor-section-height-default elementor-section-height-default\" data-id=\"2158e8c0\" data-element_type=\"section\" data-e-type=\"section\">\n\t\t\t\t\t\t<div class=\"elementor-container elementor-column-gap-default\">\n\t\t\t\t\t<div class=\"elementor-column elementor-col-25 elementor-top-column elementor-element elementor-element-76cc39a1 elementor-invisible\" data-id=\"76cc39a1\" data-element_type=\"column\" data-e-type=\"column\" data-settings=\"{&quot;animation&quot;:&quot;fadeInLeft&quot;,&quot;animation_delay&quot;:200}\">\n\t\t\t<div class=\"elementor-widget-wrap elementor-element-populated\">\n\t\t\t\t\t\t<div class=\"elementor-element elementor-element-578627e8 elementor-widget elementor-widget-heading\" data-id=\"578627e8\" data-element_type=\"widget\" data-e-type=\"widget\" data-widget_type=\"heading.default\">\n\t\t\t\t<div class=\"elementor-widget-container\">\n\t\t\t\t\t<h2 class=\"elementor-heading-title elementor-size-default\">30\/09<\/h2>\t\t\t\t<\/div>\n\t\t\t\t<\/div>\n\t\t\t\t<div class=\"elementor-element elementor-element-9fd894d elementor-widget elementor-widget-text-editor\" data-id=\"9fd894d\" data-element_type=\"widget\" data-e-type=\"widget\" data-widget_type=\"text-editor.default\">\n\t\t\t\t<div class=\"elementor-widget-container\">\n\t\t\t\t\t\t\t\t\t<p>Data limite para inscri\u00e7\u00f5es<\/p>\t\t\t\t\t\t\t\t<\/div>\n\t\t\t\t<\/div>\n\t\t\t\t\t<\/div>\n\t\t<\/div>\n\t\t\t\t<div class=\"elementor-column elementor-col-25 elementor-top-column elementor-element elementor-element-7e572af1 elementor-invisible\" data-id=\"7e572af1\" data-element_type=\"column\" data-e-type=\"column\" data-settings=\"{&quot;animation&quot;:&quot;fadeInLeft&quot;}\">\n\t\t\t<div class=\"elementor-widget-wrap elementor-element-populated\">\n\t\t\t\t\t\t<div class=\"elementor-element elementor-element-56daee5a elementor-widget elementor-widget-heading\" data-id=\"56daee5a\" data-element_type=\"widget\" data-e-type=\"widget\" data-widget_type=\"heading.default\">\n\t\t\t\t<div class=\"elementor-widget-container\">\n\t\t\t\t\t<h2 class=\"elementor-heading-title elementor-size-default\">10\/10<\/h2>\t\t\t\t<\/div>\n\t\t\t\t<\/div>\n\t\t\t\t<div class=\"elementor-element elementor-element-4066e23d elementor-widget elementor-widget-text-editor\" data-id=\"4066e23d\" data-element_type=\"widget\" data-e-type=\"widget\" data-widget_type=\"text-editor.default\">\n\t\t\t\t<div class=\"elementor-widget-container\">\n\t\t\t\t\t\t\t\t\t<p>Inscri\u00e7\u00f5es homologadas<\/p>\t\t\t\t\t\t\t\t<\/div>\n\t\t\t\t<\/div>\n\t\t\t\t\t<\/div>\n\t\t<\/div>\n\t\t\t\t<div class=\"elementor-column elementor-col-25 elementor-top-column elementor-element elementor-element-7ebfb632 elementor-invisible\" data-id=\"7ebfb632\" data-element_type=\"column\" data-e-type=\"column\" data-settings=\"{&quot;animation&quot;:&quot;fadeInRight&quot;,&quot;animation_delay&quot;:200}\">\n\t\t\t<div class=\"elementor-widget-wrap elementor-element-populated\">\n\t\t\t\t\t\t<div class=\"elementor-element elementor-element-4f1dd007 elementor-widget elementor-widget-heading\" data-id=\"4f1dd007\" data-element_type=\"widget\" data-e-type=\"widget\" data-widget_type=\"heading.default\">\n\t\t\t\t<div class=\"elementor-widget-container\">\n\t\t\t\t\t<h2 class=\"elementor-heading-title elementor-size-default\">10\/10<\/h2>\t\t\t\t<\/div>\n\t\t\t\t<\/div>\n\t\t\t\t<div class=\"elementor-element elementor-element-6d5bd063 elementor-widget elementor-widget-text-editor\" data-id=\"6d5bd063\" data-element_type=\"widget\" data-e-type=\"widget\" data-widget_type=\"text-editor.default\">\n\t\t\t\t<div class=\"elementor-widget-container\">\n\t\t\t\t\t\t\t\t\t<p>Resultado da classifica\u00e7\u00e3o<\/p>\t\t\t\t\t\t\t\t<\/div>\n\t\t\t\t<\/div>\n\t\t\t\t\t<\/div>\n\t\t<\/div>\n\t\t\t\t<div class=\"elementor-column elementor-col-25 elementor-top-column elementor-element elementor-element-21c935b5 elementor-invisible\" data-id=\"21c935b5\" data-element_type=\"column\" data-e-type=\"column\" data-settings=\"{&quot;animation&quot;:&quot;fadeInRight&quot;,&quot;animation_delay&quot;:200}\">\n\t\t\t<div class=\"elementor-widget-wrap elementor-element-populated\">\n\t\t\t\t\t\t<div class=\"elementor-element elementor-element-44d7829 elementor-widget elementor-widget-heading\" data-id=\"44d7829\" data-element_type=\"widget\" data-e-type=\"widget\" data-widget_type=\"heading.default\">\n\t\t\t\t<div class=\"elementor-widget-container\">\n\t\t\t\t\t<h2 class=\"elementor-heading-title elementor-size-default\">16\/10<\/h2>\t\t\t\t<\/div>\n\t\t\t\t<\/div>\n\t\t\t\t<div class=\"elementor-element elementor-element-63e195a8 elementor-widget elementor-widget-text-editor\" data-id=\"63e195a8\" data-element_type=\"widget\" data-e-type=\"widget\" data-widget_type=\"text-editor.default\">\n\t\t\t\t<div class=\"elementor-widget-container\">\n\t\t\t\t\t\t\t\t\t<p>Reuni\u00e3o online<\/p>\t\t\t\t\t\t\t\t<\/div>\n\t\t\t\t<\/div>\n\t\t\t\t\t<\/div>\n\t\t<\/div>\n\t\t\t\t\t<\/div>\n\t\t<\/section>\n\t\t\t\t<section class=\"elementor-section elementor-top-section elementor-element elementor-element-26c03c9 elementor-hidden-desktop elementor-hidden-tablet elementor-hidden-mobile elementor-section-boxed elementor-section-height-default elementor-section-height-default\" data-id=\"26c03c9\" data-element_type=\"section\" data-e-type=\"section\">\n\t\t\t\t\t\t<div class=\"elementor-container elementor-column-gap-default\">\n\t\t\t\t\t<div class=\"elementor-column elementor-col-33 elementor-top-column elementor-element elementor-element-14d05dbb\" data-id=\"14d05dbb\" data-element_type=\"column\" data-e-type=\"column\">\n\t\t\t<div class=\"elementor-widget-wrap elementor-element-populated\">\n\t\t\t\t\t\t<div class=\"elementor-element elementor-element-6147a66b elementor-align-justify elementor-hidden-desktop elementor-hidden-tablet elementor-hidden-mobile elementor-widget elementor-widget-button\" data-id=\"6147a66b\" data-element_type=\"widget\" data-e-type=\"widget\" data-widget_type=\"button.default\">\n\t\t\t\t<div class=\"elementor-widget-container\">\n\t\t\t\t\t\t\t\t\t<div class=\"elementor-button-wrapper\">\n\t\t\t\t\t<a class=\"elementor-button elementor-button-link elementor-size-md elementor-animation-sink\" href=\"https:\/\/eventosaben.org.br\/76cben\/wp-content\/uploads\/2024\/08\/RESULTADOS-INSCRICOES-HOMOLOGADAS.pdf\" target=\"_blank\">\n\t\t\t\t\t\t<span class=\"elementor-button-content-wrapper\">\n\t\t\t\t\t\t<span class=\"elementor-button-icon\">\n\t\t\t\t<svg aria-hidden=\"true\" class=\"e-font-icon-svg e-fas-file-pdf\" viewBox=\"0 0 384 512\" xmlns=\"http:\/\/www.w3.org\/2000\/svg\"><path d=\"M181.9 256.1c-5-16-4.9-46.9-2-46.9 8.4 0 7.6 36.9 2 46.9zm-1.7 47.2c-7.7 20.2-17.3 43.3-28.4 62.7 18.3-7 39-17.2 62.9-21.9-12.7-9.6-24.9-23.4-34.5-40.8zM86.1 428.1c0 .8 13.2-5.4 34.9-40.2-6.7 6.3-29.1 24.5-34.9 40.2zM248 160h136v328c0 13.3-10.7 24-24 24H24c-13.3 0-24-10.7-24-24V24C0 10.7 10.7 0 24 0h200v136c0 13.2 10.8 24 24 24zm-8 171.8c-20-12.2-33.3-29-42.7-53.8 4.5-18.5 11.6-46.6 6.2-64.2-4.7-29.4-42.4-26.5-47.8-6.8-5 18.3-.4 44.1 8.1 77-11.6 27.6-28.7 64.6-40.8 85.8-.1 0-.1.1-.2.1-27.1 13.9-73.6 44.5-54.5 68 5.6 6.9 16 10 21.5 10 17.9 0 35.7-18 61.1-61.8 25.8-8.5 54.1-19.1 79-23.2 21.7 11.8 47.1 19.5 64 19.5 29.2 0 31.2-32 19.7-43.4-13.9-13.6-54.3-9.7-73.6-7.2zM377 105L279 7c-4.5-4.5-10.6-7-17-7h-6v128h128v-6.1c0-6.3-2.5-12.4-7-16.9zm-74.1 255.3c4.1-2.7-2.5-11.9-42.8-9 37.1 15.8 42.8 9 42.8 9z\"><\/path><\/svg>\t\t\t<\/span>\n\t\t\t\t\t\t\t\t\t<span class=\"elementor-button-text\">Inscri\u00e7\u00f5es Homologadas<\/span>\n\t\t\t\t\t<\/span>\n\t\t\t\t\t<\/a>\n\t\t\t\t<\/div>\n\t\t\t\t\t\t\t\t<\/div>\n\t\t\t\t<\/div>\n\t\t\t\t\t<\/div>\n\t\t<\/div>\n\t\t\t\t<div class=\"elementor-column elementor-col-33 elementor-top-column elementor-element elementor-element-5c63f066\" data-id=\"5c63f066\" data-element_type=\"column\" data-e-type=\"column\">\n\t\t\t<div class=\"elementor-widget-wrap elementor-element-populated\">\n\t\t\t\t\t\t<div class=\"elementor-element elementor-element-0a8dacc elementor-align-justify elementor-widget elementor-widget-button\" data-id=\"0a8dacc\" data-element_type=\"widget\" data-e-type=\"widget\" data-widget_type=\"button.default\">\n\t\t\t\t<div class=\"elementor-widget-container\">\n\t\t\t\t\t\t\t\t\t<div class=\"elementor-button-wrapper\">\n\t\t\t\t\t<a class=\"elementor-button elementor-button-link elementor-size-md elementor-animation-sink\" href=\"https:\/\/eventosaben.org.br\/76cben\/wp-content\/uploads\/2025\/08\/Edital-Monitoria-CBEn-2025.pdf\" target=\"_blank\">\n\t\t\t\t\t\t<span class=\"elementor-button-content-wrapper\">\n\t\t\t\t\t\t<span class=\"elementor-button-icon\">\n\t\t\t\t<svg aria-hidden=\"true\" class=\"e-font-icon-svg e-fas-file-pdf\" viewBox=\"0 0 384 512\" xmlns=\"http:\/\/www.w3.org\/2000\/svg\"><path d=\"M181.9 256.1c-5-16-4.9-46.9-2-46.9 8.4 0 7.6 36.9 2 46.9zm-1.7 47.2c-7.7 20.2-17.3 43.3-28.4 62.7 18.3-7 39-17.2 62.9-21.9-12.7-9.6-24.9-23.4-34.5-40.8zM86.1 428.1c0 .8 13.2-5.4 34.9-40.2-6.7 6.3-29.1 24.5-34.9 40.2zM248 160h136v328c0 13.3-10.7 24-24 24H24c-13.3 0-24-10.7-24-24V24C0 10.7 10.7 0 24 0h200v136c0 13.2 10.8 24 24 24zm-8 171.8c-20-12.2-33.3-29-42.7-53.8 4.5-18.5 11.6-46.6 6.2-64.2-4.7-29.4-42.4-26.5-47.8-6.8-5 18.3-.4 44.1 8.1 77-11.6 27.6-28.7 64.6-40.8 85.8-.1 0-.1.1-.2.1-27.1 13.9-73.6 44.5-54.5 68 5.6 6.9 16 10 21.5 10 17.9 0 35.7-18 61.1-61.8 25.8-8.5 54.1-19.1 79-23.2 21.7 11.8 47.1 19.5 64 19.5 29.2 0 31.2-32 19.7-43.4-13.9-13.6-54.3-9.7-73.6-7.2zM377 105L279 7c-4.5-4.5-10.6-7-17-7h-6v128h128v-6.1c0-6.3-2.5-12.4-7-16.9zm-74.1 255.3c4.1-2.7-2.5-11.9-42.8-9 37.1 15.8 42.8 9 42.8 9z\"><\/path><\/svg>\t\t\t<\/span>\n\t\t\t\t\t\t\t\t\t<span class=\"elementor-button-text\">Baixar edital em PDF<\/span>\n\t\t\t\t\t<\/span>\n\t\t\t\t\t<\/a>\n\t\t\t\t<\/div>\n\t\t\t\t\t\t\t\t<\/div>\n\t\t\t\t<\/div>\n\t\t\t\t\t<\/div>\n\t\t<\/div>\n\t\t\t\t<div class=\"elementor-column elementor-col-33 elementor-top-column elementor-element elementor-element-158f5cb0\" data-id=\"158f5cb0\" data-element_type=\"column\" data-e-type=\"column\">\n\t\t\t<div class=\"elementor-widget-wrap elementor-element-populated\">\n\t\t\t\t\t\t<div class=\"elementor-element elementor-element-b8a6ca8 elementor-align-justify elementor-hidden-desktop elementor-hidden-tablet elementor-hidden-mobile elementor-widget elementor-widget-button\" data-id=\"b8a6ca8\" data-element_type=\"widget\" data-e-type=\"widget\" data-widget_type=\"button.default\">\n\t\t\t\t<div class=\"elementor-widget-container\">\n\t\t\t\t\t\t\t\t\t<div class=\"elementor-button-wrapper\">\n\t\t\t\t\t<a class=\"elementor-button elementor-button-link elementor-size-md elementor-animation-sink\" href=\"https:\/\/eventosaben.org.br\/76cben\/wp-content\/uploads\/2024\/08\/RESULTADO-CLASSIFICACAO-MONITORIA-SENADEN.pdf\" target=\"_blank\">\n\t\t\t\t\t\t<span class=\"elementor-button-content-wrapper\">\n\t\t\t\t\t\t<span class=\"elementor-button-icon\">\n\t\t\t\t<svg aria-hidden=\"true\" class=\"e-font-icon-svg e-fas-file-pdf\" viewBox=\"0 0 384 512\" xmlns=\"http:\/\/www.w3.org\/2000\/svg\"><path d=\"M181.9 256.1c-5-16-4.9-46.9-2-46.9 8.4 0 7.6 36.9 2 46.9zm-1.7 47.2c-7.7 20.2-17.3 43.3-28.4 62.7 18.3-7 39-17.2 62.9-21.9-12.7-9.6-24.9-23.4-34.5-40.8zM86.1 428.1c0 .8 13.2-5.4 34.9-40.2-6.7 6.3-29.1 24.5-34.9 40.2zM248 160h136v328c0 13.3-10.7 24-24 24H24c-13.3 0-24-10.7-24-24V24C0 10.7 10.7 0 24 0h200v136c0 13.2 10.8 24 24 24zm-8 171.8c-20-12.2-33.3-29-42.7-53.8 4.5-18.5 11.6-46.6 6.2-64.2-4.7-29.4-42.4-26.5-47.8-6.8-5 18.3-.4 44.1 8.1 77-11.6 27.6-28.7 64.6-40.8 85.8-.1 0-.1.1-.2.1-27.1 13.9-73.6 44.5-54.5 68 5.6 6.9 16 10 21.5 10 17.9 0 35.7-18 61.1-61.8 25.8-8.5 54.1-19.1 79-23.2 21.7 11.8 47.1 19.5 64 19.5 29.2 0 31.2-32 19.7-43.4-13.9-13.6-54.3-9.7-73.6-7.2zM377 105L279 7c-4.5-4.5-10.6-7-17-7h-6v128h128v-6.1c0-6.3-2.5-12.4-7-16.9zm-74.1 255.3c4.1-2.7-2.5-11.9-42.8-9 37.1 15.8 42.8 9 42.8 9z\"><\/path><\/svg>\t\t\t<\/span>\n\t\t\t\t\t\t\t\t\t<span class=\"elementor-button-text\">Resultado<\/span>\n\t\t\t\t\t<\/span>\n\t\t\t\t\t<\/a>\n\t\t\t\t<\/div>\n\t\t\t\t\t\t\t\t<\/div>\n\t\t\t\t<\/div>\n\t\t\t\t\t<\/div>\n\t\t<\/div>\n\t\t\t\t\t<\/div>\n\t\t<\/section>\n\t\t\t\t<section class=\"elementor-section elementor-top-section elementor-element elementor-element-3a558b49 elementor-hidden-desktop elementor-hidden-tablet elementor-hidden-mobile elementor-section-boxed elementor-section-height-default elementor-section-height-default\" data-id=\"3a558b49\" data-element_type=\"section\" data-e-type=\"section\">\n\t\t\t\t\t\t<div class=\"elementor-container elementor-column-gap-default\">\n\t\t\t\t\t<div class=\"elementor-column elementor-col-100 elementor-top-column elementor-element elementor-element-46784a0e\" data-id=\"46784a0e\" data-element_type=\"column\" data-e-type=\"column\">\n\t\t\t<div class=\"elementor-widget-wrap elementor-element-populated\">\n\t\t\t\t\t\t<div class=\"elementor-element elementor-element-54031520 elementor-widget elementor-widget-accordion\" data-id=\"54031520\" data-element_type=\"widget\" data-e-type=\"widget\" data-widget_type=\"accordion.default\">\n\t\t\t\t<div class=\"elementor-widget-container\">\n\t\t\t\t\t\t\t<div class=\"elementor-accordion\">\n\t\t\t\t\t\t\t<div class=\"elementor-accordion-item\">\n\t\t\t\t\t<div id=\"elementor-tab-title-1401\" class=\"elementor-tab-title\" data-tab=\"1\" role=\"button\" aria-controls=\"elementor-tab-content-1401\" aria-expanded=\"false\">\n\t\t\t\t\t\t\t\t\t\t\t\t\t<span class=\"elementor-accordion-icon elementor-accordion-icon-left\" aria-hidden=\"true\">\n\t\t\t\t\t\t\t\t\t\t\t\t\t\t\t<span class=\"elementor-accordion-icon-closed\"><svg class=\"e-font-icon-svg e-fas-plus\" viewBox=\"0 0 448 512\" xmlns=\"http:\/\/www.w3.org\/2000\/svg\"><path d=\"M416 208H272V64c0-17.67-14.33-32-32-32h-32c-17.67 0-32 14.33-32 32v144H32c-17.67 0-32 14.33-32 32v32c0 17.67 14.33 32 32 32h144v144c0 17.67 14.33 32 32 32h32c17.67 0 32-14.33 32-32V304h144c17.67 0 32-14.33 32-32v-32c0-17.67-14.33-32-32-32z\"><\/path><\/svg><\/span>\n\t\t\t\t\t\t\t\t<span class=\"elementor-accordion-icon-opened\"><svg class=\"e-font-icon-svg e-fas-minus\" viewBox=\"0 0 448 512\" xmlns=\"http:\/\/www.w3.org\/2000\/svg\"><path d=\"M416 208H32c-17.67 0-32 14.33-32 32v32c0 17.67 14.33 32 32 32h384c17.67 0 32-14.33 32-32v-32c0-17.67-14.33-32-32-32z\"><\/path><\/svg><\/span>\n\t\t\t\t\t\t\t\t\t\t\t\t\t\t<\/span>\n\t\t\t\t\t\t\t\t\t\t\t\t<a class=\"elementor-accordion-title\" tabindex=\"0\">Publica\u00e7\u00f5es deste Edital<\/a>\n\t\t\t\t\t<\/div>\n\t\t\t\t\t<div id=\"elementor-tab-content-1401\" class=\"elementor-tab-content elementor-clearfix\" data-tab=\"1\" role=\"region\" aria-labelledby=\"elementor-tab-title-1401\"><p><span style=\"color: #0000ff;\"><a style=\"color: #0000ff;\" href=\"https:\/\/eventosaben.org.br\/76cben\/wp-content\/uploads\/2024\/05\/TEMPLATE-para-o-preparo-de-trabalho-para-premio.docx\" target=\"_blank\" rel=\"noopener\">ANEXO I &#8211; Template para o preparo de trabalho para pr\u00eamio<\/a><\/span><\/p><\/div>\n\t\t\t\t<\/div>\n\t\t\t\t\t\t\t\t<\/div>\n\t\t\t\t\t\t<\/div>\n\t\t\t\t<\/div>\n\t\t\t\t\t<\/div>\n\t\t<\/div>\n\t\t\t\t\t<\/div>\n\t\t<\/section>\n\t\t\t\t<section class=\"elementor-section elementor-top-section elementor-element elementor-element-42a6fb02 elementor-hidden-desktop elementor-hidden-tablet elementor-hidden-mobile elementor-section-boxed elementor-section-height-default elementor-section-height-default\" data-id=\"42a6fb02\" data-element_type=\"section\" data-e-type=\"section\">\n\t\t\t\t\t\t<div class=\"elementor-container elementor-column-gap-default\">\n\t\t\t\t\t<div class=\"elementor-column elementor-col-100 elementor-top-column elementor-element elementor-element-705f3d1a\" data-id=\"705f3d1a\" data-element_type=\"column\" data-e-type=\"column\">\n\t\t\t<div class=\"elementor-widget-wrap elementor-element-populated\">\n\t\t\t\t\t\t<div class=\"elementor-element elementor-element-4a4fc8fc elementor-widget__width-initial elementor-widget elementor-widget-text-editor\" data-id=\"4a4fc8fc\" data-element_type=\"widget\" data-e-type=\"widget\" data-widget_type=\"text-editor.default\">\n\t\t\t\t<div class=\"elementor-widget-container\">\n\t\t\t\t\t\t\t\t\t<p style=\"text-align: center;\"><strong>EDITAL ABEN-RS N\u00ba 1\/2025<\/strong><\/p><p style=\"text-align: center;\"><strong>MONITORIA ESTUDANTIL<\/strong><\/p><p style=\"text-align: center;\"><strong>75\u00ba CONGRESSO BRASILEIRO DE ENFERMAGEM \u2013 75\u00ba CBEn<\/strong><\/p><p>A Associa\u00e7\u00e3o Brasileira de Enfermagem &#8211; ABEn Se\u00e7\u00e3o Rio Grande do Sul, a partir deste edital,\u00a0 promove a abertura de inscri\u00e7\u00f5es para a sele\u00e7\u00e3o de Monitores para atuarem de forma volunt\u00e1ria no 75\u00ba Congresso Brasileiro de Enfermagem, doravante denominado 75\u00ba CBEn, o 7\u00ba Col\u00f3quio Latino-Americano da Hist\u00f3ria de Enfermagem, doravante denominado 7\u00ba CLAHEN, o 8\u00b0 Semin\u00e1rio Nacional de Diretrizes de Enfermagem na Aten\u00e7\u00e3o \u00e0 Sa\u00fade, doravante denominado 8\u00b0 SENABS, a 1\u00aa Mostra Nacional de Tecnologia e Inova\u00e7\u00e3o em Enfermagem; e, a Tenda de Pol\u00edticas de Diversidade, Equidade e Inclus\u00e3o; tendo como tema central a<strong> \u201cEnfermagem e os desafios pol\u00edticos,\u00a0 ambientais e sanit\u00e1rios\u201d. O CBEn, acontecer\u00e1 na cidade de Porto Alegre, Rio Grande do Sul, de 23 a 26 de novembro de 2025<\/strong>, no Centro de Eventos da Universidade Cat\u00f3lica do Rio Grande do Sul \u2013 CEPUC\/RS, localizado \u00e0 Avenida Ipiranga, n\u00ba 6681, Bairro Partenon, CEP 90.619-900, Porto Alegre, RS, Brasil.<\/p><ol><li><strong> DAS DISPOSI\u00c7\u00d5ES PRELIMINARES<\/strong><\/li><\/ol><p>1.1 O processo seletivo a que se disp\u00f5e este edital visa selecionar monitores para atuarem de forma volunt\u00e1ria no 75\u00b0 CBEn, no per\u00edodo de 22 a 26 de novembro de 2025, na modalidade presencial;<\/p><p>1.2 O objetivo da oferta desta monitoria consiste em incentivar estudantes de curso t\u00e9cnico de Enfermagem e estudantes de gradua\u00e7\u00e3o em Enfermagem a conhecerem e vivenciarem a din\u00e2mica de eventos cient\u00edficos nacionais do campo da Enfermagem;<\/p><p>1.3 A monitoria iniciar\u00e1 ap\u00f3s o lan\u00e7amento do resultado final deste processo seletivo, quando as(os) selecionadas(os) atuar\u00e3o na organiza\u00e7\u00e3o e realiza\u00e7\u00e3o do evento, em parceria com a comiss\u00e3o e subcomiss\u00e3o organizadora;<\/p><p>1.4 Ser\u00e3o oferecidas 180 vagas para atividades presenciais, que poder\u00e3o ser ampliadas de acordo com a necessidade da organiza\u00e7\u00e3o do evento; as quais ser\u00e3o assim distribu\u00eddas: 135 vagas ser\u00e3o para o Estado do Rio Grande do Sul e 10 vagas para o Estado de Santa Catarina e 10 vagas para o Estado do Paran\u00e1 e as demais 25 vagas ser\u00e3o distribu\u00eddas entre as Regi\u00f5es, Norte, Nordeste, Sudeste e centro-Oeste e Distrito Federal.<\/p><p>1.5 Poder\u00e3o se candidatar \u00e0 monitoria estudantes de curso t\u00e9cnico e de gradua\u00e7\u00e3o em Enfermagem, vinculadas(os) \u00e0s institui\u00e7\u00f5es p\u00fablicas e privadas de ensino presencial do Brasil. A matr\u00edcula escolar precisa estar ativa durante o per\u00edodo de sele\u00e7\u00e3o at\u00e9 a realiza\u00e7\u00e3o do evento que ser\u00e1 de 22 a 26 de novembro de 2025;<\/p><p>1.6 Para candidatar-se \u00e0 monitoria, a(o) estudante dever\u00e1 estar associada(o) \u00e0 ABEn com a anuidade 2025 quitada at\u00e9 o prazo da inscri\u00e7\u00e3o no processo seletivo. A n\u00e3o associa\u00e7\u00e3o acarretar\u00e1 automaticamente no seu desligamento do processo seletivo;<\/p><p>1.6.1 As(os) monitoras(es) ir\u00e3o participar e apoiar as comiss\u00f5es e subcomiss\u00f5es no desenvolvimento das atividades cient\u00edficas, estruturais e socioculturais, nos dias e hor\u00e1rios discriminados pela organiza\u00e7\u00e3o do evento. Ser\u00e1 obrigat\u00f3ria a presen\u00e7a dos monitores na ABERTURA e no ENCERRAMENTO do evento;<\/p><p>1.6.2 As comiss\u00f5es e subcomiss\u00f5es ser\u00e3o: Cient\u00edfica, Comunica\u00e7\u00e3o e Imprensa, Infraestrutura e Log\u00edstica, Secretaria, Sa\u00fade e Bem-Estar, Sociocultural, Recep\u00e7\u00e3o, Transporte e Hospedagem, Stands, Monitoria e Apoio Estudantil, Tenda da Diversidade, Casa ABEn, CBEnzinho &#8211; Espa\u00e7o Infantil, Sala VIP, Secretaria, Prova de T\u00edtulos, Lan\u00e7amento de Livros, Atividades Culturais, Visitas T\u00e9cnicas e Monitores Extras.<\/p><p>1.6.3 Para a monitoria, a(o)estudante dever\u00e1 disponibilizar minimamente 6 (seis) horas para capacita\u00e7\u00e3o (treinamento) e 04 (quatro) horas para organiza\u00e7\u00e3o do evento em parceria com a subcomiss\u00e3o organizadora, a partir do resultado desta sele\u00e7\u00e3o. Durante a realiza\u00e7\u00e3o do evento, o monitor dever\u00e1 ter disponibilidade de 6 (seis) horas di\u00e1rias, no per\u00edodo de 22 a 26 de novembro de 2025, conforme escala previamente disponibilizada. Para fins de computa\u00e7\u00e3o da carga hor\u00e1ria, somente ser\u00e3o consideradas as atividades presenciais (inclu\u00edda na carga hor\u00e1ria total a visita t\u00e9cnica no local do evento);<\/p><p>1.6.4 Para o cumprimento das atividades previstas para a fun\u00e7\u00e3o de monitoria, a(o)estudante dever\u00e1 dispor de, no m\u00ednimo, 30 horas, distribu\u00eddas entre atividades de capacita\u00e7\u00e3o (treinamento), visitas t\u00e9cnicas ao local do evento e atividades pr\u00e9, durante e p\u00f3s-evento;<\/p><p>1.6.5 A(o)estudante que participar da monitoria, cumprindo atividades de capacita\u00e7\u00e3o (treinamento) e realiza\u00e7\u00e3o do evento, receber\u00e1 certificado como Monitor(a) do 75\u00b0 CBEn e eventos sat\u00e9lites, com carga hor\u00e1ria m\u00ednima de 30 horas (totais);<\/p><p>1.6.6 N\u00e3o haver\u00e1 remunera\u00e7\u00e3o financeira para as(os) monitoras(es); contudo, ser\u00e1 disponibilizada alimenta\u00e7\u00e3o e sala para descanso dos estudantes;<\/p><p>1.6.7 Para atuar como monitor, sua inscri\u00e7\u00e3o no evento ser\u00e1 disponibilizada gratuitamente, contudo, todo discente monitor que for apresentar trabalho, dever\u00e1 estar formalmente inscrito no Congresso e ter cumprido com as suas obriga\u00e7\u00f5es financeiras junto ao evento;<\/p><p>1.6.8 N\u00e3o haver\u00e1 gratuidade de qualquer natureza no evento para relatores\/apresentadores de trabalho no Congresso;<\/p><p>1.6.9 A aus\u00eancia do(a) monitor(a) nas atividades programadas conforme escala de pr\u00e9-evento, atividades no evento e p\u00f3s-evento, seja durante o planejamento, organiza\u00e7\u00e3o ou na realiza\u00e7\u00e3o, acarretar\u00e1 automaticamente no seu desligamento da monitoria;<\/p><p>1.6.10 A(o)estudante que for desligada(o) n\u00e3o ter\u00e1 direito a certifica\u00e7\u00e3o de monitoria do Congresso e sua inscri\u00e7\u00e3o como monitor ser\u00e1 cancelada.<\/p><ol start=\"2\"><li><strong> DA REALIZA\u00c7\u00c3O DAS ATIVIDADES<\/strong><\/li><\/ol><p><strong>\u00a0<\/strong><\/p><p>2.1 Todas as atividades ser\u00e3o supervisionadas pelas(os) coordenadoras(es) e integrantes<\/p><p>das comiss\u00f5es e subcomiss\u00f5es organizadoras do evento;<\/p><p>2.2 O(a) monitor(a) aprovado(a) no processo seletivo dever\u00e1:<\/p><p>2.2.1 Antes do evento: participar de atividades para divulga\u00e7\u00e3o do evento nas institui\u00e7\u00f5es de ensino, servi\u00e7os de sa\u00fade, cl\u00ednicas, consult\u00f3rios de enfermagem\u00a0 e redes sociais; participar das capacita\u00e7\u00f5es (treinamentos);<\/p><p>2.2.2 Durante o evento: seguir as orienta\u00e7\u00f5es recebidas da Comiss\u00e3o Organizadora; acolher palestrante, preparat\u00f3rias para o evento e demais reuni\u00f5es das comiss\u00f5es e subcomiss\u00f5es; e participantes no local do evento e orient\u00e1-los esclarecendo d\u00favidas; auxiliar o(a) moderador(a) durante as atividades do evento; participar de atividades junto \u00e0s v\u00e1rias subcomiss\u00f5es do evento, pertinentes \u00e0 monitoria, a crit\u00e9rio das comiss\u00f5es e subcomiss\u00f5es;<\/p><p>2.2.3 Ap\u00f3s o evento: realizar atividades administrativas, tais como tabula\u00e7\u00e3o e divulga\u00e7\u00e3o da avalia\u00e7\u00e3o e atividades desenvolvidas durante o evento; colaborar com a elabora\u00e7\u00e3o dos relat\u00f3rios; realizar outras tarefas pertinentes, a crit\u00e9rio das comiss\u00f5es e subcomiss\u00f5es.<\/p><ol start=\"3\"><li><strong> DAS INSCRI\u00c7\u00d5ES PARA MONITORIA<\/strong><\/li><\/ol><p>3.1 As inscri\u00e7\u00f5es para monitoria poder\u00e3o ser realizadas no per\u00edodo de 04 de agosto a 30 de setembro de 2025 at\u00e9 \u00e0s 23h59min (hor\u00e1rio de Bras\u00edlia), mediante o preenchimento do formul\u00e1rio via <em>Google Forms\u00a0\u00a0 <\/em><a href=\"https:\/\/forms.gle\/pzBAM6njWpgLS78fA\">https:\/\/forms.gle\/pzBAM6njWpgLS78fA<\/a><\/p><p>3.2 Preenchimento do Termo de Compromisso de monitor volunt\u00e1rio (dispon\u00edvel no forms);<\/p><p>3.3 Toda a documenta\u00e7\u00e3o solicitada (vide item 4) dever\u00e1 ser anexada no ato da inscri\u00e7\u00e3o. Caso o(a) candidato(a) n\u00e3o apresente os documentos solicitados, a inscri\u00e7\u00e3o n\u00e3o ser\u00e1 efetivada;<\/p><p>3.4 A inscri\u00e7\u00e3o do(a) candidato(a) implicar\u00e1 no conhecimento e na aceita\u00e7\u00e3o das normas e condi\u00e7\u00f5es estabelecidas neste edital, em rela\u00e7\u00e3o \u00e0s quais n\u00e3o poder\u00e1 alegar desconhecimento.<\/p><ol start=\"4\"><li><strong> DA DOCUMENTA\u00c7\u00c3O NECESS\u00c1RIA<\/strong><\/li><\/ol><p>4.1 No ato da inscri\u00e7\u00e3o, o(a) candidato(a) dever\u00e1 anexar os seguintes documentos:<\/p><ol><li>Comprovante de matr\u00edcula atualizado, em curso t\u00e9cnico ou gradua\u00e7\u00e3o presencial, fornecido pela institui\u00e7\u00e3o formadora, explicitando o per\u00edodo escolar e o turno de estudo;<\/li><li>Comprovante de associado da ABEn no ano vigente;<\/li><li>Foto atualizada.<\/li><\/ol><ol start=\"5\"><li><strong> DO PROCESSO SELETIVO<\/strong><\/li><\/ol><p><strong>\u00a0<\/strong><\/p><p>5.1 A sele\u00e7\u00e3o ser\u00e1 realizada por meio da an\u00e1lise da ficha de inscri\u00e7\u00e3o via <em>Google Forms<\/em>;<\/p><p>5.2 Na an\u00e1lise das candidaturas, ser\u00e1 considerada a maior disponibilidade de turnos para a atividade;<\/p><p>5.3 As vagas para monitoria ser\u00e3o distribu\u00eddas proporcionalmente entre estudantes de cursos t\u00e9cnicos e de gradua\u00e7\u00e3o, considerando o n\u00famero de inscritos;<\/p><p>5.4 As vagas para monitoria ser\u00e3o distribu\u00eddas nas cinco regi\u00f5es do Brasil (Norte, Nordeste, Centro-Oeste, Sudeste e Sul), conforme item 1.4.<\/p><ol start=\"6\"><li><strong> DA CLASSIFICA\u00c7\u00c3O FINAL<\/strong><\/li><\/ol><p><strong>\u00a0<\/strong><\/p><p>6.1 A classifica\u00e7\u00e3o final ser\u00e1 realizada em ordem decrescente, conforme a disponibilidade de turnos;<\/p><p>6.2 Crit\u00e9rios de desempate:<\/p><ol><li>Pertencer a COEst Nacional e\/ou a COEst das Se\u00e7\u00f5es;<\/li><li>Disponibilidade;<\/li><li>Maior per\u00edodo cursado;<\/li><\/ol><p>6.3 O resultado final ser\u00e1 divulgado at\u00e9 o dia 10 de outubro de 2025, no site<\/p><p><a href=\"https:\/\/eventosaben.org.br\/76cben\/\">https:\/\/eventosaben.org.br\/76cben\/<\/a><\/p><ol start=\"7\"><li><strong> DISPOSI\u00c7\u00d5ES FINAIS<\/strong><\/li><\/ol><p><strong>\u00a0<\/strong><\/p><p>7.1 A inscri\u00e7\u00e3o no processo seletivo implicar\u00e1 no conhecimento e aceita\u00e7\u00e3o pelo(a) candidato(a) das condi\u00e7\u00f5es estabelecidas neste Edital;<\/p><p>7.2 A comiss\u00e3o organizadora poder\u00e1 verificar a veracidade das informa\u00e7\u00f5es prestadas pelo(a) candidato(a). A inverdade de qualquer informa\u00e7\u00e3o implicar\u00e1 na sua desclassifica\u00e7\u00e3o;<\/p><p>7.3 Quaisquer situa\u00e7\u00f5es n\u00e3o previstas no presente Edital ser\u00e3o resolvidas pela Comiss\u00e3o Organizadora do Evento.<\/p><ol start=\"8\"><li><strong> CRONOGRAMA<\/strong><\/li><\/ol><p><strong>\u00a0<\/strong><\/p><table><tbody><tr><td width=\"302\"><strong>Atividade<\/strong><\/td><td width=\"302\"><strong>Data<\/strong><\/td><\/tr><tr><td width=\"302\"><p>8.1 Per\u00edodo de inscri\u00e7\u00f5es<\/p><p>Acessar aqui: Termo de compromisso de monitor volunt\u00e1rio.<\/p><\/td><td width=\"302\">4 de\u00a0agosto a 30 de setembro de 2025 at\u00e9 \u00e0s 23h59min (hor\u00e1rio de Bras\u00edlia).<\/td><\/tr><tr><td width=\"302\">8.2 Resultado das inscri\u00e7\u00f5es homologadas<\/td><td width=\"302\">10 de outubro de 2025<\/td><\/tr><tr><td width=\"302\">8.3 Resultado da Classifica\u00e7\u00e3o<\/td><td width=\"302\"><span style=\"font-size: 14.4px;\">10 de outubro de 2025<\/span><\/td><\/tr><tr><td width=\"302\">8.4 Reuni\u00e3o Online de Acolhimento e planejamento das\u00a0atividades da Monitoria<\/td><td width=\"302\">16 de outubro de 2025 (hor\u00e1rio de Bras\u00edlia)<\/td><\/tr><\/tbody><\/table><p><strong>\u00a0<\/strong><\/p><p><strong>\u00a0<\/strong><\/p><p>Porto Alegre, 17 de abril de 2025.<\/p><table style=\"height: 132px;\" width=\"640\"><tbody><tr><td width=\"199\"><p><em>Acad. Augusto Baisch de Souza<\/em><\/p><p><em>Presidente do COEst ABEn-RS<\/em><\/p><\/td><td width=\"224\"><p><em>Profa. Dra. Dagmar Elaine Kaiser<\/em><\/p><p><em>Diretora de Educa\u00e7\u00e3o ABEn-RS<\/em><\/p><\/td><td width=\"268\"><p><em>Profa. Dra. Iride Cristofoli Caberlon<\/em><\/p><p><em>Presidente da ABEn-RS<\/em><\/p><\/td><\/tr><\/tbody><\/table>\t\t\t\t\t\t\t\t<\/div>\n\t\t\t\t<\/div>\n\t\t\t\t\t<\/div>\n\t\t<\/div>\n\t\t\t\t\t<\/div>\n\t\t<\/section>\n\t\t\t\t<section class=\"elementor-section elementor-top-section elementor-element elementor-element-2a954a56 elementor-section-content-middle elementor-section-boxed elementor-section-height-default elementor-section-height-default\" data-id=\"2a954a56\" data-element_type=\"section\" data-e-type=\"section\">\n\t\t\t\t\t\t<div class=\"elementor-container elementor-column-gap-no\">\n\t\t\t\t\t<div class=\"elementor-column elementor-col-100 elementor-top-column elementor-element elementor-element-3137bb39\" data-id=\"3137bb39\" data-element_type=\"column\" data-e-type=\"column\">\n\t\t\t<div class=\"elementor-widget-wrap elementor-element-populated\">\n\t\t\t\t\t\t<div class=\"elementor-element elementor-element-412c2830 elementor-hidden-desktop elementor-hidden-tablet elementor-hidden-mobile elementor-widget elementor-widget-toggle\" data-id=\"412c2830\" data-element_type=\"widget\" data-e-type=\"widget\" data-widget_type=\"toggle.default\">\n\t\t\t\t<div class=\"elementor-widget-container\">\n\t\t\t\t\t\t\t<div class=\"elementor-toggle\">\n\t\t\t\t\t\t\t<div class=\"elementor-toggle-item\">\n\t\t\t\t\t<div id=\"elementor-tab-title-1091\" class=\"elementor-tab-title\" data-tab=\"1\" role=\"button\" aria-controls=\"elementor-tab-content-1091\" aria-expanded=\"false\">\n\t\t\t\t\t\t\t\t\t\t\t\t<span class=\"elementor-toggle-icon elementor-toggle-icon-right\" aria-hidden=\"true\">\n\t\t\t\t\t\t\t\t\t\t\t\t\t\t\t<span class=\"elementor-toggle-icon-closed\"><svg class=\"e-font-icon-svg e-fas-caret-right\" viewBox=\"0 0 192 512\" xmlns=\"http:\/\/www.w3.org\/2000\/svg\"><path d=\"M0 384.662V127.338c0-17.818 21.543-26.741 34.142-14.142l128.662 128.662c7.81 7.81 7.81 20.474 0 28.284L34.142 398.804C21.543 411.404 0 402.48 0 384.662z\"><\/path><\/svg><\/span>\n\t\t\t\t\t\t\t\t<span class=\"elementor-toggle-icon-opened\"><svg class=\"elementor-toggle-icon-opened e-font-icon-svg e-fas-caret-up\" viewBox=\"0 0 320 512\" xmlns=\"http:\/\/www.w3.org\/2000\/svg\"><path d=\"M288.662 352H31.338c-17.818 0-26.741-21.543-14.142-34.142l128.662-128.662c7.81-7.81 20.474-7.81 28.284 0l128.662 128.662c12.6 12.599 3.676 34.142-14.142 34.142z\"><\/path><\/svg><\/span>\n\t\t\t\t\t\t\t\t\t\t\t\t\t<\/span>\n\t\t\t\t\t\t\t\t\t\t\t\t<a class=\"elementor-toggle-title\" tabindex=\"0\">1 DAS DISPOSI\u00c7\u00d5ES PRELIMINARES<\/a>\n\t\t\t\t\t<\/div>\n\n\t\t\t\t\t<div id=\"elementor-tab-content-1091\" class=\"elementor-tab-content elementor-clearfix\" data-tab=\"1\" role=\"region\" aria-labelledby=\"elementor-tab-title-1091\"><p><strong>1.1<\/strong> O objetivo desta monitoria \u00e9 incentivar estudantes de cursos t\u00e9cnicos, gradua\u00e7\u00e3o e p\u00f3s-gradua\u00e7\u00e3o <em>Lato Sensu<\/em> ou <em>Stricto Sensu<\/em> em Enfermagem a participarem e se envolverem em eventos cient\u00edficos nacionais na \u00e1rea.<\/p><p><strong>1.2<\/strong> O papel dos monitores em um evento cient\u00edfico \u00e9 essencial para garantir o bom andamento das atividades e proporcionar uma experi\u00eancia positiva para todos os participantes. Eles atuam como intermedi\u00e1rios entre os organizadores e os participantes, oferecendo suporte log\u00edstico, t\u00e9cnico e administrativo, al\u00e9m de contribu\u00edrem significativamente para o sucesso do evento. Al\u00e9m disso, ap\u00f3s o evento, contribuem ativamente participando de reuni\u00f5es de avalia\u00e7\u00e3o e fornecendo feedback para futuras melhorias nos eventos da ABEn.<\/p><p><strong>1.3<\/strong> A monitoria \u00e9 uma atividade volunt\u00e1ria para associados da ABEn. A entidade e a Comiss\u00e3o Organizadora n\u00e3o se responsabilizam por remunera\u00e7\u00e3o financeira, subs\u00eddios de transporte, hospedagem ou outras despesas relacionadas \u00e0 atividade. Esta atividade n\u00e3o implica em v\u00ednculo empregat\u00edcio com a Associa\u00e7\u00e3o Brasileira de Enfermagem (ABEn).<\/p><\/div>\n\t\t\t\t<\/div>\n\t\t\t\t\t\t\t<div class=\"elementor-toggle-item\">\n\t\t\t\t\t<div id=\"elementor-tab-title-1092\" class=\"elementor-tab-title\" data-tab=\"2\" role=\"button\" aria-controls=\"elementor-tab-content-1092\" aria-expanded=\"false\">\n\t\t\t\t\t\t\t\t\t\t\t\t<span class=\"elementor-toggle-icon elementor-toggle-icon-right\" aria-hidden=\"true\">\n\t\t\t\t\t\t\t\t\t\t\t\t\t\t\t<span class=\"elementor-toggle-icon-closed\"><svg class=\"e-font-icon-svg e-fas-caret-right\" viewBox=\"0 0 192 512\" xmlns=\"http:\/\/www.w3.org\/2000\/svg\"><path d=\"M0 384.662V127.338c0-17.818 21.543-26.741 34.142-14.142l128.662 128.662c7.81 7.81 7.81 20.474 0 28.284L34.142 398.804C21.543 411.404 0 402.48 0 384.662z\"><\/path><\/svg><\/span>\n\t\t\t\t\t\t\t\t<span class=\"elementor-toggle-icon-opened\"><svg class=\"elementor-toggle-icon-opened e-font-icon-svg e-fas-caret-up\" viewBox=\"0 0 320 512\" xmlns=\"http:\/\/www.w3.org\/2000\/svg\"><path d=\"M288.662 352H31.338c-17.818 0-26.741-21.543-14.142-34.142l128.662-128.662c7.81-7.81 20.474-7.81 28.284 0l128.662 128.662c12.6 12.599 3.676 34.142-14.142 34.142z\"><\/path><\/svg><\/span>\n\t\t\t\t\t\t\t\t\t\t\t\t\t<\/span>\n\t\t\t\t\t\t\t\t\t\t\t\t<a class=\"elementor-toggle-title\" tabindex=\"0\">2. DAS VAGAS<\/a>\n\t\t\t\t\t<\/div>\n\n\t\t\t\t\t<div id=\"elementor-tab-content-1092\" class=\"elementor-tab-content elementor-clearfix\" data-tab=\"2\" role=\"region\" aria-labelledby=\"elementor-tab-title-1092\"><p><strong>2.1<\/strong> Ser\u00e3o oferecidas 50 vagas de monitoria para o 19\u00ba SENADEn, 16\u00ba SINADEn e 4\u00ba CoBESM, as quais ser\u00e3o assim distribu\u00eddas: 30 vagas para Regi\u00e3o Centro-Oeste (20 para o Estado de Goi\u00e1s e 10 a serem distribu\u00eddas para os demais); 20 vagas distribu\u00eddas entre as Regi\u00f5es Norte, Nordeste, Sul, Sudeste.<\/p><\/div>\n\t\t\t\t<\/div>\n\t\t\t\t\t\t\t<div class=\"elementor-toggle-item\">\n\t\t\t\t\t<div id=\"elementor-tab-title-1093\" class=\"elementor-tab-title\" data-tab=\"3\" role=\"button\" aria-controls=\"elementor-tab-content-1093\" aria-expanded=\"false\">\n\t\t\t\t\t\t\t\t\t\t\t\t<span class=\"elementor-toggle-icon elementor-toggle-icon-right\" aria-hidden=\"true\">\n\t\t\t\t\t\t\t\t\t\t\t\t\t\t\t<span class=\"elementor-toggle-icon-closed\"><svg class=\"e-font-icon-svg e-fas-caret-right\" viewBox=\"0 0 192 512\" xmlns=\"http:\/\/www.w3.org\/2000\/svg\"><path d=\"M0 384.662V127.338c0-17.818 21.543-26.741 34.142-14.142l128.662 128.662c7.81 7.81 7.81 20.474 0 28.284L34.142 398.804C21.543 411.404 0 402.48 0 384.662z\"><\/path><\/svg><\/span>\n\t\t\t\t\t\t\t\t<span class=\"elementor-toggle-icon-opened\"><svg class=\"elementor-toggle-icon-opened e-font-icon-svg e-fas-caret-up\" viewBox=\"0 0 320 512\" xmlns=\"http:\/\/www.w3.org\/2000\/svg\"><path d=\"M288.662 352H31.338c-17.818 0-26.741-21.543-14.142-34.142l128.662-128.662c7.81-7.81 20.474-7.81 28.284 0l128.662 128.662c12.6 12.599 3.676 34.142-14.142 34.142z\"><\/path><\/svg><\/span>\n\t\t\t\t\t\t\t\t\t\t\t\t\t<\/span>\n\t\t\t\t\t\t\t\t\t\t\t\t<a class=\"elementor-toggle-title\" tabindex=\"0\">3. DOS REQUISITOS B\u00c1SICOS <\/a>\n\t\t\t\t\t<\/div>\n\n\t\t\t\t\t<div id=\"elementor-tab-content-1093\" class=\"elementor-tab-content elementor-clearfix\" data-tab=\"3\" role=\"region\" aria-labelledby=\"elementor-tab-title-1093\"><p><strong>3.1<\/strong> Estudantes de cursos t\u00e9cnicos, de gradua\u00e7\u00e3o e p\u00f3s-gradua\u00e7\u00e3o em Enfermagem, com matr\u00edcula ativa em institui\u00e7\u00f5es de ensino p\u00fablicas e privadas do Brasil, podem se candidatar \u00e0 monitoria. \u00c9 necess\u00e1rio que a matr\u00edcula esteja ativa n\u00e3o s\u00f3 no processo de sele\u00e7\u00e3o, mas tamb\u00e9m durante a realiza\u00e7\u00e3o do evento.<\/p><p><strong>3.2<\/strong> Para se candidatar \u00e0 monitoria, o estudante deve estar associado \u00e0 ABEn e ter quitado a anuidade de 2024 at\u00e9 o prazo de inscri\u00e7\u00e3o no processo seletivo. A falta de associa\u00e7\u00e3o resultar\u00e1 automaticamente na n\u00e3o homologa\u00e7\u00e3o da inscri\u00e7\u00e3o no processo seletivo.<\/p><\/div>\n\t\t\t\t<\/div>\n\t\t\t\t\t\t\t<div class=\"elementor-toggle-item\">\n\t\t\t\t\t<div id=\"elementor-tab-title-1094\" class=\"elementor-tab-title\" data-tab=\"4\" role=\"button\" aria-controls=\"elementor-tab-content-1094\" aria-expanded=\"false\">\n\t\t\t\t\t\t\t\t\t\t\t\t<span class=\"elementor-toggle-icon elementor-toggle-icon-right\" aria-hidden=\"true\">\n\t\t\t\t\t\t\t\t\t\t\t\t\t\t\t<span class=\"elementor-toggle-icon-closed\"><svg class=\"e-font-icon-svg e-fas-caret-right\" viewBox=\"0 0 192 512\" xmlns=\"http:\/\/www.w3.org\/2000\/svg\"><path d=\"M0 384.662V127.338c0-17.818 21.543-26.741 34.142-14.142l128.662 128.662c7.81 7.81 7.81 20.474 0 28.284L34.142 398.804C21.543 411.404 0 402.48 0 384.662z\"><\/path><\/svg><\/span>\n\t\t\t\t\t\t\t\t<span class=\"elementor-toggle-icon-opened\"><svg class=\"elementor-toggle-icon-opened e-font-icon-svg e-fas-caret-up\" viewBox=\"0 0 320 512\" xmlns=\"http:\/\/www.w3.org\/2000\/svg\"><path d=\"M288.662 352H31.338c-17.818 0-26.741-21.543-14.142-34.142l128.662-128.662c7.81-7.81 20.474-7.81 28.284 0l128.662 128.662c12.6 12.599 3.676 34.142-14.142 34.142z\"><\/path><\/svg><\/span>\n\t\t\t\t\t\t\t\t\t\t\t\t\t<\/span>\n\t\t\t\t\t\t\t\t\t\t\t\t<a class=\"elementor-toggle-title\" tabindex=\"0\">4. DAS OBRIGA\u00c7\u00d5ES E ATIVIDADES<\/a>\n\t\t\t\t\t<\/div>\n\n\t\t\t\t\t<div id=\"elementor-tab-content-1094\" class=\"elementor-tab-content elementor-clearfix\" data-tab=\"4\" role=\"region\" aria-labelledby=\"elementor-tab-title-1094\"><p><strong>4.1<\/strong> Os monitores ser\u00e3o respons\u00e1veis por participar e apoiar as comiss\u00f5es e subcomiss\u00f5es nas atividades cient\u00edficas, estruturais e socioculturais, nos hor\u00e1rios determinados pela organiza\u00e7\u00e3o do evento<strong>. A presen\u00e7a dos monitores na abertura e no encerramento do evento \u00e9 obrigat\u00f3ria.<\/strong><\/p><p><strong>4.2<\/strong> Ap\u00f3s o evento, os monitores dever\u00e3o participar de reuni\u00f5es de avalia\u00e7\u00e3o para discutir o desempenho do evento, identificar pontos fortes e \u00e1reas de melhoria. Al\u00e9m disso, ser\u00e3o incentivados a contribuir com sugest\u00f5es e feedbacks para aprimorar futuros eventos organizados pela ABEn.<\/p><p><strong>4.3 <\/strong>Todas as atividades s\u00e3o supervisionadas pelos coordenadores das comiss\u00f5es e subcomiss\u00f5es organizadoras do evento.<\/p><p><strong>4.4<\/strong> Para o cumprimento das atividades previstas para a fun\u00e7\u00e3o de monitoria, a(o)estudante dever\u00e1 dispor de, no m\u00ednimo, 30 horas, distribu\u00eddas entre atividades de capacita\u00e7\u00e3o (treinamento), visitas t\u00e9cnicas ao local do evento e atividades pr\u00e9 e p\u00f3s-evento;<\/p><p><strong>4.4.1 <\/strong>Para a monitoria, a(o)estudante dever\u00e1 disponibilizar minimamente 6 (seis) horas para capacita\u00e7\u00e3o (treinamento) e 04 (quatro) horas para organiza\u00e7\u00e3o do evento em parceria com a subcomiss\u00e3o organizadora, a partir do resultado desta sele\u00e7\u00e3o. Durante a realiza\u00e7\u00e3o do evento, o monitor dever\u00e1 ter disponibilidade de <strong>5 (cinco) horas di\u00e1rias, no per\u00edodo de 11 a 14 de novembro de 2024, conforme escala previamente disponibilizada<\/strong>.<\/p><p><strong>4.5 <\/strong>Os monitores podem ser alocados em diversas atividades conforme a necessidade, antes, durante e ap\u00f3s o evento, para desenvolverem as atividades a seguir:<\/p><p><strong>4.5.1 Antes do evento<\/strong><\/p><p><strong>Monitores do Estado de Goi\u00e1s<\/strong><\/p><ol><li><strong>Reuni\u00f5es e treinamentos:<\/strong> Participar de reuni\u00f5es e treinamentos, on-line ou presenciais, junto \u00e0s comiss\u00f5es organizadoras; conhecer a programa\u00e7\u00e3o do evento e as suas responsabilidades espec\u00edficas.<\/li><li><strong>Divulga\u00e7\u00e3o do evento:<\/strong> Participar ativamente das atividades de divulga\u00e7\u00e3o do evento nas institui\u00e7\u00f5es de ensino, servi\u00e7os de sa\u00fade e redes sociais do estado de Goi\u00e1s; realizar outras tarefas pertinentes, definidas pela Comiss\u00e3o Organizadora do evento, Comiss\u00e3o de Monitoria e demais subcomiss\u00f5es.<\/li><li><strong>Preparativos log\u00edsticos:<\/strong> Ajudar na prepara\u00e7\u00e3o dos materiais do evento, como crach\u00e1s, kits de boas-vindas e outros itens necess\u00e1rios; auxiliar na organiza\u00e7\u00e3o e disposi\u00e7\u00e3o dos espa\u00e7os f\u00edsicos onde o evento ser\u00e1 realizado em Goi\u00e1s.<\/li><\/ol><p>\u00a0<\/p><p><strong>Monitores de outros Estados<\/strong><\/p><ol><li><strong>Reuni\u00f5es e treinamentos:<\/strong> Participar de reuni\u00f5es e treinamentos, on-line, junto \u00e0s comiss\u00f5es organizadoras; conhecer a programa\u00e7\u00e3o do evento e as suas responsabilidades espec\u00edficas.<\/li><li><strong>Divulga\u00e7\u00e3o do evento:<\/strong> Participar de atividades para divulga\u00e7\u00e3o do evento nas institui\u00e7\u00f5es de ensino, servi\u00e7os de sa\u00fade e redes sociais do seu respectivo estado e em colabora\u00e7\u00e3o com monitores de Goi\u00e1s para a\u00e7\u00f5es espec\u00edficas do estado que sediar\u00e1 o evento; realizar outras tarefas pertinentes, definidas pela Comiss\u00e3o Organizadora do evento, Comiss\u00e3o de Monitoria e demais subcomiss\u00f5es.<\/li><li><strong>Preparativos log\u00edsticos:<\/strong> Contribuir remotamente na organiza\u00e7\u00e3o e prepara\u00e7\u00e3o dos materiais do evento, como crach\u00e1s e kits de boas-vindas, e coordenar-se com os monitores de Goi\u00e1s para garantir que tudo esteja pronto para o evento.<\/li><\/ol><p>\u00a0<\/p><p><strong>4.5.2 Durante o evento (todos os monitores)<\/strong><\/p><ol><li><strong> Recep\u00e7\u00e3o e orienta\u00e7\u00e3o: <\/strong>Recepcionar e acolher os(as) palestrantes e participantes no local do evento e orient\u00e1-los, esclarecendo d\u00favidas; fornece informa\u00e7\u00f5es sobre o cronograma do evento, localiza\u00e7\u00e3o das salas e outras d\u00favidas dos participantes.<\/li><li><strong> Atendimento ao P\u00fablico e seguran\u00e7a: <\/strong>Ajudar os participantes com necessidades especiais; fornecer informa\u00e7\u00f5es sobre transporte, acomoda\u00e7\u00e3o e restaurantes pr\u00f3ximos; reportar quaisquer incidentes ao coordenador do evento; colaborar com a equipe de seguran\u00e7a para garantir a integridade f\u00edsica dos participantes e a seguran\u00e7a do local.<\/li><li><strong>Modera\u00e7\u00e3o e media\u00e7\u00e3o: <\/strong>Modera\u00e7\u00e3o de espa\u00e7os cient\u00edficos, como apresenta\u00e7\u00f5es de trabalhos, rodas de conversa tem\u00e1ticas, interven\u00e7\u00f5es culturais; Auxiliar o(a) moderador(a) durante as atividades do evento; Media\u00e7\u00e3o com prestadores de servi\u00e7os.<\/li><li><strong> Apoio em Sess\u00f5es de Perguntas e Respostas: <\/strong>Gerenciar microfones e auxiliar na organiza\u00e7\u00e3o de filas para perguntas; coletar perguntas por escrito, se aplic\u00e1vel.<\/li><li><strong> Apoio log\u00edstico e t\u00e9cnico: <\/strong>Apoio a palestrantes, apoio log\u00edstico, orienta\u00e7\u00e3o de congressistas; Apoio em servi\u00e7os de inform\u00e1tica, organiza\u00e7\u00e3o de atividades, manejo de espa\u00e7os, salas e audit\u00f3rios; Auxiliar palestrantes com a configura\u00e7\u00e3o de equipamentos audiovisuais; Distribuir e coletar materiais de apoio (apostilas, formul\u00e1rios de feedback, etc.); Controlar o tempo das apresenta\u00e7\u00f5es e sinalizar aos palestrantes quando estiverem se aproximando do final do tempo alocado; Estar dispon\u00edvel para resolver problemas t\u00e9cnicos que possam surgir durante o evento.<\/li><li><strong> Organiza\u00e7\u00e3o e distribui\u00e7\u00e3o: <\/strong>Garantir que todos os materiais necess\u00e1rios estejam dispon\u00edveis e distribu\u00eddos conforme necess\u00e1rio; Auxiliar na organiza\u00e7\u00e3o dos espa\u00e7os f\u00edsicos, incluindo salas de confer\u00eancia, audit\u00f3rios e \u00e1reas de conviv\u00eancia; apoiar a secretaria do evento, ajudando no credenciamento e na gest\u00e3o de inscri\u00e7\u00f5es.<\/li><li><strong> Apoio \u00e0s Comiss\u00f5es: <\/strong>Assessorar as diferentes comiss\u00f5es do evento, oferecendo suporte nas atividades que forem necess\u00e1rias; Realizar registros fotogr\u00e1ficos e auxiliar na comunica\u00e7\u00e3o e publica\u00e7\u00f5es relacionadas ao evento.<\/li><\/ol><p>\u00a0<\/p><p><strong>4.5.3<\/strong><strong> Ap\u00f3s o evento (todos os monitores)<\/strong><\/p><ol><li><strong> Atividades administrativas: <\/strong>Participar de atividades burocr\u00e1ticas, como tabula\u00e7\u00e3o e divulga\u00e7\u00e3o da avalia\u00e7\u00e3o e atividades desenvolvidas durante o evento, podendo ser realizadas on-line; colaborar com a elabora\u00e7\u00e3o dos relat\u00f3rios; participar de reuni\u00f5es de avalia\u00e7\u00e3o, on-line, para discutir o que funcionou bem e o que poderia ser melhorado; contribuir com sugest\u00f5es para futuros eventos; distribuir e coletar formul\u00e1rios de feedback dos participantes e palestrantes; ajudar na an\u00e1lise preliminar dos dados de feedback.<\/li><\/ol><p><strong>4.6<\/strong> O(a) monitor(a) tem direito a justificar faltas por motivo de doen\u00e7a, desde que devidamente comprovadas por atestado m\u00e9dico. A justificativa ser\u00e1 aceita desde que o total de faltas justificadas n\u00e3o exceda 20% das atividades para as quais foi escalado(a).<\/p><p><strong>4.7<\/strong> A aus\u00eancia do(a) monitor(a) nas atividades pr\u00e9-evento e atividades no evento sem a devida justificativa, seja durante o planejamento, organiza\u00e7\u00e3o ou na realiza\u00e7\u00e3o, acarretar\u00e1 automaticamente no seu desligamento;<\/p><p><strong>4.8<\/strong> A(o)estudante que for desligada(o) n\u00e3o ter\u00e1 direito a certifica\u00e7\u00e3o de monitoria do Congresso e sua inscri\u00e7\u00e3o como monitor ser\u00e1 cancelada.<\/p><\/div>\n\t\t\t\t<\/div>\n\t\t\t\t\t\t\t<div class=\"elementor-toggle-item\">\n\t\t\t\t\t<div id=\"elementor-tab-title-1095\" class=\"elementor-tab-title\" data-tab=\"5\" role=\"button\" aria-controls=\"elementor-tab-content-1095\" aria-expanded=\"false\">\n\t\t\t\t\t\t\t\t\t\t\t\t<span class=\"elementor-toggle-icon elementor-toggle-icon-right\" aria-hidden=\"true\">\n\t\t\t\t\t\t\t\t\t\t\t\t\t\t\t<span class=\"elementor-toggle-icon-closed\"><svg class=\"e-font-icon-svg e-fas-caret-right\" viewBox=\"0 0 192 512\" xmlns=\"http:\/\/www.w3.org\/2000\/svg\"><path d=\"M0 384.662V127.338c0-17.818 21.543-26.741 34.142-14.142l128.662 128.662c7.81 7.81 7.81 20.474 0 28.284L34.142 398.804C21.543 411.404 0 402.48 0 384.662z\"><\/path><\/svg><\/span>\n\t\t\t\t\t\t\t\t<span class=\"elementor-toggle-icon-opened\"><svg class=\"elementor-toggle-icon-opened e-font-icon-svg e-fas-caret-up\" viewBox=\"0 0 320 512\" xmlns=\"http:\/\/www.w3.org\/2000\/svg\"><path d=\"M288.662 352H31.338c-17.818 0-26.741-21.543-14.142-34.142l128.662-128.662c7.81-7.81 20.474-7.81 28.284 0l128.662 128.662c12.6 12.599 3.676 34.142-14.142 34.142z\"><\/path><\/svg><\/span>\n\t\t\t\t\t\t\t\t\t\t\t\t\t<\/span>\n\t\t\t\t\t\t\t\t\t\t\t\t<a class=\"elementor-toggle-title\" tabindex=\"0\">5 CERTIFICA\u00c7\u00c3O<\/a>\n\t\t\t\t\t<\/div>\n\n\t\t\t\t\t<div id=\"elementor-tab-content-1095\" class=\"elementor-tab-content elementor-clearfix\" data-tab=\"5\" role=\"region\" aria-labelledby=\"elementor-tab-title-1095\"><p><strong>5.1<\/strong> O monitor que cumprir as atividades de capacita\u00e7\u00e3o e realiza\u00e7\u00e3o do evento receber\u00e1 certificado de monitoria emitido Associa\u00e7\u00e3o Brasileira de Enfermagem \u2013 (ABEn) conforme carga hor\u00e1ria m\u00ednima de 30 horas (totais) e certificado de participa\u00e7\u00e3o no evento;<\/p><\/div>\n\t\t\t\t<\/div>\n\t\t\t\t\t\t\t<div class=\"elementor-toggle-item\">\n\t\t\t\t\t<div id=\"elementor-tab-title-1096\" class=\"elementor-tab-title\" data-tab=\"6\" role=\"button\" aria-controls=\"elementor-tab-content-1096\" aria-expanded=\"false\">\n\t\t\t\t\t\t\t\t\t\t\t\t<span class=\"elementor-toggle-icon elementor-toggle-icon-right\" aria-hidden=\"true\">\n\t\t\t\t\t\t\t\t\t\t\t\t\t\t\t<span class=\"elementor-toggle-icon-closed\"><svg class=\"e-font-icon-svg e-fas-caret-right\" viewBox=\"0 0 192 512\" xmlns=\"http:\/\/www.w3.org\/2000\/svg\"><path d=\"M0 384.662V127.338c0-17.818 21.543-26.741 34.142-14.142l128.662 128.662c7.81 7.81 7.81 20.474 0 28.284L34.142 398.804C21.543 411.404 0 402.48 0 384.662z\"><\/path><\/svg><\/span>\n\t\t\t\t\t\t\t\t<span class=\"elementor-toggle-icon-opened\"><svg class=\"elementor-toggle-icon-opened e-font-icon-svg e-fas-caret-up\" viewBox=\"0 0 320 512\" xmlns=\"http:\/\/www.w3.org\/2000\/svg\"><path d=\"M288.662 352H31.338c-17.818 0-26.741-21.543-14.142-34.142l128.662-128.662c7.81-7.81 20.474-7.81 28.284 0l128.662 128.662c12.6 12.599 3.676 34.142-14.142 34.142z\"><\/path><\/svg><\/span>\n\t\t\t\t\t\t\t\t\t\t\t\t\t<\/span>\n\t\t\t\t\t\t\t\t\t\t\t\t<a class=\"elementor-toggle-title\" tabindex=\"0\">6 DAS INSCRI\u00c7\u00d5ES <\/a>\n\t\t\t\t\t<\/div>\n\n\t\t\t\t\t<div id=\"elementor-tab-content-1096\" class=\"elementor-tab-content elementor-clearfix\" data-tab=\"6\" role=\"region\" aria-labelledby=\"elementor-tab-title-1096\"><p><strong>6.1<\/strong> As inscri\u00e7\u00f5es para monitoria poder\u00e3o ser realizadas no per\u00edodo de <strong>17 de junho a 11 de agosto de 2024 at\u00e9 \u00e0s 23h59min (hor\u00e1rio de Bras\u00edlia).<\/strong><\/p><p><strong>6.2 <\/strong>Os requisitos m\u00ednimos para inscrever-se s\u00e3o:<\/p><ol><li>Estar com anuidade de 2024 da ABEn quitada e;<\/li><li>Estar regularmente matriculado em 2024, em cursos de Enfermagem de n\u00edvel superior (gradua\u00e7\u00e3o ou p\u00f3s-gradua\u00e7\u00e3o) ou n\u00edvel profissional t\u00e9cnico vinculados \u00e0s institui\u00e7\u00f5es de ensino em todo o territ\u00f3rio nacional.\u00a0 \u00a0\u00a0<\/li><\/ol><p><strong>6.3<\/strong> <strong>No ato da inscri\u00e7\u00e3o, o(a) candidato(a) dever\u00e1:<\/strong><\/p><p>6.3.1 Preencher o <strong>Formul\u00e1rio de inscri\u00e7\u00e3o para sele\u00e7\u00e3o de Monitore<\/strong>s que inclui o <a href=\"https:\/\/forms.gle\/KRa4pM5c4WfTzCHA6\"><strong><span style=\"color: #0000ff;\">Termo de compromisso de monitor volunt\u00e1rio<\/span><\/strong><\/a>. Dispon\u00edvel em: <span style=\"color: #0000ff;\"><a style=\"color: #0000ff;\" href=\"https:\/\/forms.gle\/KRa4pM5c4WfTzCHA6\">https:\/\/forms.gle\/KRa4pM5c4WfTzCHA6<\/a><\/span><\/p><p>\u00a0<\/p><p>6.3.2 Anexar no formul\u00e1rio de inscri\u00e7\u00e3o via <em>Google Forms<\/em> os seguintes documentos:<\/p><p>\u00a0<\/p><ol><li>Comprovante de matr\u00edcula atualizado, em curso t\u00e9cnico, gradua\u00e7\u00e3o e p\u00f3s-gradua\u00e7\u00e3o <em>Lato Sensu<\/em> ou <em>Stricto Sensu<\/em> em Enfermagem, fornecido pela institui\u00e7\u00e3o formadora, explicitando o per\u00edodo escolar e o turno de estudo;<\/li><li>Comprovante de associado da ABEn 2024.<\/li><\/ol><p><strong>6.4<\/strong> Toda a documenta\u00e7\u00e3o solicitada dever\u00e1 ser anexada no ato da inscri\u00e7\u00e3o. Caso o(a) candidato(a) n\u00e3o apresente os documentos solicitados, a inscri\u00e7\u00e3o ser\u00e1 indeferida;<\/p><p><strong>6.5<\/strong> A inscri\u00e7\u00e3o do(a) candidato(a) implicar\u00e1 no conhecimento e na aceita\u00e7\u00e3o das normas e condi\u00e7\u00f5es estabelecidas neste edital, em rela\u00e7\u00e3o \u00e0s quais n\u00e3o poder\u00e1 alegar desconhecimento.<\/p><\/div>\n\t\t\t\t<\/div>\n\t\t\t\t\t\t\t<div class=\"elementor-toggle-item\">\n\t\t\t\t\t<div id=\"elementor-tab-title-1097\" class=\"elementor-tab-title\" data-tab=\"7\" role=\"button\" aria-controls=\"elementor-tab-content-1097\" aria-expanded=\"false\">\n\t\t\t\t\t\t\t\t\t\t\t\t<span class=\"elementor-toggle-icon elementor-toggle-icon-right\" aria-hidden=\"true\">\n\t\t\t\t\t\t\t\t\t\t\t\t\t\t\t<span class=\"elementor-toggle-icon-closed\"><svg class=\"e-font-icon-svg e-fas-caret-right\" viewBox=\"0 0 192 512\" xmlns=\"http:\/\/www.w3.org\/2000\/svg\"><path d=\"M0 384.662V127.338c0-17.818 21.543-26.741 34.142-14.142l128.662 128.662c7.81 7.81 7.81 20.474 0 28.284L34.142 398.804C21.543 411.404 0 402.48 0 384.662z\"><\/path><\/svg><\/span>\n\t\t\t\t\t\t\t\t<span class=\"elementor-toggle-icon-opened\"><svg class=\"elementor-toggle-icon-opened e-font-icon-svg e-fas-caret-up\" viewBox=\"0 0 320 512\" xmlns=\"http:\/\/www.w3.org\/2000\/svg\"><path d=\"M288.662 352H31.338c-17.818 0-26.741-21.543-14.142-34.142l128.662-128.662c7.81-7.81 20.474-7.81 28.284 0l128.662 128.662c12.6 12.599 3.676 34.142-14.142 34.142z\"><\/path><\/svg><\/span>\n\t\t\t\t\t\t\t\t\t\t\t\t\t<\/span>\n\t\t\t\t\t\t\t\t\t\t\t\t<a class=\"elementor-toggle-title\" tabindex=\"0\">7 DO PROCESSO SELETIVO E RESULTADO  <\/a>\n\t\t\t\t\t<\/div>\n\n\t\t\t\t\t<div id=\"elementor-tab-content-1097\" class=\"elementor-tab-content elementor-clearfix\" data-tab=\"7\" role=\"region\" aria-labelledby=\"elementor-tab-title-1097\"><p><strong>7.1 <\/strong>A sele\u00e7\u00e3o ser\u00e1 realizada por meio da an\u00e1lise da ficha de inscri\u00e7\u00e3o via Google Forms. Ap\u00f3s verifica\u00e7\u00e3o do cumprimento dos requisitos dispostos no item 4.2. Os crit\u00e9rios para classifica\u00e7\u00e3o ser\u00e3o (definir o crit\u00e9rio de pontua\u00e7\u00e3o):<\/p><ol><li>Disponibilidade para as atividades antes, durante e ap\u00f3s o evento conforme definido pela comiss\u00e3o<\/li><li>N\u00famero de semestres cursados (mais semestres cursados prioridades)<\/li><\/ol><p>\u00a0<\/p><p><strong>7.2<\/strong> Ser\u00e3o crit\u00e9rios de desempate:<\/p><ol><li>Pertencer a COEST Nacional e\/ou a COEST das Se\u00e7\u00f5es;<\/li><li>Idade, sendo que a maior idade ter\u00e1 prioridade.<\/li><\/ol><p><strong>7.3 <\/strong>O resultado ser\u00e1 divulgado at\u00e9 o dia 17 de agosto de 2024 no site oficial <span style=\"color: #0000ff;\"><a style=\"color: #0000ff;\" href=\"https:\/\/eventosaben.org.br\/76cben\/\">19\u00ba SENADEn, 16\u00ba SINADEn E 4\u00ba CoBESM (eventosaben.org.br)<\/a><\/span><\/p><\/div>\n\t\t\t\t<\/div>\n\t\t\t\t\t\t\t<div class=\"elementor-toggle-item\">\n\t\t\t\t\t<div id=\"elementor-tab-title-1098\" class=\"elementor-tab-title\" data-tab=\"8\" role=\"button\" aria-controls=\"elementor-tab-content-1098\" aria-expanded=\"false\">\n\t\t\t\t\t\t\t\t\t\t\t\t<span class=\"elementor-toggle-icon elementor-toggle-icon-right\" aria-hidden=\"true\">\n\t\t\t\t\t\t\t\t\t\t\t\t\t\t\t<span class=\"elementor-toggle-icon-closed\"><svg class=\"e-font-icon-svg e-fas-caret-right\" viewBox=\"0 0 192 512\" xmlns=\"http:\/\/www.w3.org\/2000\/svg\"><path d=\"M0 384.662V127.338c0-17.818 21.543-26.741 34.142-14.142l128.662 128.662c7.81 7.81 7.81 20.474 0 28.284L34.142 398.804C21.543 411.404 0 402.48 0 384.662z\"><\/path><\/svg><\/span>\n\t\t\t\t\t\t\t\t<span class=\"elementor-toggle-icon-opened\"><svg class=\"elementor-toggle-icon-opened e-font-icon-svg e-fas-caret-up\" viewBox=\"0 0 320 512\" xmlns=\"http:\/\/www.w3.org\/2000\/svg\"><path d=\"M288.662 352H31.338c-17.818 0-26.741-21.543-14.142-34.142l128.662-128.662c7.81-7.81 20.474-7.81 28.284 0l128.662 128.662c12.6 12.599 3.676 34.142-14.142 34.142z\"><\/path><\/svg><\/span>\n\t\t\t\t\t\t\t\t\t\t\t\t\t<\/span>\n\t\t\t\t\t\t\t\t\t\t\t\t<a class=\"elementor-toggle-title\" tabindex=\"0\">8 CRONOGRAMA<\/a>\n\t\t\t\t\t<\/div>\n\n\t\t\t\t\t<div id=\"elementor-tab-content-1098\" class=\"elementor-tab-content elementor-clearfix\" data-tab=\"8\" role=\"region\" aria-labelledby=\"elementor-tab-title-1098\"><table width=\"567\"><tbody><tr><td width=\"406\"><p><strong>Atividade<\/strong><\/p><\/td><td width=\"161\"><p>Data<\/p><\/td><\/tr><tr><td width=\"406\"><p><strong>8.1 Per\u00edodo de inscri\u00e7\u00f5es<\/strong><\/p><p><strong>Acessar aqui: <\/strong><span style=\"color: #0000ff;\"><a style=\"color: #0000ff;\" href=\"https:\/\/forms.gle\/KRa4pM5c4WfTzCHA6\"><strong>Termo de compromisso de monitor volunt\u00e1rio<\/strong>.<\/a><\/span><\/p><\/td><td width=\"161\"><p>17 de junho a 11 de agosto de 2024<\/p><p>at\u00e9 \u00e0s 23h59min<\/p><p>(hor\u00e1rio de Bras\u00edlia).<\/p><\/td><\/tr><tr><td width=\"406\"><p><strong>8.2 Resultado das inscri\u00e7\u00f5es homologadas<\/strong><\/p><p><strong>\u00a0<\/strong><\/p><\/td><td width=\"161\"><p>13 de agosto<\/p><\/td><\/tr><tr><td width=\"406\"><p><strong>8.3 Resultado da Classifica\u00e7\u00e3o<\/strong><\/p><p><strong>\u00a0<\/strong><\/p><\/td><td width=\"161\"><p>17 de agosto<\/p><\/td><\/tr><tr><td width=\"406\"><p><strong>8.4 Reuni\u00e3o Online de Acolhimento e planejamento das atividades da Monitoria <\/strong><\/p><\/td><td width=\"161\"><p>27 de agosto \u00e0s 19hs<\/p><p>(hor\u00e1rio de Bras\u00edlia).<\/p><\/td><\/tr><\/tbody><\/table><\/div>\n\t\t\t\t<\/div>\n\t\t\t\t\t\t\t<div class=\"elementor-toggle-item\">\n\t\t\t\t\t<div id=\"elementor-tab-title-1099\" class=\"elementor-tab-title\" data-tab=\"9\" role=\"button\" aria-controls=\"elementor-tab-content-1099\" aria-expanded=\"false\">\n\t\t\t\t\t\t\t\t\t\t\t\t<span class=\"elementor-toggle-icon elementor-toggle-icon-right\" aria-hidden=\"true\">\n\t\t\t\t\t\t\t\t\t\t\t\t\t\t\t<span class=\"elementor-toggle-icon-closed\"><svg class=\"e-font-icon-svg e-fas-caret-right\" viewBox=\"0 0 192 512\" xmlns=\"http:\/\/www.w3.org\/2000\/svg\"><path d=\"M0 384.662V127.338c0-17.818 21.543-26.741 34.142-14.142l128.662 128.662c7.81 7.81 7.81 20.474 0 28.284L34.142 398.804C21.543 411.404 0 402.48 0 384.662z\"><\/path><\/svg><\/span>\n\t\t\t\t\t\t\t\t<span class=\"elementor-toggle-icon-opened\"><svg class=\"elementor-toggle-icon-opened e-font-icon-svg e-fas-caret-up\" viewBox=\"0 0 320 512\" xmlns=\"http:\/\/www.w3.org\/2000\/svg\"><path d=\"M288.662 352H31.338c-17.818 0-26.741-21.543-14.142-34.142l128.662-128.662c7.81-7.81 20.474-7.81 28.284 0l128.662 128.662c12.6 12.599 3.676 34.142-14.142 34.142z\"><\/path><\/svg><\/span>\n\t\t\t\t\t\t\t\t\t\t\t\t\t<\/span>\n\t\t\t\t\t\t\t\t\t\t\t\t<a class=\"elementor-toggle-title\" tabindex=\"0\">9. DISPOSI\u00c7\u00d5ES FINAIS<\/a>\n\t\t\t\t\t<\/div>\n\n\t\t\t\t\t<div id=\"elementor-tab-content-1099\" class=\"elementor-tab-content elementor-clearfix\" data-tab=\"9\" role=\"region\" aria-labelledby=\"elementor-tab-title-1099\"><p><strong>9.1<\/strong> A comiss\u00e3o organizadora poder\u00e1 verificar a veracidade das informa\u00e7\u00f5es prestadas pelo(a) candidato(a). A inverdade de qualquer informa\u00e7\u00e3o implicar\u00e1 na sua desclassifica\u00e7\u00e3o;<\/p><p><strong>9.2<\/strong> O desligamento do(a) monitor(a) poder\u00e1 ocorrer nas seguintes situa\u00e7\u00f5es: deixar de comparecer a qualquer atividade para a qual foi escalado(a) sem a devida justificativa. O monitor poder\u00e1 ter no m\u00e1ximo duas aus\u00eancias n\u00e3o justificadas; ultrapassando esse limite, ser\u00e1 considerado para desligamento. Apresentar comportamento anti\u00e9tico ou inadequado, observado pelos respons\u00e1veis pela organiza\u00e7\u00e3o do evento ou reportado pelos participantes. A avalia\u00e7\u00e3o da conduta ser\u00e1 feita pela Comiss\u00e3o de Monitoria do evento. A Comiss\u00e3o de Monitoria reserva-se o direito de avaliar cada caso individualmente e tomar as decis\u00f5es necess\u00e1rias para manter o bom andamento do evento.<\/p><p><strong>9.3<\/strong> Quaisquer situa\u00e7\u00f5es n\u00e3o previstas no presente Edital ser\u00e3o resolvidas pela Comiss\u00e3o Organizadora do Evento.<\/p><p><strong>9.4 <\/strong>D\u00favidas devem ser encaminhadas por e-mail para <span style=\"color: #0000ff;\"><a style=\"color: #0000ff;\" href=\"mailto:monitoriaaben2024@gmail.com\">monitoriaaben2024@gmail.com<\/a><\/span><\/p><\/div>\n\t\t\t\t<\/div>\n\t\t\t\t\t\t\t\t<\/div>\n\t\t\t\t\t\t<\/div>\n\t\t\t\t<\/div>\n\t\t\t\t\t<\/div>\n\t\t<\/div>\n\t\t\t\t\t<\/div>\n\t\t<\/section>\n\t\t\t\t<section class=\"elementor-section elementor-top-section elementor-element elementor-element-40437b74 elementor-section-boxed elementor-section-height-default elementor-section-height-default\" data-id=\"40437b74\" data-element_type=\"section\" data-e-type=\"section\">\n\t\t\t\t\t\t<div class=\"elementor-container elementor-column-gap-default\">\n\t\t\t\t\t<div class=\"elementor-column elementor-col-100 elementor-top-column elementor-element elementor-element-59b0f0b4\" data-id=\"59b0f0b4\" data-element_type=\"column\" data-e-type=\"column\">\n\t\t\t<div class=\"elementor-widget-wrap elementor-element-populated\">\n\t\t\t\t\t\t\t<\/div>\n\t\t<\/div>\n\t\t\t\t\t<\/div>\n\t\t<\/section>\n\t\t\t\t<section class=\"elementor-section elementor-top-section elementor-element elementor-element-dd5e49c elementor-hidden-desktop elementor-hidden-tablet elementor-hidden-mobile elementor-section-boxed elementor-section-height-default elementor-section-height-default\" data-id=\"dd5e49c\" data-element_type=\"section\" data-e-type=\"section\">\n\t\t\t\t\t\t<div class=\"elementor-container elementor-column-gap-default\">\n\t\t\t\t\t<div class=\"elementor-column elementor-col-33 elementor-top-column elementor-element elementor-element-37dda3ab\" data-id=\"37dda3ab\" data-element_type=\"column\" data-e-type=\"column\">\n\t\t\t<div class=\"elementor-widget-wrap\">\n\t\t\t\t\t\t\t<\/div>\n\t\t<\/div>\n\t\t\t\t<div class=\"elementor-column elementor-col-33 elementor-top-column elementor-element elementor-element-35b6a28e\" data-id=\"35b6a28e\" data-element_type=\"column\" data-e-type=\"column\">\n\t\t\t<div class=\"elementor-widget-wrap elementor-element-populated\">\n\t\t\t\t\t\t<div class=\"elementor-element elementor-element-2f4cdda elementor-align-justify elementor-widget elementor-widget-button\" data-id=\"2f4cdda\" data-element_type=\"widget\" data-e-type=\"widget\" data-widget_type=\"button.default\">\n\t\t\t\t<div class=\"elementor-widget-container\">\n\t\t\t\t\t\t\t\t\t<div class=\"elementor-button-wrapper\">\n\t\t\t\t\t<a class=\"elementor-button elementor-button-link elementor-size-md elementor-animation-sink\" href=\"https:\/\/forms.gle\/pzBAM6njWpgLS78fA\" target=\"_blank\">\n\t\t\t\t\t\t<span class=\"elementor-button-content-wrapper\">\n\t\t\t\t\t\t<span class=\"elementor-button-icon\">\n\t\t\t\t<svg aria-hidden=\"true\" class=\"e-font-icon-svg e-far-clipboard\" viewBox=\"0 0 384 512\" xmlns=\"http:\/\/www.w3.org\/2000\/svg\"><path d=\"M336 64h-80c0-35.3-28.7-64-64-64s-64 28.7-64 64H48C21.5 64 0 85.5 0 112v352c0 26.5 21.5 48 48 48h288c26.5 0 48-21.5 48-48V112c0-26.5-21.5-48-48-48zM192 40c13.3 0 24 10.7 24 24s-10.7 24-24 24-24-10.7-24-24 10.7-24 24-24zm144 418c0 3.3-2.7 6-6 6H54c-3.3 0-6-2.7-6-6V118c0-3.3 2.7-6 6-6h42v36c0 6.6 5.4 12 12 12h168c6.6 0 12-5.4 12-12v-36h42c3.3 0 6 2.7 6 6z\"><\/path><\/svg>\t\t\t<\/span>\n\t\t\t\t\t\t\t\t\t<span class=\"elementor-button-text\">Inscri\u00e7\u00f5es<\/span>\n\t\t\t\t\t<\/span>\n\t\t\t\t\t<\/a>\n\t\t\t\t<\/div>\n\t\t\t\t\t\t\t\t<\/div>\n\t\t\t\t<\/div>\n\t\t\t\t\t<\/div>\n\t\t<\/div>\n\t\t\t\t<div class=\"elementor-column elementor-col-33 elementor-top-column elementor-element elementor-element-42c69996\" data-id=\"42c69996\" data-element_type=\"column\" data-e-type=\"column\">\n\t\t\t<div class=\"elementor-widget-wrap\">\n\t\t\t\t\t\t\t<\/div>\n\t\t<\/div>\n\t\t\t\t\t<\/div>\n\t\t<\/section>\n\t\t\t\t<\/div>\n\t\t","protected":false},"excerpt":{"rendered":"<p>Em\u00a0 breve! 30\/09 Data limite para inscri\u00e7\u00f5es 10\/10 Inscri\u00e7\u00f5es homologadas 10\/10 Resultado da classifica\u00e7\u00e3o 16\/10 Reuni\u00e3o online Inscri\u00e7\u00f5es Homologadas Baixar edital em PDF Resultado Publica\u00e7\u00f5es deste Edital ANEXO I &#8211; Template para o preparo de trabalho para pr\u00eamio EDITAL ABEN-RS N\u00ba 1\/2025 MONITORIA ESTUDANTIL 75\u00ba CONGRESSO BRASILEIRO DE ENFERMAGEM \u2013 75\u00ba CBEn A Associa\u00e7\u00e3o Brasileira [&hellip;]<\/p>\n","protected":false},"author":1,"featured_media":0,"parent":0,"menu_order":0,"comment_status":"closed","ping_status":"closed","template":"elementor_header_footer","meta":{"_joinchat":[],"footnotes":""},"class_list":["post-1228","page","type-page","status-publish","hentry"],"aioseo_notices":[],"_hostinger_reach_plugin_has_subscription_block":false,"_hostinger_reach_plugin_is_elementor":false,"_links":{"self":[{"href":"https:\/\/eventosaben.org.br\/76cben\/wp-json\/wp\/v2\/pages\/1228","targetHints":{"allow":["GET"]}}],"collection":[{"href":"https:\/\/eventosaben.org.br\/76cben\/wp-json\/wp\/v2\/pages"}],"about":[{"href":"https:\/\/eventosaben.org.br\/76cben\/wp-json\/wp\/v2\/types\/page"}],"author":[{"embeddable":true,"href":"https:\/\/eventosaben.org.br\/76cben\/wp-json\/wp\/v2\/users\/1"}],"replies":[{"embeddable":true,"href":"https:\/\/eventosaben.org.br\/76cben\/wp-json\/wp\/v2\/comments?post=1228"}],"version-history":[{"count":82,"href":"https:\/\/eventosaben.org.br\/76cben\/wp-json\/wp\/v2\/pages\/1228\/revisions"}],"predecessor-version":[{"id":3505,"href":"https:\/\/eventosaben.org.br\/76cben\/wp-json\/wp\/v2\/pages\/1228\/revisions\/3505"}],"wp:attachment":[{"href":"https:\/\/eventosaben.org.br\/76cben\/wp-json\/wp\/v2\/media?parent=1228"}],"curies":[{"name":"wp","href":"https:\/\/api.w.org\/{rel}","templated":true}]}}