{"id":1228,"date":"2024-06-13T18:01:04","date_gmt":"2024-06-13T21:01:04","guid":{"rendered":"https:\/\/eventosaben.org.br\/19senaden\/?page_id=1228"},"modified":"2026-03-30T14:46:49","modified_gmt":"2026-03-30T17:46:49","slug":"monitoria","status":"publish","type":"page","link":"https:\/\/eventosaben.org.br\/20senaden\/monitoria\/","title":{"rendered":"Monitoria"},"content":{"rendered":"\t\t<div data-elementor-type=\"wp-page\" data-elementor-id=\"1228\" class=\"elementor elementor-1228\" data-elementor-post-type=\"page\">\n\t\t\t\t<div class=\"elementor-element elementor-element-14d3599e e-flex e-con-boxed e-con e-parent\" data-id=\"14d3599e\" data-element_type=\"container\" data-e-type=\"container\" data-settings=\"{&quot;background_background&quot;:&quot;classic&quot;}\">\n\t\t\t\t\t<div class=\"e-con-inner\">\n\t\t\t\t\t<\/div>\n\t\t\t\t<\/div>\n\t\t<div class=\"elementor-element elementor-element-28b98ad8 e-flex e-con-boxed e-con e-parent\" data-id=\"28b98ad8\" data-element_type=\"container\" data-e-type=\"container\">\n\t\t\t\t\t<div class=\"e-con-inner\">\n\t\t\t\t<div class=\"elementor-element elementor-element-7be0372a elementor-widget elementor-widget-heading\" data-id=\"7be0372a\" data-element_type=\"widget\" data-e-type=\"widget\" data-widget_type=\"heading.default\">\n\t\t\t\t<div class=\"elementor-widget-container\">\n\t\t\t\t\t<h2 class=\"elementor-heading-title elementor-size-default\">Monitoria<\/h2>\t\t\t\t<\/div>\n\t\t\t\t<\/div>\n\t\t\t\t\t<\/div>\n\t\t\t\t<\/div>\n\t\t\t\t<section class=\"elementor-section elementor-top-section elementor-element elementor-element-811c466 elementor-section-boxed elementor-section-height-default elementor-section-height-default\" data-id=\"811c466\" data-element_type=\"section\" data-e-type=\"section\">\n\t\t\t\t\t\t<div class=\"elementor-container elementor-column-gap-default\">\n\t\t\t\t\t<div class=\"elementor-column elementor-col-25 elementor-top-column elementor-element elementor-element-7ddf65e elementor-invisible\" data-id=\"7ddf65e\" data-element_type=\"column\" data-e-type=\"column\" data-settings=\"{&quot;animation&quot;:&quot;fadeInLeft&quot;,&quot;animation_delay&quot;:200}\">\n\t\t\t<div class=\"elementor-widget-wrap elementor-element-populated\">\n\t\t\t\t\t\t<div class=\"elementor-element elementor-element-ccdef46 elementor-widget elementor-widget-heading\" data-id=\"ccdef46\" data-element_type=\"widget\" data-e-type=\"widget\" data-widget_type=\"heading.default\">\n\t\t\t\t<div class=\"elementor-widget-container\">\n\t\t\t\t\t<h2 class=\"elementor-heading-title elementor-size-default\">25\/04<\/h2>\t\t\t\t<\/div>\n\t\t\t\t<\/div>\n\t\t\t\t<div class=\"elementor-element elementor-element-04e5cb6 elementor-widget elementor-widget-text-editor\" data-id=\"04e5cb6\" data-element_type=\"widget\" data-e-type=\"widget\" data-widget_type=\"text-editor.default\">\n\t\t\t\t<div class=\"elementor-widget-container\">\n\t\t\t\t\t\t\t\t\t<p>Data limite para inscri\u00e7\u00f5es<\/p>\t\t\t\t\t\t\t\t<\/div>\n\t\t\t\t<\/div>\n\t\t\t\t\t<\/div>\n\t\t<\/div>\n\t\t\t\t<div class=\"elementor-column elementor-col-25 elementor-top-column elementor-element elementor-element-f8f5cc6 elementor-invisible\" data-id=\"f8f5cc6\" data-element_type=\"column\" data-e-type=\"column\" data-settings=\"{&quot;animation&quot;:&quot;fadeInLeft&quot;}\">\n\t\t\t<div class=\"elementor-widget-wrap elementor-element-populated\">\n\t\t\t\t\t\t<div class=\"elementor-element elementor-element-b9a11a8 elementor-widget elementor-widget-heading\" data-id=\"b9a11a8\" data-element_type=\"widget\" data-e-type=\"widget\" data-widget_type=\"heading.default\">\n\t\t\t\t<div class=\"elementor-widget-container\">\n\t\t\t\t\t<h2 class=\"elementor-heading-title elementor-size-default\">30\/04<\/h2>\t\t\t\t<\/div>\n\t\t\t\t<\/div>\n\t\t\t\t<div class=\"elementor-element elementor-element-63e1fa4 elementor-widget elementor-widget-text-editor\" data-id=\"63e1fa4\" data-element_type=\"widget\" data-e-type=\"widget\" data-widget_type=\"text-editor.default\">\n\t\t\t\t<div class=\"elementor-widget-container\">\n\t\t\t\t\t\t\t\t\t<p>Inscri\u00e7\u00f5es homologadas<\/p>\t\t\t\t\t\t\t\t<\/div>\n\t\t\t\t<\/div>\n\t\t\t\t\t<\/div>\n\t\t<\/div>\n\t\t\t\t<div class=\"elementor-column elementor-col-25 elementor-top-column elementor-element elementor-element-9dde208 elementor-invisible\" data-id=\"9dde208\" data-element_type=\"column\" data-e-type=\"column\" data-settings=\"{&quot;animation&quot;:&quot;fadeInRight&quot;,&quot;animation_delay&quot;:200}\">\n\t\t\t<div class=\"elementor-widget-wrap elementor-element-populated\">\n\t\t\t\t\t\t<div class=\"elementor-element elementor-element-f8f5fc0 elementor-widget elementor-widget-heading\" data-id=\"f8f5fc0\" data-element_type=\"widget\" data-e-type=\"widget\" data-widget_type=\"heading.default\">\n\t\t\t\t<div class=\"elementor-widget-container\">\n\t\t\t\t\t<h2 class=\"elementor-heading-title elementor-size-default\">27\/04<\/h2>\t\t\t\t<\/div>\n\t\t\t\t<\/div>\n\t\t\t\t<div class=\"elementor-element elementor-element-de45ef7 elementor-widget elementor-widget-text-editor\" data-id=\"de45ef7\" data-element_type=\"widget\" data-e-type=\"widget\" data-widget_type=\"text-editor.default\">\n\t\t\t\t<div class=\"elementor-widget-container\">\n\t\t\t\t\t\t\t\t\t<p>Resultado da classifica\u00e7\u00e3o<\/p>\t\t\t\t\t\t\t\t<\/div>\n\t\t\t\t<\/div>\n\t\t\t\t\t<\/div>\n\t\t<\/div>\n\t\t\t\t<div class=\"elementor-column elementor-col-25 elementor-top-column elementor-element elementor-element-10e5a06 elementor-invisible\" data-id=\"10e5a06\" data-element_type=\"column\" data-e-type=\"column\" data-settings=\"{&quot;animation&quot;:&quot;fadeInRight&quot;,&quot;animation_delay&quot;:200}\">\n\t\t\t<div class=\"elementor-widget-wrap elementor-element-populated\">\n\t\t\t\t\t\t<div class=\"elementor-element elementor-element-b7e0aef elementor-widget elementor-widget-heading\" data-id=\"b7e0aef\" data-element_type=\"widget\" data-e-type=\"widget\" data-widget_type=\"heading.default\">\n\t\t\t\t<div class=\"elementor-widget-container\">\n\t\t\t\t\t<h2 class=\"elementor-heading-title elementor-size-default\">em breve<\/h2>\t\t\t\t<\/div>\n\t\t\t\t<\/div>\n\t\t\t\t<div class=\"elementor-element elementor-element-9d58227 elementor-widget elementor-widget-text-editor\" data-id=\"9d58227\" data-element_type=\"widget\" data-e-type=\"widget\" data-widget_type=\"text-editor.default\">\n\t\t\t\t<div class=\"elementor-widget-container\">\n\t\t\t\t\t\t\t\t\t<p>Reuni\u00e3o online<\/p>\t\t\t\t\t\t\t\t<\/div>\n\t\t\t\t<\/div>\n\t\t\t\t\t<\/div>\n\t\t<\/div>\n\t\t\t\t\t<\/div>\n\t\t<\/section>\n\t\t\t\t<section class=\"elementor-section elementor-top-section elementor-element elementor-element-9ed6295 elementor-section-boxed elementor-section-height-default elementor-section-height-default\" data-id=\"9ed6295\" data-element_type=\"section\" data-e-type=\"section\">\n\t\t\t\t\t\t<div class=\"elementor-container elementor-column-gap-default\">\n\t\t\t\t\t<div class=\"elementor-column elementor-col-33 elementor-top-column elementor-element elementor-element-01165a6\" data-id=\"01165a6\" data-element_type=\"column\" data-e-type=\"column\">\n\t\t\t<div class=\"elementor-widget-wrap elementor-element-populated\">\n\t\t\t\t\t\t<div class=\"elementor-element elementor-element-a6b2787 elementor-align-justify elementor-widget elementor-widget-button\" data-id=\"a6b2787\" data-element_type=\"widget\" data-e-type=\"widget\" data-widget_type=\"button.default\">\n\t\t\t\t<div class=\"elementor-widget-container\">\n\t\t\t\t\t\t\t\t\t<div class=\"elementor-button-wrapper\">\n\t\t\t\t\t<a class=\"elementor-button elementor-size-md elementor-animation-sink\" role=\"button\">\n\t\t\t\t\t\t<span class=\"elementor-button-content-wrapper\">\n\t\t\t\t\t\t<span class=\"elementor-button-icon\">\n\t\t\t\t<svg aria-hidden=\"true\" class=\"e-font-icon-svg e-fas-file-pdf\" viewBox=\"0 0 384 512\" xmlns=\"http:\/\/www.w3.org\/2000\/svg\"><path d=\"M181.9 256.1c-5-16-4.9-46.9-2-46.9 8.4 0 7.6 36.9 2 46.9zm-1.7 47.2c-7.7 20.2-17.3 43.3-28.4 62.7 18.3-7 39-17.2 62.9-21.9-12.7-9.6-24.9-23.4-34.5-40.8zM86.1 428.1c0 .8 13.2-5.4 34.9-40.2-6.7 6.3-29.1 24.5-34.9 40.2zM248 160h136v328c0 13.3-10.7 24-24 24H24c-13.3 0-24-10.7-24-24V24C0 10.7 10.7 0 24 0h200v136c0 13.2 10.8 24 24 24zm-8 171.8c-20-12.2-33.3-29-42.7-53.8 4.5-18.5 11.6-46.6 6.2-64.2-4.7-29.4-42.4-26.5-47.8-6.8-5 18.3-.4 44.1 8.1 77-11.6 27.6-28.7 64.6-40.8 85.8-.1 0-.1.1-.2.1-27.1 13.9-73.6 44.5-54.5 68 5.6 6.9 16 10 21.5 10 17.9 0 35.7-18 61.1-61.8 25.8-8.5 54.1-19.1 79-23.2 21.7 11.8 47.1 19.5 64 19.5 29.2 0 31.2-32 19.7-43.4-13.9-13.6-54.3-9.7-73.6-7.2zM377 105L279 7c-4.5-4.5-10.6-7-17-7h-6v128h128v-6.1c0-6.3-2.5-12.4-7-16.9zm-74.1 255.3c4.1-2.7-2.5-11.9-42.8-9 37.1 15.8 42.8 9 42.8 9z\"><\/path><\/svg>\t\t\t<\/span>\n\t\t\t\t\t\t\t\t\t<span class=\"elementor-button-text\">Inscri\u00e7\u00f5es Homologadas (Em breve)<\/span>\n\t\t\t\t\t<\/span>\n\t\t\t\t\t<\/a>\n\t\t\t\t<\/div>\n\t\t\t\t\t\t\t\t<\/div>\n\t\t\t\t<\/div>\n\t\t\t\t\t<\/div>\n\t\t<\/div>\n\t\t\t\t<div class=\"elementor-column elementor-col-33 elementor-top-column elementor-element elementor-element-e045b08\" data-id=\"e045b08\" data-element_type=\"column\" data-e-type=\"column\">\n\t\t\t<div class=\"elementor-widget-wrap elementor-element-populated\">\n\t\t\t\t\t\t<div class=\"elementor-element elementor-element-ab58b7d elementor-align-justify elementor-widget elementor-widget-button\" data-id=\"ab58b7d\" data-element_type=\"widget\" data-e-type=\"widget\" data-widget_type=\"button.default\">\n\t\t\t\t<div class=\"elementor-widget-container\">\n\t\t\t\t\t\t\t\t\t<div class=\"elementor-button-wrapper\">\n\t\t\t\t\t<a class=\"elementor-button elementor-size-md elementor-animation-sink\" role=\"button\">\n\t\t\t\t\t\t<span class=\"elementor-button-content-wrapper\">\n\t\t\t\t\t\t<span class=\"elementor-button-icon\">\n\t\t\t\t<svg aria-hidden=\"true\" class=\"e-font-icon-svg e-fas-file-pdf\" viewBox=\"0 0 384 512\" xmlns=\"http:\/\/www.w3.org\/2000\/svg\"><path d=\"M181.9 256.1c-5-16-4.9-46.9-2-46.9 8.4 0 7.6 36.9 2 46.9zm-1.7 47.2c-7.7 20.2-17.3 43.3-28.4 62.7 18.3-7 39-17.2 62.9-21.9-12.7-9.6-24.9-23.4-34.5-40.8zM86.1 428.1c0 .8 13.2-5.4 34.9-40.2-6.7 6.3-29.1 24.5-34.9 40.2zM248 160h136v328c0 13.3-10.7 24-24 24H24c-13.3 0-24-10.7-24-24V24C0 10.7 10.7 0 24 0h200v136c0 13.2 10.8 24 24 24zm-8 171.8c-20-12.2-33.3-29-42.7-53.8 4.5-18.5 11.6-46.6 6.2-64.2-4.7-29.4-42.4-26.5-47.8-6.8-5 18.3-.4 44.1 8.1 77-11.6 27.6-28.7 64.6-40.8 85.8-.1 0-.1.1-.2.1-27.1 13.9-73.6 44.5-54.5 68 5.6 6.9 16 10 21.5 10 17.9 0 35.7-18 61.1-61.8 25.8-8.5 54.1-19.1 79-23.2 21.7 11.8 47.1 19.5 64 19.5 29.2 0 31.2-32 19.7-43.4-13.9-13.6-54.3-9.7-73.6-7.2zM377 105L279 7c-4.5-4.5-10.6-7-17-7h-6v128h128v-6.1c0-6.3-2.5-12.4-7-16.9zm-74.1 255.3c4.1-2.7-2.5-11.9-42.8-9 37.1 15.8 42.8 9 42.8 9z\"><\/path><\/svg>\t\t\t<\/span>\n\t\t\t\t\t\t\t\t\t<span class=\"elementor-button-text\">Resultado (Em breve)<\/span>\n\t\t\t\t\t<\/span>\n\t\t\t\t\t<\/a>\n\t\t\t\t<\/div>\n\t\t\t\t\t\t\t\t<\/div>\n\t\t\t\t<\/div>\n\t\t\t\t\t<\/div>\n\t\t<\/div>\n\t\t\t\t<div class=\"elementor-column elementor-col-33 elementor-top-column elementor-element elementor-element-d012d53\" data-id=\"d012d53\" data-element_type=\"column\" data-e-type=\"column\">\n\t\t\t<div class=\"elementor-widget-wrap elementor-element-populated\">\n\t\t\t\t\t\t<div class=\"elementor-element elementor-element-caf9716 elementor-align-justify elementor-widget elementor-widget-button\" data-id=\"caf9716\" data-element_type=\"widget\" data-e-type=\"widget\" data-widget_type=\"button.default\">\n\t\t\t\t<div class=\"elementor-widget-container\">\n\t\t\t\t\t\t\t\t\t<div class=\"elementor-button-wrapper\">\n\t\t\t\t\t<a class=\"elementor-button elementor-button-link elementor-size-md elementor-animation-sink\" href=\"https:\/\/eventosaben.org.br\/20senaden\/wp-content\/uploads\/2026\/03\/EDITAL-DE-SELECAO-DE-MONITORES_SENADEn-SINADEn-2026-2-1-1.docx.pdf\" target=\"_blank\">\n\t\t\t\t\t\t<span class=\"elementor-button-content-wrapper\">\n\t\t\t\t\t\t<span class=\"elementor-button-icon\">\n\t\t\t\t<svg aria-hidden=\"true\" class=\"e-font-icon-svg e-fas-file-pdf\" viewBox=\"0 0 384 512\" xmlns=\"http:\/\/www.w3.org\/2000\/svg\"><path d=\"M181.9 256.1c-5-16-4.9-46.9-2-46.9 8.4 0 7.6 36.9 2 46.9zm-1.7 47.2c-7.7 20.2-17.3 43.3-28.4 62.7 18.3-7 39-17.2 62.9-21.9-12.7-9.6-24.9-23.4-34.5-40.8zM86.1 428.1c0 .8 13.2-5.4 34.9-40.2-6.7 6.3-29.1 24.5-34.9 40.2zM248 160h136v328c0 13.3-10.7 24-24 24H24c-13.3 0-24-10.7-24-24V24C0 10.7 10.7 0 24 0h200v136c0 13.2 10.8 24 24 24zm-8 171.8c-20-12.2-33.3-29-42.7-53.8 4.5-18.5 11.6-46.6 6.2-64.2-4.7-29.4-42.4-26.5-47.8-6.8-5 18.3-.4 44.1 8.1 77-11.6 27.6-28.7 64.6-40.8 85.8-.1 0-.1.1-.2.1-27.1 13.9-73.6 44.5-54.5 68 5.6 6.9 16 10 21.5 10 17.9 0 35.7-18 61.1-61.8 25.8-8.5 54.1-19.1 79-23.2 21.7 11.8 47.1 19.5 64 19.5 29.2 0 31.2-32 19.7-43.4-13.9-13.6-54.3-9.7-73.6-7.2zM377 105L279 7c-4.5-4.5-10.6-7-17-7h-6v128h128v-6.1c0-6.3-2.5-12.4-7-16.9zm-74.1 255.3c4.1-2.7-2.5-11.9-42.8-9 37.1 15.8 42.8 9 42.8 9z\"><\/path><\/svg>\t\t\t<\/span>\n\t\t\t\t\t\t\t\t\t<span class=\"elementor-button-text\">Baixar edital em PDF<\/span>\n\t\t\t\t\t<\/span>\n\t\t\t\t\t<\/a>\n\t\t\t\t<\/div>\n\t\t\t\t\t\t\t\t<\/div>\n\t\t\t\t<\/div>\n\t\t\t\t\t<\/div>\n\t\t<\/div>\n\t\t\t\t\t<\/div>\n\t\t<\/section>\n\t\t\t\t<section class=\"elementor-section elementor-top-section elementor-element elementor-element-42a6fb02 elementor-section-boxed elementor-section-height-default elementor-section-height-default\" data-id=\"42a6fb02\" data-element_type=\"section\" data-e-type=\"section\">\n\t\t\t\t\t\t<div class=\"elementor-container elementor-column-gap-default\">\n\t\t\t\t\t<div class=\"elementor-column elementor-col-100 elementor-top-column elementor-element elementor-element-705f3d1a\" data-id=\"705f3d1a\" data-element_type=\"column\" data-e-type=\"column\">\n\t\t\t<div class=\"elementor-widget-wrap elementor-element-populated\">\n\t\t\t\t\t\t<div class=\"elementor-element elementor-element-4a4fc8fc elementor-widget elementor-widget-text-editor\" data-id=\"4a4fc8fc\" data-element_type=\"widget\" data-e-type=\"widget\" data-widget_type=\"text-editor.default\">\n\t\t\t\t<div class=\"elementor-widget-container\">\n\t\t\t\t\t\t\t\t\t<p class=\"MsoNormal\" align=\"center\" style=\"margin-top:3.5pt;margin-right:5.25pt;\nmargin-bottom:0cm;margin-left:7.9pt;margin-bottom:.0001pt;text-align:center\"><b><span lang=\"PT\">EDITAL DE SELE\u00c7\u00c3O DE MONITORES<o:p><\/o:p><\/span><\/b><\/p><p class=\"MsoNormal\" align=\"center\" style=\"margin-top:3.5pt;margin-right:5.25pt;\nmargin-bottom:0cm;margin-left:7.9pt;margin-bottom:.0001pt;text-align:center\"><b><span lang=\"PT\">&nbsp;<\/span><\/b><\/p><p class=\"MsoNormal\" align=\"center\" style=\"margin-top:7.75pt;margin-right:.05pt;\nmargin-bottom:0cm;margin-left:0cm;margin-bottom:.0001pt;text-align:center;\nline-height:105%\"><b><span lang=\"PT\">20\u00ba SEMIN\u00c1RIO NACIONAL DE DIRETRIZES PARA\nEDUCA\u00c7\u00c3O EM ENFERMAGEM (20\u00ba SENADEn)<o:p><\/o:p><\/span><\/b><\/p><p class=\"MsoNormal\" align=\"center\" style=\"margin-top:0cm;margin-right:5.35pt;\nmargin-bottom:0cm;margin-left:7.9pt;margin-bottom:.0001pt;text-align:center;\nline-height:105%\"><b><span lang=\"PT\">17\u00ba<\/span><\/b><span lang=\"PT\"> <b>SEMIN\u00c1RIO\nNACIONAL DE TEORIAS, TERMINOLOGIAS E PROCESSO DE ENFERMAGEM (17\u00ba SINADEn)<o:p><\/o:p><\/b><\/span><\/p><p class=\"MsoNormal\" style=\"border:none;mso-padding-alt:31.0pt 31.0pt 31.0pt 31.0pt;\nmso-border-shadow:yes\"><b><span lang=\"PT\" style=\"color:black\">&nbsp;<\/span><\/b><\/p><p class=\"MsoNormal\" style=\"margin-top:.05pt;border:none;mso-padding-alt:31.0pt 31.0pt 31.0pt 31.0pt;\nmso-border-shadow:yes\"><b><span lang=\"PT\" style=\"color:black\">&nbsp;<\/span><\/b><\/p><p>\n\n\n\n\n\n\n\n\n\n\n\n<\/p><p class=\"MsoNormal\" style=\"margin: 0cm 6.75pt 0.0001pt 7.7pt; text-indent: -1pt; border: none;\"><span lang=\"PT\" style=\"color:black\">Este edital visa selecionar estudantes de\n<\/span><span lang=\"PT\">Gradua\u00e7\u00e3o e do Curso T\u00e9cnico de Enfermagem, para atuarem\ncomo monitores no <b>20\u00ba SENADEn<\/b> e <b>17\u00ba SINADEn<\/b>, a serem realizados <span style=\"color:black\">de forma integrada, pela Associa\u00e7\u00e3o Brasileira de\nEnfermagem (ABEn), no per\u00edodo de 28 a 31 de julho de 2026, em Jo\u00e3o Pessoa, Para\u00edba.\nOs interessados devem atender aos requisitos e normas estabelecidas neste\nedital.<o:p><\/o:p><\/span><\/span><\/p>\t\t\t\t\t\t\t\t<\/div>\n\t\t\t\t<\/div>\n\t\t\t\t\t<\/div>\n\t\t<\/div>\n\t\t\t\t\t<\/div>\n\t\t<\/section>\n\t\t\t\t<section class=\"elementor-section elementor-top-section elementor-element elementor-element-2a954a56 elementor-section-content-middle elementor-section-boxed elementor-section-height-default elementor-section-height-default\" data-id=\"2a954a56\" data-element_type=\"section\" data-e-type=\"section\">\n\t\t\t\t\t\t<div class=\"elementor-container elementor-column-gap-no\">\n\t\t\t\t\t<div class=\"elementor-column elementor-col-100 elementor-top-column elementor-element elementor-element-3137bb39\" data-id=\"3137bb39\" data-element_type=\"column\" data-e-type=\"column\">\n\t\t\t<div class=\"elementor-widget-wrap elementor-element-populated\">\n\t\t\t\t\t\t<div class=\"elementor-element elementor-element-412c2830 elementor-widget elementor-widget-toggle\" data-id=\"412c2830\" data-element_type=\"widget\" data-e-type=\"widget\" data-widget_type=\"toggle.default\">\n\t\t\t\t<div class=\"elementor-widget-container\">\n\t\t\t\t\t\t\t<div class=\"elementor-toggle\">\n\t\t\t\t\t\t\t<div class=\"elementor-toggle-item\">\n\t\t\t\t\t<div id=\"elementor-tab-title-1091\" class=\"elementor-tab-title\" data-tab=\"1\" role=\"button\" aria-controls=\"elementor-tab-content-1091\" aria-expanded=\"false\">\n\t\t\t\t\t\t\t\t\t\t\t\t<span class=\"elementor-toggle-icon elementor-toggle-icon-right\" aria-hidden=\"true\">\n\t\t\t\t\t\t\t\t\t\t\t\t\t\t\t<span class=\"elementor-toggle-icon-closed\"><svg class=\"e-font-icon-svg e-fas-caret-right\" viewBox=\"0 0 192 512\" xmlns=\"http:\/\/www.w3.org\/2000\/svg\"><path d=\"M0 384.662V127.338c0-17.818 21.543-26.741 34.142-14.142l128.662 128.662c7.81 7.81 7.81 20.474 0 28.284L34.142 398.804C21.543 411.404 0 402.48 0 384.662z\"><\/path><\/svg><\/span>\n\t\t\t\t\t\t\t\t<span class=\"elementor-toggle-icon-opened\"><svg class=\"elementor-toggle-icon-opened e-font-icon-svg e-fas-caret-up\" viewBox=\"0 0 320 512\" xmlns=\"http:\/\/www.w3.org\/2000\/svg\"><path d=\"M288.662 352H31.338c-17.818 0-26.741-21.543-14.142-34.142l128.662-128.662c7.81-7.81 20.474-7.81 28.284 0l128.662 128.662c12.6 12.599 3.676 34.142-14.142 34.142z\"><\/path><\/svg><\/span>\n\t\t\t\t\t\t\t\t\t\t\t\t\t<\/span>\n\t\t\t\t\t\t\t\t\t\t\t\t<a class=\"elementor-toggle-title\" tabindex=\"0\">1. DAS DISPOSI\u00c7\u00d5ES PRELIMINARES<\/a>\n\t\t\t\t\t<\/div>\n\n\t\t\t\t\t<div id=\"elementor-tab-content-1091\" class=\"elementor-tab-content elementor-clearfix\" data-tab=\"1\" role=\"region\" aria-labelledby=\"elementor-tab-title-1091\"><p><span style=\"font-weight: 400;\">1.1 O objetivo desta monitoria \u00e9 incentivar estudantes de cursos t\u00e9cnicos e gradua\u00e7\u00e3o em Enfermagem a participarem e se envolverem em eventos cient\u00edficos nacionais na \u00e1rea.<\/span><\/p><p><span style=\"font-weight: 400;\">1.2 O papel dos monitores em um evento cient\u00edfico \u00e9 essencial para garantir o bom andamento das atividades e proporcionar uma experi\u00eancia positiva para todos os participantes. Eles atuar\u00e3o como intermedi\u00e1rios entre organizadores e participantes, al\u00e9m de apoiarem as atividades de suporte log\u00edstico, t\u00e9cnico e administrativo, contribuindo para o sucesso do evento. Participar\u00e3o, ainda, das reuni\u00f5es p\u00f3s evento para fins de avalia\u00e7\u00e3o. Al\u00e9m disso, ap\u00f3s o evento, contribuem ativamente participando de reuni\u00f5es de avalia\u00e7\u00e3o e fornecendo feedback para futuras melhorias nos eventos da ABEn.<\/span><\/p><p><span style=\"font-weight: 400;\">1.3 A monitoria \u00e9 uma atividade volunt\u00e1ria para associados da ABEn e n\u00e3o implica em v\u00ednculo empregat\u00edcio com a Associa\u00e7\u00e3o Brasileira de Enfermagem (ABEn). A entidade e a Comiss\u00e3o Organizadora n\u00e3o se responsabilizam por remunera\u00e7\u00e3o financeira, subs\u00eddios de transporte, hospedagem ou outras despesas relacionadas \u00e0 atividade.<\/span><\/p><\/div>\n\t\t\t\t<\/div>\n\t\t\t\t\t\t\t<div class=\"elementor-toggle-item\">\n\t\t\t\t\t<div id=\"elementor-tab-title-1092\" class=\"elementor-tab-title\" data-tab=\"2\" role=\"button\" aria-controls=\"elementor-tab-content-1092\" aria-expanded=\"false\">\n\t\t\t\t\t\t\t\t\t\t\t\t<span class=\"elementor-toggle-icon elementor-toggle-icon-right\" aria-hidden=\"true\">\n\t\t\t\t\t\t\t\t\t\t\t\t\t\t\t<span class=\"elementor-toggle-icon-closed\"><svg class=\"e-font-icon-svg e-fas-caret-right\" viewBox=\"0 0 192 512\" xmlns=\"http:\/\/www.w3.org\/2000\/svg\"><path d=\"M0 384.662V127.338c0-17.818 21.543-26.741 34.142-14.142l128.662 128.662c7.81 7.81 7.81 20.474 0 28.284L34.142 398.804C21.543 411.404 0 402.48 0 384.662z\"><\/path><\/svg><\/span>\n\t\t\t\t\t\t\t\t<span class=\"elementor-toggle-icon-opened\"><svg class=\"elementor-toggle-icon-opened e-font-icon-svg e-fas-caret-up\" viewBox=\"0 0 320 512\" xmlns=\"http:\/\/www.w3.org\/2000\/svg\"><path d=\"M288.662 352H31.338c-17.818 0-26.741-21.543-14.142-34.142l128.662-128.662c7.81-7.81 20.474-7.81 28.284 0l128.662 128.662c12.6 12.599 3.676 34.142-14.142 34.142z\"><\/path><\/svg><\/span>\n\t\t\t\t\t\t\t\t\t\t\t\t\t<\/span>\n\t\t\t\t\t\t\t\t\t\t\t\t<a class=\"elementor-toggle-title\" tabindex=\"0\">2. DAS VAGAS<\/a>\n\t\t\t\t\t<\/div>\n\n\t\t\t\t\t<div id=\"elementor-tab-content-1092\" class=\"elementor-tab-content elementor-clearfix\" data-tab=\"2\" role=\"region\" aria-labelledby=\"elementor-tab-title-1092\"><p><strong>2.1 <\/strong>Ser\u00e3o oferecidas 40 vagas de monitoria para o <strong>20\u00ba SENADEn<\/strong> e <strong>17\u00ba SINADEn<\/strong>, sendo 90% das vagas para estudantes <strong>de enfermagem de <\/strong><strong>universidades p\u00fablicas e privadas e escolas t\u00e9cnicas p\u00fablicas e provadas do estado da Para\u00edba e 10% das vagas para estudantes das outras universidades do Braisl<\/strong>. Os demais classificados figurar\u00e3o como cadastro de reserva, conforme a necessidade do evento.<\/p><\/div>\n\t\t\t\t<\/div>\n\t\t\t\t\t\t\t<div class=\"elementor-toggle-item\">\n\t\t\t\t\t<div id=\"elementor-tab-title-1093\" class=\"elementor-tab-title\" data-tab=\"3\" role=\"button\" aria-controls=\"elementor-tab-content-1093\" aria-expanded=\"false\">\n\t\t\t\t\t\t\t\t\t\t\t\t<span class=\"elementor-toggle-icon elementor-toggle-icon-right\" aria-hidden=\"true\">\n\t\t\t\t\t\t\t\t\t\t\t\t\t\t\t<span class=\"elementor-toggle-icon-closed\"><svg class=\"e-font-icon-svg e-fas-caret-right\" viewBox=\"0 0 192 512\" xmlns=\"http:\/\/www.w3.org\/2000\/svg\"><path d=\"M0 384.662V127.338c0-17.818 21.543-26.741 34.142-14.142l128.662 128.662c7.81 7.81 7.81 20.474 0 28.284L34.142 398.804C21.543 411.404 0 402.48 0 384.662z\"><\/path><\/svg><\/span>\n\t\t\t\t\t\t\t\t<span class=\"elementor-toggle-icon-opened\"><svg class=\"elementor-toggle-icon-opened e-font-icon-svg e-fas-caret-up\" viewBox=\"0 0 320 512\" xmlns=\"http:\/\/www.w3.org\/2000\/svg\"><path d=\"M288.662 352H31.338c-17.818 0-26.741-21.543-14.142-34.142l128.662-128.662c7.81-7.81 20.474-7.81 28.284 0l128.662 128.662c12.6 12.599 3.676 34.142-14.142 34.142z\"><\/path><\/svg><\/span>\n\t\t\t\t\t\t\t\t\t\t\t\t\t<\/span>\n\t\t\t\t\t\t\t\t\t\t\t\t<a class=\"elementor-toggle-title\" tabindex=\"0\">3. DOS REQUISITOS B\u00c1SICOS <\/a>\n\t\t\t\t\t<\/div>\n\n\t\t\t\t\t<div id=\"elementor-tab-content-1093\" class=\"elementor-tab-content elementor-clearfix\" data-tab=\"3\" role=\"region\" aria-labelledby=\"elementor-tab-title-1093\"><p><strong>3.1 <\/strong>Estudantes de cursos t\u00e9cnicos e de gradua\u00e7\u00e3o em Enfermagem, com matr\u00edcula ativa em institui\u00e7\u00f5es de ensino p\u00fablicas e privadas do Brasil, podem se candidatar \u00e0 monitoria. \u00c9 necess\u00e1rio que a matr\u00edcula esteja ativa n\u00e3o s\u00f3 no processo de sele\u00e7\u00e3o, mas tamb\u00e9m durante a realiza\u00e7\u00e3o do evento.<\/p><p><strong>3.2 Para se candidatar \u00e0 monitoria, o estudante deve estar associado \u00e0 ABEn e ter quitado a anuidade de 2026 at\u00e9 o prazo de inscri\u00e7\u00e3o no processo seletivo<\/strong>. A falta de associa\u00e7\u00e3o resultar\u00e1 automaticamente na n\u00e3o homologa\u00e7\u00e3o da inscri\u00e7\u00e3o no processo seletivo.<\/p><\/div>\n\t\t\t\t<\/div>\n\t\t\t\t\t\t\t<div class=\"elementor-toggle-item\">\n\t\t\t\t\t<div id=\"elementor-tab-title-1094\" class=\"elementor-tab-title\" data-tab=\"4\" role=\"button\" aria-controls=\"elementor-tab-content-1094\" aria-expanded=\"false\">\n\t\t\t\t\t\t\t\t\t\t\t\t<span class=\"elementor-toggle-icon elementor-toggle-icon-right\" aria-hidden=\"true\">\n\t\t\t\t\t\t\t\t\t\t\t\t\t\t\t<span class=\"elementor-toggle-icon-closed\"><svg class=\"e-font-icon-svg e-fas-caret-right\" viewBox=\"0 0 192 512\" xmlns=\"http:\/\/www.w3.org\/2000\/svg\"><path d=\"M0 384.662V127.338c0-17.818 21.543-26.741 34.142-14.142l128.662 128.662c7.81 7.81 7.81 20.474 0 28.284L34.142 398.804C21.543 411.404 0 402.48 0 384.662z\"><\/path><\/svg><\/span>\n\t\t\t\t\t\t\t\t<span class=\"elementor-toggle-icon-opened\"><svg class=\"elementor-toggle-icon-opened e-font-icon-svg e-fas-caret-up\" viewBox=\"0 0 320 512\" xmlns=\"http:\/\/www.w3.org\/2000\/svg\"><path d=\"M288.662 352H31.338c-17.818 0-26.741-21.543-14.142-34.142l128.662-128.662c7.81-7.81 20.474-7.81 28.284 0l128.662 128.662c12.6 12.599 3.676 34.142-14.142 34.142z\"><\/path><\/svg><\/span>\n\t\t\t\t\t\t\t\t\t\t\t\t\t<\/span>\n\t\t\t\t\t\t\t\t\t\t\t\t<a class=\"elementor-toggle-title\" tabindex=\"0\">4. DAS OBRIGA\u00c7\u00d5ES E ATIVIDADES<\/a>\n\t\t\t\t\t<\/div>\n\n\t\t\t\t\t<div id=\"elementor-tab-content-1094\" class=\"elementor-tab-content elementor-clearfix\" data-tab=\"4\" role=\"region\" aria-labelledby=\"elementor-tab-title-1094\"><p><strong>4.1 <\/strong>Os monitores ser\u00e3o respons\u00e1veis por participar e apoiar as comiss\u00f5es e subcomiss\u00f5es nas atividades cient\u00edficas, estruturais e socioculturais, nos hor\u00e1rios determinados pela organiza\u00e7\u00e3o do evento<strong>. A presen\u00e7a dos monitores na abertura e no encerramento do evento \u00e9 obrigat\u00f3ria. <\/strong>Ap\u00f3s o evento, os monitores dever\u00e3o participar de reuni\u00f5es de avalia\u00e7\u00e3o do evento para identifica\u00e7\u00e3o de pontos fortes e \u00e1reas de melhoria. Al\u00e9m disso, ser\u00e3o incentivados a contribuir com sugest\u00f5es e feedbacks para aprimorar futuros eventos organizados pela ABEn.<\/p><p><strong>4.2<\/strong> Todas as atividades ser\u00e3o supervisionadas pelos coordenadores das comiss\u00f5es e subcomiss\u00f5es, em conjunto com a empresa organizadora do evento.<\/p><p><strong>4.3<\/strong> Para o cumprimento das atividades previstas para a monitoria, a(o)estudante dever\u00e1 dispor de, no m\u00ednimo, 30 horas, distribu\u00eddas entre atividades de capacita\u00e7\u00e3o (treinamento), visitas t\u00e9cnicas ao local do evento e atividades pr\u00e9 e p\u00f3s-evento;<\/p><p><strong>4.3.1<\/strong>\u00a0Para a monitoria, a(o)estudante dever\u00e1 disponibilizar, minimamente, de 6 (seis) horas para capacita\u00e7\u00e3o (treinamento) e 04 (quatro) horas para organiza\u00e7\u00e3o do evento em parceria com a comiss\u00e3o organizadora, a partir do resultado desta sele\u00e7\u00e3o. Durante a realiza\u00e7\u00e3o do evento, o monitor dever\u00e1 ter disponibilidade de <strong>no m\u00ednimo 5 (cinco) horas di\u00e1rias, no per\u00edodo de 28 a 31 de julho de 2026, conforme escala previamente disponibilizada<\/strong>.<\/p><p><strong>\u00a0<\/strong><\/p><p><strong>4.4<\/strong> O (a) monitor(a) tem direito a justificar faltas por motivo de doen\u00e7a, desde que devidamente comprovadas por atestado m\u00e9dico. A justificativa ser\u00e1 aceita desde que o total de faltas justificadas n\u00e3o exceda 20% das atividades para as quais foi escalado(a).<\/p><p><strong>4.5<\/strong> A aus\u00eancia do(a) monitor(a) nas atividades pr\u00e9-evento e nas atividades no evento, sem a devida justificativa, acarretar\u00e1 automaticamente no seu desligamento;<\/p><p><strong>4.6<\/strong> O(a) estudante que for desligada(o) n\u00e3o ter\u00e1 direito a certifica\u00e7\u00e3o de monitoria do Congresso e sua inscri\u00e7\u00e3o como monitor ser\u00e1 cancelada.<\/p><p><strong>4.7<\/strong> Os monitores podem ser alocados em diversas atividades conforme a necessidade, antes, durante e ap\u00f3s o evento, para desenvolverem as atividades a seguir:<\/p><p>\u00a0<\/p><p><strong>4.7.1 Antes do evento<\/strong><\/p><p><strong>Monitores da cidade de Jo\u00e3o Pessoa &#8211; PB<\/strong><\/p><p><strong>\u00a0<\/strong><\/p><p><strong style=\"background-color: transparent;\">I. Reuni\u00f5es e treinamentos: <\/strong><span style=\"background-color: transparent;\">Participar de reuni\u00f5es e treinamentos, on-line ou presenciais, junto \u00e0s comiss\u00f5es organizadoras; conhecer a programa\u00e7\u00e3o do evento e suas responsabilidades espec\u00edficas.<br \/><\/span><span style=\"background-color: transparent;\"><b>II<\/b>.\u00a0<\/span><strong style=\"background-color: transparent;\">Divulga\u00e7\u00e3o do evento: <\/strong><span style=\"background-color: transparent;\">Participar ativamente das atividades de divulga\u00e7\u00e3o do evento nas institui\u00e7\u00f5es de ensino, servi\u00e7os de sa\u00fade e redes sociais; realizar outras tarefas pertinentes, definidas pela Comiss\u00e3o Organizadora do evento, Comiss\u00e3o de Monitoria e demais subcomiss\u00f5es.<br \/><\/span><span style=\"background-color: transparent;\"><b>III<\/b>.\u00a0<\/span><strong style=\"background-color: transparent;\">Preparativos log\u00edsticos: <\/strong><span style=\"background-color: transparent;\">Ajudar na prepara\u00e7\u00e3o dos materiais do evento, como crach\u00e1s, kits de boas-vindas e outros itens necess\u00e1rios; auxiliar na organiza\u00e7\u00e3o e disposi\u00e7\u00e3o dos espa\u00e7os f\u00edsicos onde o evento ser\u00e1 realizado.<\/span><\/p><p><strong>Monitores de outras cidades do pa\u00eds<br \/><\/strong><strong style=\"background-color: transparent;\"><br \/>I. Reuni\u00f5es e treinamentos: <\/strong><span style=\"background-color: transparent;\">Participar de reuni\u00f5es e treinamentos, on-line, junto \u00e0s comiss\u00f5es organizadoras; conhecer a programa\u00e7\u00e3o do evento e suas responsabilidades espec\u00edficas.<br \/><\/span><span style=\"background-color: transparent;\"><b>II.<\/b>\u00a0<\/span><strong style=\"background-color: transparent;\">Divulga\u00e7\u00e3o do evento: <\/strong><span style=\"background-color: transparent;\">Participar de atividades para divulga\u00e7\u00e3o do evento nas institui\u00e7\u00f5es de ensino, servi\u00e7os de sa\u00fade e redes sociais; realizar outras tarefas pertinentes, definidas pela Comiss\u00e3o Organizadora do evento, Comiss\u00e3o de Monitoria e demais subcomiss\u00f5es.<br \/><\/span><span style=\"background-color: transparent;\"><b>III.<\/b>\u00a0<\/span><strong style=\"background-color: transparent;\">Preparativos log\u00edsticos: <\/strong><span style=\"background-color: transparent;\">Contribuir remotamente na organiza\u00e7\u00e3o e prepara\u00e7\u00e3o dos materiais do evento, como crach\u00e1s e kits de boas-vindas e articular-se com os monitores da Para\u00edba para garantir que tudo esteja pronto para o evento.<br \/><\/span><span style=\"background-color: transparent;\"><br \/><b>4.7.2<\/b>\u00a0<b>Durante o evento (todos os monitores)<br \/><\/b><\/span><strong style=\"background-color: transparent;\"><br \/>I. Recep\u00e7\u00e3o e orienta\u00e7\u00e3o: <\/strong><span style=\"background-color: transparent;\">Recepcionar e acolher os(as) palestrantes e participantes no local do evento e orient\u00e1-los, esclarecendo d\u00favidas; fornecer informa\u00e7\u00f5es sobre o cronograma do evento, localiza\u00e7\u00e3o das salas e outras d\u00favidas dos participantes.<\/span><\/p><p><strong>II.\u00a0<\/strong><strong style=\"background-color: transparent;\">Atendimento ao P\u00fablico e seguran\u00e7a: <\/strong><span style=\"background-color: transparent;\">Ajudar os participantes com necessidades especiais; fornecer informa\u00e7\u00f5es sobre transporte, acomoda\u00e7\u00e3o e restaurantes pr\u00f3ximos; reportar quaisquer incidentes ao coordenador do evento<\/span><strong style=\"background-color: transparent;\">.<\/strong><\/p><p><strong style=\"background-color: transparent;\">III. Modera\u00e7\u00e3o e media\u00e7\u00e3o: <\/strong><span style=\"background-color: transparent;\">Apoiar o(as) moderador(as) nas atividades cient\u00edficas do evento, como apresenta\u00e7\u00f5es de trabalhos, rodas de conversa tem\u00e1ticas, durante as atividades, assim como nas apresenta\u00e7\u00f5es culturais; media\u00e7\u00e3o com prestadores de servi\u00e7os durante o evento.<\/span><\/p><p><strong style=\"background-color: transparent;\">IV. Apoio em Sess\u00f5es de Perguntas e Respostas: <\/strong><span style=\"background-color: transparent;\">Gerenciar microfones e auxiliar na organiza\u00e7\u00e3o de filas para perguntas e coletar perguntas por escrito, se aplic\u00e1vel.<\/span><\/p><p><strong style=\"background-color: transparent;\">V. Apoio log\u00edstico e t\u00e9cnico: <\/strong><span style=\"background-color: transparent;\">Apoiar o(as) palestrantes na utiliza\u00e7\u00e3o de equipamentos audiovisuais; orientar os congressistas; apoiar nos servi\u00e7os de inform\u00e1tica, na organiza\u00e7\u00e3o de atividades, no manejo de espa\u00e7os f\u00edsicos, como salas, audit\u00f3rios e \u00e1reas de inform\u00e1tica; distribuir e coletar materiais de apoio (apostilas, formul\u00e1rios de feedback, etc.); controlar o tempo das apresenta\u00e7\u00f5es e sinalizar aos palestrantes quando estiverem se aproximando do final do tempo alocado; apoiar a secretaria do evento, ajudando no credenciamento e na gest\u00e3o de inscri\u00e7\u00f5es; distribuir e coletar formul\u00e1rios de feedback dos participantes e palestrantes; estar dispon\u00edvel para resolver problemas t\u00e9cnicos que possam surgir durante o evento.<\/span><\/p><p><strong style=\"background-color: transparent;\">VI. Apoio \u00e0s Comiss\u00f5es: <\/strong><span style=\"background-color: transparent;\">Assessorar as diferentes comiss\u00f5es do evento, oferecendo suporte nas atividades que forem necess\u00e1rias; realizar registros fotogr\u00e1ficos e auxiliar na comunica\u00e7\u00e3o e publica\u00e7\u00f5es relacionadas ao evento.<br \/><br \/><\/span><\/p><p><strong>4.7.3 Ap\u00f3s o evento (todos os monitores)<\/strong><\/p><p><strong>\u00a0<\/strong><\/p><p><strong>I. Atividades administrativas: <\/strong>Participar de atividades de avalia\u00e7\u00e3o do evento, como tabula\u00e7\u00e3o de dados e divulga\u00e7\u00e3o dos resultados da avalia\u00e7\u00e3o, podendo ser realizadas remotamente; colaborar com a elabora\u00e7\u00e3o dos relat\u00f3rios; participar de reuni\u00f5es de avalia\u00e7\u00e3o remotas, para discutir o que funcionou e o que poderia ser melhorado e contribuir com sugest\u00f5es para os futuros eventos; ajudar na an\u00e1lise dos dados de feedback.<\/p><p><span style=\"background-color: transparent;\">\u00a0<\/span><\/p><p><span style=\"background-color: transparent;\">\u00a0<\/span><\/p><\/div>\n\t\t\t\t<\/div>\n\t\t\t\t\t\t\t<div class=\"elementor-toggle-item\">\n\t\t\t\t\t<div id=\"elementor-tab-title-1095\" class=\"elementor-tab-title\" data-tab=\"5\" role=\"button\" aria-controls=\"elementor-tab-content-1095\" aria-expanded=\"false\">\n\t\t\t\t\t\t\t\t\t\t\t\t<span class=\"elementor-toggle-icon elementor-toggle-icon-right\" aria-hidden=\"true\">\n\t\t\t\t\t\t\t\t\t\t\t\t\t\t\t<span class=\"elementor-toggle-icon-closed\"><svg class=\"e-font-icon-svg e-fas-caret-right\" viewBox=\"0 0 192 512\" xmlns=\"http:\/\/www.w3.org\/2000\/svg\"><path d=\"M0 384.662V127.338c0-17.818 21.543-26.741 34.142-14.142l128.662 128.662c7.81 7.81 7.81 20.474 0 28.284L34.142 398.804C21.543 411.404 0 402.48 0 384.662z\"><\/path><\/svg><\/span>\n\t\t\t\t\t\t\t\t<span class=\"elementor-toggle-icon-opened\"><svg class=\"elementor-toggle-icon-opened e-font-icon-svg e-fas-caret-up\" viewBox=\"0 0 320 512\" xmlns=\"http:\/\/www.w3.org\/2000\/svg\"><path d=\"M288.662 352H31.338c-17.818 0-26.741-21.543-14.142-34.142l128.662-128.662c7.81-7.81 20.474-7.81 28.284 0l128.662 128.662c12.6 12.599 3.676 34.142-14.142 34.142z\"><\/path><\/svg><\/span>\n\t\t\t\t\t\t\t\t\t\t\t\t\t<\/span>\n\t\t\t\t\t\t\t\t\t\t\t\t<a class=\"elementor-toggle-title\" tabindex=\"0\">5 CERTIFICA\u00c7\u00c3O<\/a>\n\t\t\t\t\t<\/div>\n\n\t\t\t\t\t<div id=\"elementor-tab-content-1095\" class=\"elementor-tab-content elementor-clearfix\" data-tab=\"5\" role=\"region\" aria-labelledby=\"elementor-tab-title-1095\"><p><strong>5.1 <\/strong>O (a) monitor(a) que cumprir as atividades e a carga hor\u00e1ria m\u00ednima (30 horas) previstas neste Edital receber\u00e1 certificado de monitoria e certificado de participa\u00e7\u00e3o no evento emitidos pela Associa\u00e7\u00e3o Brasileira de Enfermagem (ABEn).<\/p><\/div>\n\t\t\t\t<\/div>\n\t\t\t\t\t\t\t<div class=\"elementor-toggle-item\">\n\t\t\t\t\t<div id=\"elementor-tab-title-1096\" class=\"elementor-tab-title\" data-tab=\"6\" role=\"button\" aria-controls=\"elementor-tab-content-1096\" aria-expanded=\"false\">\n\t\t\t\t\t\t\t\t\t\t\t\t<span class=\"elementor-toggle-icon elementor-toggle-icon-right\" aria-hidden=\"true\">\n\t\t\t\t\t\t\t\t\t\t\t\t\t\t\t<span class=\"elementor-toggle-icon-closed\"><svg class=\"e-font-icon-svg e-fas-caret-right\" viewBox=\"0 0 192 512\" xmlns=\"http:\/\/www.w3.org\/2000\/svg\"><path d=\"M0 384.662V127.338c0-17.818 21.543-26.741 34.142-14.142l128.662 128.662c7.81 7.81 7.81 20.474 0 28.284L34.142 398.804C21.543 411.404 0 402.48 0 384.662z\"><\/path><\/svg><\/span>\n\t\t\t\t\t\t\t\t<span class=\"elementor-toggle-icon-opened\"><svg class=\"elementor-toggle-icon-opened e-font-icon-svg e-fas-caret-up\" viewBox=\"0 0 320 512\" xmlns=\"http:\/\/www.w3.org\/2000\/svg\"><path d=\"M288.662 352H31.338c-17.818 0-26.741-21.543-14.142-34.142l128.662-128.662c7.81-7.81 20.474-7.81 28.284 0l128.662 128.662c12.6 12.599 3.676 34.142-14.142 34.142z\"><\/path><\/svg><\/span>\n\t\t\t\t\t\t\t\t\t\t\t\t\t<\/span>\n\t\t\t\t\t\t\t\t\t\t\t\t<a class=\"elementor-toggle-title\" tabindex=\"0\">6 DAS INSCRI\u00c7\u00d5ES <\/a>\n\t\t\t\t\t<\/div>\n\n\t\t\t\t\t<div id=\"elementor-tab-content-1096\" class=\"elementor-tab-content elementor-clearfix\" data-tab=\"6\" role=\"region\" aria-labelledby=\"elementor-tab-title-1096\"><p><strong>6.1<\/strong> As inscri\u00e7\u00f5es para a monitoria poder\u00e3o ser realizadas no per\u00edodo de <strong>25\/03\/2026 a 25\/04\/2026<\/strong> at\u00e9 \u00e0s <strong>23h59min (hor\u00e1rio de Bras\u00edlia).<br \/><\/strong> <br \/><strong>6.2<\/strong> Os requisitos para inscrever-se s\u00e3o:<\/p><p>I. Estar com anuidade de 2026 da ABEn quitada e;<br \/>II. Estar regularmente matriculado em 2026, em cursos de Enfermagem de n\u00edvel superior (gradua\u00e7\u00e3o) ou n\u00edvel profissional t\u00e9cnico vinculados \u00e0s institui\u00e7\u00f5es de ensino do estado Para\u00edba.<\/p><p><strong>6.3<\/strong> No ato da inscri\u00e7\u00e3o, o(a) candidato(a) dever\u00e1:<br \/><strong>6.3.1<\/strong> Preencher o Formul\u00e1rio de inscri\u00e7\u00e3o para sele\u00e7\u00e3o de Monitores que inclui o Termo de compromisso de monitor volunt\u00e1rio.<br \/><strong>6.3.2<\/strong> Dispon\u00edvel em:\u00a0<a href=\"https:\/\/docs.google.com\/forms\/d\/e\/1FAIpQLSdt18kpN8DT2dswGHPn1e13tBlcyM2cpbVqPeqo-4A-tyexBA\/viewform?usp=dialog\">https:\/\/docs.google.com\/forms\/d\/e\/1FAIpQLSdt18kpN8DT2dswGHPn1e13tBlcyM2cpbVqPeqo-4A-tyexBA\/viewform?usp=dialog<\/a><\/p><p><strong>6.3.3<\/strong> Anexar no formul\u00e1rio de inscri\u00e7\u00e3o via Google Forms os seguintes documentos:<br \/><strong>A)<\/strong> Comprovante de matr\u00edcula atualizado, em curso t\u00e9cnico, gradua\u00e7\u00e3o em Enfermagem, fornecido pela institui\u00e7\u00e3o formadora, explicitando o per\u00edodo escolar e o turno de estudo;<br \/><strong>B)<\/strong> Comprovante de associado da ABEn 2026.<\/p><p><b>6.4<\/b> Toda a documenta\u00e7\u00e3o solicitada dever\u00e1 ser anexada no ato da inscri\u00e7\u00e3o. Caso o(a) candidato(a) n\u00e3o apresente os documentos solicitados, a inscri\u00e7\u00e3o ser\u00e1 indeferida;<\/p><p><b>6.5<\/b> A inscri\u00e7\u00e3o do(a) candidato(a) implicar\u00e1 no conhecimento e na aceita\u00e7\u00e3o das normas e condi\u00e7\u00f5es estabelecidas neste edital, em rela\u00e7\u00e3o \u00e0s quais n\u00e3o poder\u00e1 alegar desconhecimento.<\/p><p>\u00a0<\/p><\/div>\n\t\t\t\t<\/div>\n\t\t\t\t\t\t\t<div class=\"elementor-toggle-item\">\n\t\t\t\t\t<div id=\"elementor-tab-title-1097\" class=\"elementor-tab-title\" data-tab=\"7\" role=\"button\" aria-controls=\"elementor-tab-content-1097\" aria-expanded=\"false\">\n\t\t\t\t\t\t\t\t\t\t\t\t<span class=\"elementor-toggle-icon elementor-toggle-icon-right\" aria-hidden=\"true\">\n\t\t\t\t\t\t\t\t\t\t\t\t\t\t\t<span class=\"elementor-toggle-icon-closed\"><svg class=\"e-font-icon-svg e-fas-caret-right\" viewBox=\"0 0 192 512\" xmlns=\"http:\/\/www.w3.org\/2000\/svg\"><path d=\"M0 384.662V127.338c0-17.818 21.543-26.741 34.142-14.142l128.662 128.662c7.81 7.81 7.81 20.474 0 28.284L34.142 398.804C21.543 411.404 0 402.48 0 384.662z\"><\/path><\/svg><\/span>\n\t\t\t\t\t\t\t\t<span class=\"elementor-toggle-icon-opened\"><svg class=\"elementor-toggle-icon-opened e-font-icon-svg e-fas-caret-up\" viewBox=\"0 0 320 512\" xmlns=\"http:\/\/www.w3.org\/2000\/svg\"><path d=\"M288.662 352H31.338c-17.818 0-26.741-21.543-14.142-34.142l128.662-128.662c7.81-7.81 20.474-7.81 28.284 0l128.662 128.662c12.6 12.599 3.676 34.142-14.142 34.142z\"><\/path><\/svg><\/span>\n\t\t\t\t\t\t\t\t\t\t\t\t\t<\/span>\n\t\t\t\t\t\t\t\t\t\t\t\t<a class=\"elementor-toggle-title\" tabindex=\"0\">7 DO PROCESSO SELETIVO E RESULTADO  <\/a>\n\t\t\t\t\t<\/div>\n\n\t\t\t\t\t<div id=\"elementor-tab-content-1097\" class=\"elementor-tab-content elementor-clearfix\" data-tab=\"7\" role=\"region\" aria-labelledby=\"elementor-tab-title-1097\"><p><strong>7.1 <\/strong>A sele\u00e7\u00e3o ser\u00e1 realizada por meio da an\u00e1lise da ficha de inscri\u00e7\u00e3o via Google Forms, tendo por base o disposto no item 4.<br \/>Os crit\u00e9rios para classifica\u00e7\u00e3o ser\u00e3o:<\/p><p><strong>I.<\/strong> Disponibilidade para as atividades antes, durante e ap\u00f3s o evento; Quantidade de semestres cursados, com prioridade para os candidatos com maior n\u00famero.<\/p><p>\u00a0<\/p><p><strong>7.2<\/strong> Ser\u00e3o crit\u00e9rios de desempate:<\/p><p><strong>I.<\/strong> Pertencer a COEST Nacional e\/ou a COEST das Se\u00e7\u00f5es;<br \/><strong>II.<\/strong> Maior Idade.<\/p><p><strong>III.<\/strong> Morar em Jo\u00e3o Pessoa.<\/p><p><strong>7.3<\/strong> O resultado ser\u00e1 divulgado at\u00e9 o dia 30 de abril de 2026 no site oficial do 20\u00ba SENADEn e 17\u00ba SINADEn: <a href=\"https:\/\/eventosaben.org.br\/20senaden\/\">https:\/\/eventosaben.org.br\/20senaden\/<\/a><\/p><\/div>\n\t\t\t\t<\/div>\n\t\t\t\t\t\t\t<div class=\"elementor-toggle-item\">\n\t\t\t\t\t<div id=\"elementor-tab-title-1098\" class=\"elementor-tab-title\" data-tab=\"8\" role=\"button\" aria-controls=\"elementor-tab-content-1098\" aria-expanded=\"false\">\n\t\t\t\t\t\t\t\t\t\t\t\t<span class=\"elementor-toggle-icon elementor-toggle-icon-right\" aria-hidden=\"true\">\n\t\t\t\t\t\t\t\t\t\t\t\t\t\t\t<span class=\"elementor-toggle-icon-closed\"><svg class=\"e-font-icon-svg e-fas-caret-right\" viewBox=\"0 0 192 512\" xmlns=\"http:\/\/www.w3.org\/2000\/svg\"><path d=\"M0 384.662V127.338c0-17.818 21.543-26.741 34.142-14.142l128.662 128.662c7.81 7.81 7.81 20.474 0 28.284L34.142 398.804C21.543 411.404 0 402.48 0 384.662z\"><\/path><\/svg><\/span>\n\t\t\t\t\t\t\t\t<span class=\"elementor-toggle-icon-opened\"><svg class=\"elementor-toggle-icon-opened e-font-icon-svg e-fas-caret-up\" viewBox=\"0 0 320 512\" xmlns=\"http:\/\/www.w3.org\/2000\/svg\"><path d=\"M288.662 352H31.338c-17.818 0-26.741-21.543-14.142-34.142l128.662-128.662c7.81-7.81 20.474-7.81 28.284 0l128.662 128.662c12.6 12.599 3.676 34.142-14.142 34.142z\"><\/path><\/svg><\/span>\n\t\t\t\t\t\t\t\t\t\t\t\t\t<\/span>\n\t\t\t\t\t\t\t\t\t\t\t\t<a class=\"elementor-toggle-title\" tabindex=\"0\">8 CRONOGRAMA<\/a>\n\t\t\t\t\t<\/div>\n\n\t\t\t\t\t<div id=\"elementor-tab-content-1098\" class=\"elementor-tab-content elementor-clearfix\" data-tab=\"8\" role=\"region\" aria-labelledby=\"elementor-tab-title-1098\"><table width=\"567\"><tbody><tr><td width=\"406\"><p><strong>Atividade<\/strong><\/p><\/td><td width=\"161\"><p><b>Data<\/b><\/p><\/td><\/tr><tr><td width=\"406\">8.1 Per\u00edodo de inscri\u00e7\u00f5es<\/td><td width=\"161\"><span style=\"font-size: 14.4px;\">25\/03\/2026 a 25\/04\/2026 at\u00e9 \u00e0s 23h59min (hor\u00e1rio de Bras\u00edlia).<\/span><\/td><\/tr><tr><td width=\"406\">8.2 Resultado das inscri\u00e7\u00f5es homologadas<\/td><td width=\"161\">27 de abril de 2026.<\/td><\/tr><tr><td width=\"406\">8.3 Resultado final da sele\u00e7\u00e3o<\/td><td width=\"161\"><p>30 de 04 de 2026<\/p><p style=\"text-align: justify; border: none; mso-padding-alt: 31.0pt 31.0pt 31.0pt 31.0pt; mso-border-shadow: yes; margin: .05pt 2.75pt .0001pt 3.2pt;\">\u00a0<\/p><\/td><\/tr><tr><td width=\"406\">8.4 Reuni\u00e3o Online de\u00a0\u00a0\u00a0\u00a0\u00a0\u00a0\u00a0 Acolhimento\u00a0\u00a0\u00a0 e\u00a0\u00a0\u00a0\u00a0\u00a0\u00a0\u00a0\u00a0\u00a0 de\u00a0\u00a0\u00a0\u00a0\u00a0\u00a0\u00a0 in\u00edcio\u00a0\u00a0 do planejamento das atividades da monitoria<\/td><td width=\"161\">Em breve<\/td><\/tr><\/tbody><\/table><\/div>\n\t\t\t\t<\/div>\n\t\t\t\t\t\t\t<div class=\"elementor-toggle-item\">\n\t\t\t\t\t<div id=\"elementor-tab-title-1099\" class=\"elementor-tab-title\" data-tab=\"9\" role=\"button\" aria-controls=\"elementor-tab-content-1099\" aria-expanded=\"false\">\n\t\t\t\t\t\t\t\t\t\t\t\t<span class=\"elementor-toggle-icon elementor-toggle-icon-right\" aria-hidden=\"true\">\n\t\t\t\t\t\t\t\t\t\t\t\t\t\t\t<span class=\"elementor-toggle-icon-closed\"><svg class=\"e-font-icon-svg e-fas-caret-right\" viewBox=\"0 0 192 512\" xmlns=\"http:\/\/www.w3.org\/2000\/svg\"><path d=\"M0 384.662V127.338c0-17.818 21.543-26.741 34.142-14.142l128.662 128.662c7.81 7.81 7.81 20.474 0 28.284L34.142 398.804C21.543 411.404 0 402.48 0 384.662z\"><\/path><\/svg><\/span>\n\t\t\t\t\t\t\t\t<span class=\"elementor-toggle-icon-opened\"><svg class=\"elementor-toggle-icon-opened e-font-icon-svg e-fas-caret-up\" viewBox=\"0 0 320 512\" xmlns=\"http:\/\/www.w3.org\/2000\/svg\"><path d=\"M288.662 352H31.338c-17.818 0-26.741-21.543-14.142-34.142l128.662-128.662c7.81-7.81 20.474-7.81 28.284 0l128.662 128.662c12.6 12.599 3.676 34.142-14.142 34.142z\"><\/path><\/svg><\/span>\n\t\t\t\t\t\t\t\t\t\t\t\t\t<\/span>\n\t\t\t\t\t\t\t\t\t\t\t\t<a class=\"elementor-toggle-title\" tabindex=\"0\">9. DISPOSI\u00c7\u00d5ES FINAIS<\/a>\n\t\t\t\t\t<\/div>\n\n\t\t\t\t\t<div id=\"elementor-tab-content-1099\" class=\"elementor-tab-content elementor-clearfix\" data-tab=\"9\" role=\"region\" aria-labelledby=\"elementor-tab-title-1099\"><p><strong>9.1<\/strong> A comiss\u00e3o organizadora poder\u00e1 verificar a veracidade das informa\u00e7\u00f5es prestadas pelo(a) candidato(a). A inverdade de qualquer informa\u00e7\u00e3o implicar\u00e1 na sua desclassifica\u00e7\u00e3o;<\/p><p><strong>9.2<\/strong> O desligamento do(a) monitor(a) poder\u00e1 ocorrer nas seguintes situa\u00e7\u00f5es: deixar de comparecer a qualquer atividade para a qual foi escalado(a) sem a devida justificativa. O monitor poder\u00e1 ter no m\u00e1ximo duas aus\u00eancias n\u00e3o justificadas; ultrapassando esse limite, ser\u00e1 considerado para desligamento. Apresentar comportamento anti\u00e9tico ou inadequado, observado pelos respons\u00e1veis pela organiza\u00e7\u00e3o do evento ou reportado pelos participantes. A avalia\u00e7\u00e3o da conduta ser\u00e1 feita pela Comiss\u00e3o de Monitoria do evento. A Comiss\u00e3o de Monitoria reserva-se o direito de avaliar cada caso individualmente e tomar as decis\u00f5es necess\u00e1rias para manter o bom andamento do evento.<\/p><p><strong>9.3<\/strong> Quaisquer situa\u00e7\u00f5es n\u00e3o previstas no presente Edital ser\u00e3o resolvidas pela Comiss\u00e3o Organizadora do Evento.<\/p><p><strong>9.4 <\/strong>D\u00favidas devem ser encaminhadas por e-mail para <span style=\"color: #0000ff;\"><a style=\"color: #0000ff;\" href=\"mailto:monitoriaaben2024@gmail.com\">monitoriaaben2024@gmail.com<\/a><\/span><\/p><\/div>\n\t\t\t\t<\/div>\n\t\t\t\t\t\t\t\t<\/div>\n\t\t\t\t\t\t<\/div>\n\t\t\t\t<\/div>\n\t\t\t\t<div class=\"elementor-element elementor-element-e25fa2e elementor-widget elementor-widget-toggle\" data-id=\"e25fa2e\" data-element_type=\"widget\" data-e-type=\"widget\" data-widget_type=\"toggle.default\">\n\t\t\t\t<div class=\"elementor-widget-container\">\n\t\t\t\t\t\t\t<div class=\"elementor-toggle\">\n\t\t\t\t\t\t\t<div class=\"elementor-toggle-item\">\n\t\t\t\t\t<div id=\"elementor-tab-title-2371\" class=\"elementor-tab-title\" data-tab=\"1\" role=\"button\" aria-controls=\"elementor-tab-content-2371\" aria-expanded=\"false\">\n\t\t\t\t\t\t\t\t\t\t\t\t<span class=\"elementor-toggle-icon elementor-toggle-icon-right\" aria-hidden=\"true\">\n\t\t\t\t\t\t\t\t\t\t\t\t\t\t\t<span class=\"elementor-toggle-icon-closed\"><svg class=\"e-font-icon-svg e-fas-caret-right\" viewBox=\"0 0 192 512\" xmlns=\"http:\/\/www.w3.org\/2000\/svg\"><path d=\"M0 384.662V127.338c0-17.818 21.543-26.741 34.142-14.142l128.662 128.662c7.81 7.81 7.81 20.474 0 28.284L34.142 398.804C21.543 411.404 0 402.48 0 384.662z\"><\/path><\/svg><\/span>\n\t\t\t\t\t\t\t\t<span class=\"elementor-toggle-icon-opened\"><svg class=\"elementor-toggle-icon-opened e-font-icon-svg e-fas-caret-up\" viewBox=\"0 0 320 512\" xmlns=\"http:\/\/www.w3.org\/2000\/svg\"><path d=\"M288.662 352H31.338c-17.818 0-26.741-21.543-14.142-34.142l128.662-128.662c7.81-7.81 20.474-7.81 28.284 0l128.662 128.662c12.6 12.599 3.676 34.142-14.142 34.142z\"><\/path><\/svg><\/span>\n\t\t\t\t\t\t\t\t\t\t\t\t\t<\/span>\n\t\t\t\t\t\t\t\t\t\t\t\t<a class=\"elementor-toggle-title\" tabindex=\"0\">1. DAS DISPOSI\u00c7\u00d5ES PRELIMINARES<\/a>\n\t\t\t\t\t<\/div>\n\n\t\t\t\t\t<div id=\"elementor-tab-content-2371\" class=\"elementor-tab-content elementor-clearfix\" data-tab=\"1\" role=\"region\" aria-labelledby=\"elementor-tab-title-2371\"><p><span style=\"font-weight: 400;\">1.1 O objetivo desta monitoria \u00e9 incentivar estudantes de cursos t\u00e9cnicos e gradua\u00e7\u00e3o em Enfermagem a participarem e se envolverem em eventos cient\u00edficos nacionais na \u00e1rea.<\/span><\/p><p><span style=\"font-weight: 400;\">1.2 O papel dos monitores em um evento cient\u00edfico \u00e9 essencial para garantir o bom andamento das atividades e proporcionar uma experi\u00eancia positiva para todos os participantes. Eles atuar\u00e3o como intermedi\u00e1rios entre organizadores e participantes, al\u00e9m de apoiarem as atividades de suporte log\u00edstico, t\u00e9cnico e administrativo, contribuindo para o sucesso do evento. Participar\u00e3o, ainda, das reuni\u00f5es p\u00f3s evento para fins de avalia\u00e7\u00e3o. Al\u00e9m disso, ap\u00f3s o evento, contribuem ativamente participando de reuni\u00f5es de avalia\u00e7\u00e3o e fornecendo feedback para futuras melhorias nos eventos da ABEn.<\/span><\/p><p><span style=\"font-weight: 400;\">1.3 A monitoria \u00e9 uma atividade volunt\u00e1ria para associados da ABEn e n\u00e3o implica em v\u00ednculo empregat\u00edcio com a Associa\u00e7\u00e3o Brasileira de Enfermagem (ABEn). A entidade e a Comiss\u00e3o Organizadora n\u00e3o se responsabilizam por remunera\u00e7\u00e3o financeira, subs\u00eddios de transporte, hospedagem ou outras despesas relacionadas \u00e0 atividade.<\/span><\/p><\/div>\n\t\t\t\t<\/div>\n\t\t\t\t\t\t\t<div class=\"elementor-toggle-item\">\n\t\t\t\t\t<div id=\"elementor-tab-title-2372\" class=\"elementor-tab-title\" data-tab=\"2\" role=\"button\" aria-controls=\"elementor-tab-content-2372\" aria-expanded=\"false\">\n\t\t\t\t\t\t\t\t\t\t\t\t<span class=\"elementor-toggle-icon elementor-toggle-icon-right\" aria-hidden=\"true\">\n\t\t\t\t\t\t\t\t\t\t\t\t\t\t\t<span class=\"elementor-toggle-icon-closed\"><svg class=\"e-font-icon-svg e-fas-caret-right\" viewBox=\"0 0 192 512\" xmlns=\"http:\/\/www.w3.org\/2000\/svg\"><path d=\"M0 384.662V127.338c0-17.818 21.543-26.741 34.142-14.142l128.662 128.662c7.81 7.81 7.81 20.474 0 28.284L34.142 398.804C21.543 411.404 0 402.48 0 384.662z\"><\/path><\/svg><\/span>\n\t\t\t\t\t\t\t\t<span class=\"elementor-toggle-icon-opened\"><svg class=\"elementor-toggle-icon-opened e-font-icon-svg e-fas-caret-up\" viewBox=\"0 0 320 512\" xmlns=\"http:\/\/www.w3.org\/2000\/svg\"><path d=\"M288.662 352H31.338c-17.818 0-26.741-21.543-14.142-34.142l128.662-128.662c7.81-7.81 20.474-7.81 28.284 0l128.662 128.662c12.6 12.599 3.676 34.142-14.142 34.142z\"><\/path><\/svg><\/span>\n\t\t\t\t\t\t\t\t\t\t\t\t\t<\/span>\n\t\t\t\t\t\t\t\t\t\t\t\t<a class=\"elementor-toggle-title\" tabindex=\"0\">2. DAS VAGAS<\/a>\n\t\t\t\t\t<\/div>\n\n\t\t\t\t\t<div id=\"elementor-tab-content-2372\" class=\"elementor-tab-content elementor-clearfix\" data-tab=\"2\" role=\"region\" aria-labelledby=\"elementor-tab-title-2372\"><p><strong>2.1 <\/strong>Ser\u00e3o oferecidas 40 vagas de monitoria para o <strong>20\u00ba SENADEn<\/strong> e <strong>17\u00ba SINADEn<\/strong>, sendo 90% das vagas para estudantes <strong>de enfermagem de <\/strong><strong>universidades p\u00fablicas e privadas e escolas t\u00e9cnicas p\u00fablicas e provadas do estado da Para\u00edba e 10% das vagas para estudantes das outras universidades do Braisl<\/strong>. Os demais classificados figurar\u00e3o como cadastro de reserva, conforme a necessidade do evento.<\/p><\/div>\n\t\t\t\t<\/div>\n\t\t\t\t\t\t\t<div class=\"elementor-toggle-item\">\n\t\t\t\t\t<div id=\"elementor-tab-title-2373\" class=\"elementor-tab-title\" data-tab=\"3\" role=\"button\" aria-controls=\"elementor-tab-content-2373\" aria-expanded=\"false\">\n\t\t\t\t\t\t\t\t\t\t\t\t<span class=\"elementor-toggle-icon elementor-toggle-icon-right\" aria-hidden=\"true\">\n\t\t\t\t\t\t\t\t\t\t\t\t\t\t\t<span class=\"elementor-toggle-icon-closed\"><svg class=\"e-font-icon-svg e-fas-caret-right\" viewBox=\"0 0 192 512\" xmlns=\"http:\/\/www.w3.org\/2000\/svg\"><path d=\"M0 384.662V127.338c0-17.818 21.543-26.741 34.142-14.142l128.662 128.662c7.81 7.81 7.81 20.474 0 28.284L34.142 398.804C21.543 411.404 0 402.48 0 384.662z\"><\/path><\/svg><\/span>\n\t\t\t\t\t\t\t\t<span class=\"elementor-toggle-icon-opened\"><svg class=\"elementor-toggle-icon-opened e-font-icon-svg e-fas-caret-up\" viewBox=\"0 0 320 512\" xmlns=\"http:\/\/www.w3.org\/2000\/svg\"><path d=\"M288.662 352H31.338c-17.818 0-26.741-21.543-14.142-34.142l128.662-128.662c7.81-7.81 20.474-7.81 28.284 0l128.662 128.662c12.6 12.599 3.676 34.142-14.142 34.142z\"><\/path><\/svg><\/span>\n\t\t\t\t\t\t\t\t\t\t\t\t\t<\/span>\n\t\t\t\t\t\t\t\t\t\t\t\t<a class=\"elementor-toggle-title\" tabindex=\"0\">3. DOS REQUISITOS B\u00c1SICOS <\/a>\n\t\t\t\t\t<\/div>\n\n\t\t\t\t\t<div id=\"elementor-tab-content-2373\" class=\"elementor-tab-content elementor-clearfix\" data-tab=\"3\" role=\"region\" aria-labelledby=\"elementor-tab-title-2373\"><p><strong>3.1 <\/strong>Estudantes de cursos t\u00e9cnicos e de gradua\u00e7\u00e3o em Enfermagem, com matr\u00edcula ativa em institui\u00e7\u00f5es de ensino p\u00fablicas e privadas do Brasil, podem se candidatar \u00e0 monitoria. \u00c9 necess\u00e1rio que a matr\u00edcula esteja ativa n\u00e3o s\u00f3 no processo de sele\u00e7\u00e3o, mas tamb\u00e9m durante a realiza\u00e7\u00e3o do evento.<\/p><p><strong>3.2 Para se candidatar \u00e0 monitoria, o estudante deve estar associado \u00e0 ABEn e ter quitado a anuidade de 2026 at\u00e9 o prazo de inscri\u00e7\u00e3o no processo seletivo<\/strong>. A falta de associa\u00e7\u00e3o resultar\u00e1 automaticamente na n\u00e3o homologa\u00e7\u00e3o da inscri\u00e7\u00e3o no processo seletivo.<\/p><\/div>\n\t\t\t\t<\/div>\n\t\t\t\t\t\t\t<div class=\"elementor-toggle-item\">\n\t\t\t\t\t<div id=\"elementor-tab-title-2374\" class=\"elementor-tab-title\" data-tab=\"4\" role=\"button\" aria-controls=\"elementor-tab-content-2374\" aria-expanded=\"false\">\n\t\t\t\t\t\t\t\t\t\t\t\t<span class=\"elementor-toggle-icon elementor-toggle-icon-right\" aria-hidden=\"true\">\n\t\t\t\t\t\t\t\t\t\t\t\t\t\t\t<span class=\"elementor-toggle-icon-closed\"><svg class=\"e-font-icon-svg e-fas-caret-right\" viewBox=\"0 0 192 512\" xmlns=\"http:\/\/www.w3.org\/2000\/svg\"><path d=\"M0 384.662V127.338c0-17.818 21.543-26.741 34.142-14.142l128.662 128.662c7.81 7.81 7.81 20.474 0 28.284L34.142 398.804C21.543 411.404 0 402.48 0 384.662z\"><\/path><\/svg><\/span>\n\t\t\t\t\t\t\t\t<span class=\"elementor-toggle-icon-opened\"><svg class=\"elementor-toggle-icon-opened e-font-icon-svg e-fas-caret-up\" viewBox=\"0 0 320 512\" xmlns=\"http:\/\/www.w3.org\/2000\/svg\"><path d=\"M288.662 352H31.338c-17.818 0-26.741-21.543-14.142-34.142l128.662-128.662c7.81-7.81 20.474-7.81 28.284 0l128.662 128.662c12.6 12.599 3.676 34.142-14.142 34.142z\"><\/path><\/svg><\/span>\n\t\t\t\t\t\t\t\t\t\t\t\t\t<\/span>\n\t\t\t\t\t\t\t\t\t\t\t\t<a class=\"elementor-toggle-title\" tabindex=\"0\">4. DAS OBRIGA\u00c7\u00d5ES E ATIVIDADES<\/a>\n\t\t\t\t\t<\/div>\n\n\t\t\t\t\t<div id=\"elementor-tab-content-2374\" class=\"elementor-tab-content elementor-clearfix\" data-tab=\"4\" role=\"region\" aria-labelledby=\"elementor-tab-title-2374\"><p><strong>4.1 <\/strong>Os monitores ser\u00e3o respons\u00e1veis por participar e apoiar as comiss\u00f5es e subcomiss\u00f5es nas atividades cient\u00edficas, estruturais e socioculturais, nos hor\u00e1rios determinados pela organiza\u00e7\u00e3o do evento<strong>. A presen\u00e7a dos monitores na abertura e no encerramento do evento \u00e9 obrigat\u00f3ria. <\/strong>Ap\u00f3s o evento, os monitores dever\u00e3o participar de reuni\u00f5es de avalia\u00e7\u00e3o do evento para identifica\u00e7\u00e3o de pontos fortes e \u00e1reas de melhoria. Al\u00e9m disso, ser\u00e3o incentivados a contribuir com sugest\u00f5es e feedbacks para aprimorar futuros eventos organizados pela ABEn.<\/p><p><strong>4.2<\/strong> Todas as atividades ser\u00e3o supervisionadas pelos coordenadores das comiss\u00f5es e subcomiss\u00f5es, em conjunto com a empresa organizadora do evento.<\/p><p><strong>4.3<\/strong> Para o cumprimento das atividades previstas para a monitoria, a(o)estudante dever\u00e1 dispor de, no m\u00ednimo, 30 horas, distribu\u00eddas entre atividades de capacita\u00e7\u00e3o (treinamento), visitas t\u00e9cnicas ao local do evento e atividades pr\u00e9 e p\u00f3s-evento;<\/p><p><strong>4.3.1<\/strong>\u00a0Para a monitoria, a(o)estudante dever\u00e1 disponibilizar, minimamente, de 6 (seis) horas para capacita\u00e7\u00e3o (treinamento) e 04 (quatro) horas para organiza\u00e7\u00e3o do evento em parceria com a comiss\u00e3o organizadora, a partir do resultado desta sele\u00e7\u00e3o. Durante a realiza\u00e7\u00e3o do evento, o monitor dever\u00e1 ter disponibilidade de <strong>no m\u00ednimo 5 (cinco) horas di\u00e1rias, no per\u00edodo de 28 a 31 de julho de 2026, conforme escala previamente disponibilizada<\/strong>.<\/p><p><strong>\u00a0<\/strong><\/p><p><strong>4.4<\/strong> O (a) monitor(a) tem direito a justificar faltas por motivo de doen\u00e7a, desde que devidamente comprovadas por atestado m\u00e9dico. A justificativa ser\u00e1 aceita desde que o total de faltas justificadas n\u00e3o exceda 20% das atividades para as quais foi escalado(a).<\/p><p><strong>4.5<\/strong> A aus\u00eancia do(a) monitor(a) nas atividades pr\u00e9-evento e nas atividades no evento, sem a devida justificativa, acarretar\u00e1 automaticamente no seu desligamento;<\/p><p><strong>4.6<\/strong> O(a) estudante que for desligada(o) n\u00e3o ter\u00e1 direito a certifica\u00e7\u00e3o de monitoria do Congresso e sua inscri\u00e7\u00e3o como monitor ser\u00e1 cancelada.<\/p><p><strong>4.7<\/strong> Os monitores podem ser alocados em diversas atividades conforme a necessidade, antes, durante e ap\u00f3s o evento, para desenvolverem as atividades a seguir:<\/p><p>\u00a0<\/p><p><strong>4.7.1 Antes do evento<\/strong><\/p><p><strong>Monitores da cidade de Jo\u00e3o Pessoa &#8211; PB<\/strong><\/p><p><strong>\u00a0<\/strong><\/p><p><strong style=\"background-color: transparent;\">I. Reuni\u00f5es e treinamentos: <\/strong><span style=\"background-color: transparent;\">Participar de reuni\u00f5es e treinamentos, on-line ou presenciais, junto \u00e0s comiss\u00f5es organizadoras; conhecer a programa\u00e7\u00e3o do evento e suas responsabilidades espec\u00edficas.<br \/><\/span><span style=\"background-color: transparent;\"><b>II<\/b>.\u00a0<\/span><strong style=\"background-color: transparent;\">Divulga\u00e7\u00e3o do evento: <\/strong><span style=\"background-color: transparent;\">Participar ativamente das atividades de divulga\u00e7\u00e3o do evento nas institui\u00e7\u00f5es de ensino, servi\u00e7os de sa\u00fade e redes sociais; realizar outras tarefas pertinentes, definidas pela Comiss\u00e3o Organizadora do evento, Comiss\u00e3o de Monitoria e demais subcomiss\u00f5es.<br \/><\/span><span style=\"background-color: transparent;\"><b>III<\/b>.\u00a0<\/span><strong style=\"background-color: transparent;\">Preparativos log\u00edsticos: <\/strong><span style=\"background-color: transparent;\">Ajudar na prepara\u00e7\u00e3o dos materiais do evento, como crach\u00e1s, kits de boas-vindas e outros itens necess\u00e1rios; auxiliar na organiza\u00e7\u00e3o e disposi\u00e7\u00e3o dos espa\u00e7os f\u00edsicos onde o evento ser\u00e1 realizado.<\/span><\/p><p><strong>Monitores de outras cidades do pa\u00eds<br \/><\/strong><strong style=\"background-color: transparent;\"><br \/>I. Reuni\u00f5es e treinamentos: <\/strong><span style=\"background-color: transparent;\">Participar de reuni\u00f5es e treinamentos, on-line, junto \u00e0s comiss\u00f5es organizadoras; conhecer a programa\u00e7\u00e3o do evento e suas responsabilidades espec\u00edficas.<br \/><\/span><span style=\"background-color: transparent;\"><b>II.<\/b>\u00a0<\/span><strong style=\"background-color: transparent;\">Divulga\u00e7\u00e3o do evento: <\/strong><span style=\"background-color: transparent;\">Participar de atividades para divulga\u00e7\u00e3o do evento nas institui\u00e7\u00f5es de ensino, servi\u00e7os de sa\u00fade e redes sociais; realizar outras tarefas pertinentes, definidas pela Comiss\u00e3o Organizadora do evento, Comiss\u00e3o de Monitoria e demais subcomiss\u00f5es.<br \/><\/span><span style=\"background-color: transparent;\"><b>III.<\/b>\u00a0<\/span><strong style=\"background-color: transparent;\">Preparativos log\u00edsticos: <\/strong><span style=\"background-color: transparent;\">Contribuir remotamente na organiza\u00e7\u00e3o e prepara\u00e7\u00e3o dos materiais do evento, como crach\u00e1s e kits de boas-vindas e articular-se com os monitores da Para\u00edba para garantir que tudo esteja pronto para o evento.<br \/><\/span><span style=\"background-color: transparent;\"><br \/><b>4.7.2<\/b>\u00a0<b>Durante o evento (todos os monitores)<br \/><\/b><\/span><strong style=\"background-color: transparent;\"><br \/>I. Recep\u00e7\u00e3o e orienta\u00e7\u00e3o: <\/strong><span style=\"background-color: transparent;\">Recepcionar e acolher os(as) palestrantes e participantes no local do evento e orient\u00e1-los, esclarecendo d\u00favidas; fornecer informa\u00e7\u00f5es sobre o cronograma do evento, localiza\u00e7\u00e3o das salas e outras d\u00favidas dos participantes.<\/span><\/p><p><strong>II.\u00a0<\/strong><strong style=\"background-color: transparent;\">Atendimento ao P\u00fablico e seguran\u00e7a: <\/strong><span style=\"background-color: transparent;\">Ajudar os participantes com necessidades especiais; fornecer informa\u00e7\u00f5es sobre transporte, acomoda\u00e7\u00e3o e restaurantes pr\u00f3ximos; reportar quaisquer incidentes ao coordenador do evento<\/span><strong style=\"background-color: transparent;\">.<\/strong><\/p><p><strong style=\"background-color: transparent;\">III. Modera\u00e7\u00e3o e media\u00e7\u00e3o: <\/strong><span style=\"background-color: transparent;\">Apoiar o(as) moderador(as) nas atividades cient\u00edficas do evento, como apresenta\u00e7\u00f5es de trabalhos, rodas de conversa tem\u00e1ticas, durante as atividades, assim como nas apresenta\u00e7\u00f5es culturais; media\u00e7\u00e3o com prestadores de servi\u00e7os durante o evento.<\/span><\/p><p><strong style=\"background-color: transparent;\">IV. Apoio em Sess\u00f5es de Perguntas e Respostas: <\/strong><span style=\"background-color: transparent;\">Gerenciar microfones e auxiliar na organiza\u00e7\u00e3o de filas para perguntas e coletar perguntas por escrito, se aplic\u00e1vel.<\/span><\/p><p><strong style=\"background-color: transparent;\">V. Apoio log\u00edstico e t\u00e9cnico: <\/strong><span style=\"background-color: transparent;\">Apoiar o(as) palestrantes na utiliza\u00e7\u00e3o de equipamentos audiovisuais; orientar os congressistas; apoiar nos servi\u00e7os de inform\u00e1tica, na organiza\u00e7\u00e3o de atividades, no manejo de espa\u00e7os f\u00edsicos, como salas, audit\u00f3rios e \u00e1reas de inform\u00e1tica; distribuir e coletar materiais de apoio (apostilas, formul\u00e1rios de feedback, etc.); controlar o tempo das apresenta\u00e7\u00f5es e sinalizar aos palestrantes quando estiverem se aproximando do final do tempo alocado; apoiar a secretaria do evento, ajudando no credenciamento e na gest\u00e3o de inscri\u00e7\u00f5es; distribuir e coletar formul\u00e1rios de feedback dos participantes e palestrantes; estar dispon\u00edvel para resolver problemas t\u00e9cnicos que possam surgir durante o evento.<\/span><\/p><p><strong style=\"background-color: transparent;\">VI. Apoio \u00e0s Comiss\u00f5es: <\/strong><span style=\"background-color: transparent;\">Assessorar as diferentes comiss\u00f5es do evento, oferecendo suporte nas atividades que forem necess\u00e1rias; realizar registros fotogr\u00e1ficos e auxiliar na comunica\u00e7\u00e3o e publica\u00e7\u00f5es relacionadas ao evento.<br \/><br \/><\/span><\/p><p><strong>4.7.3 Ap\u00f3s o evento (todos os monitores)<\/strong><\/p><p><strong>\u00a0<\/strong><\/p><p><strong>I. Atividades administrativas: <\/strong>Participar de atividades de avalia\u00e7\u00e3o do evento, como tabula\u00e7\u00e3o de dados e divulga\u00e7\u00e3o dos resultados da avalia\u00e7\u00e3o, podendo ser realizadas remotamente; colaborar com a elabora\u00e7\u00e3o dos relat\u00f3rios; participar de reuni\u00f5es de avalia\u00e7\u00e3o remotas, para discutir o que funcionou e o que poderia ser melhorado e contribuir com sugest\u00f5es para os futuros eventos; ajudar na an\u00e1lise dos dados de feedback.<\/p><p><span style=\"background-color: transparent;\">\u00a0<\/span><\/p><p><span style=\"background-color: transparent;\">\u00a0<\/span><\/p><\/div>\n\t\t\t\t<\/div>\n\t\t\t\t\t\t\t<div class=\"elementor-toggle-item\">\n\t\t\t\t\t<div id=\"elementor-tab-title-2375\" class=\"elementor-tab-title\" data-tab=\"5\" role=\"button\" aria-controls=\"elementor-tab-content-2375\" aria-expanded=\"false\">\n\t\t\t\t\t\t\t\t\t\t\t\t<span class=\"elementor-toggle-icon elementor-toggle-icon-right\" aria-hidden=\"true\">\n\t\t\t\t\t\t\t\t\t\t\t\t\t\t\t<span class=\"elementor-toggle-icon-closed\"><svg class=\"e-font-icon-svg e-fas-caret-right\" viewBox=\"0 0 192 512\" xmlns=\"http:\/\/www.w3.org\/2000\/svg\"><path d=\"M0 384.662V127.338c0-17.818 21.543-26.741 34.142-14.142l128.662 128.662c7.81 7.81 7.81 20.474 0 28.284L34.142 398.804C21.543 411.404 0 402.48 0 384.662z\"><\/path><\/svg><\/span>\n\t\t\t\t\t\t\t\t<span class=\"elementor-toggle-icon-opened\"><svg class=\"elementor-toggle-icon-opened e-font-icon-svg e-fas-caret-up\" viewBox=\"0 0 320 512\" xmlns=\"http:\/\/www.w3.org\/2000\/svg\"><path d=\"M288.662 352H31.338c-17.818 0-26.741-21.543-14.142-34.142l128.662-128.662c7.81-7.81 20.474-7.81 28.284 0l128.662 128.662c12.6 12.599 3.676 34.142-14.142 34.142z\"><\/path><\/svg><\/span>\n\t\t\t\t\t\t\t\t\t\t\t\t\t<\/span>\n\t\t\t\t\t\t\t\t\t\t\t\t<a class=\"elementor-toggle-title\" tabindex=\"0\">5 CERTIFICA\u00c7\u00c3O<\/a>\n\t\t\t\t\t<\/div>\n\n\t\t\t\t\t<div id=\"elementor-tab-content-2375\" class=\"elementor-tab-content elementor-clearfix\" data-tab=\"5\" role=\"region\" aria-labelledby=\"elementor-tab-title-2375\"><p><strong>5.1 <\/strong>O (a) monitor(a) que cumprir as atividades e a carga hor\u00e1ria m\u00ednima (30 horas) previstas neste Edital receber\u00e1 certificado de monitoria e certificado de participa\u00e7\u00e3o no evento emitidos pela Associa\u00e7\u00e3o Brasileira de Enfermagem (ABEn).<\/p><\/div>\n\t\t\t\t<\/div>\n\t\t\t\t\t\t\t<div class=\"elementor-toggle-item\">\n\t\t\t\t\t<div id=\"elementor-tab-title-2376\" class=\"elementor-tab-title\" data-tab=\"6\" role=\"button\" aria-controls=\"elementor-tab-content-2376\" aria-expanded=\"false\">\n\t\t\t\t\t\t\t\t\t\t\t\t<span class=\"elementor-toggle-icon elementor-toggle-icon-right\" aria-hidden=\"true\">\n\t\t\t\t\t\t\t\t\t\t\t\t\t\t\t<span class=\"elementor-toggle-icon-closed\"><svg class=\"e-font-icon-svg e-fas-caret-right\" viewBox=\"0 0 192 512\" xmlns=\"http:\/\/www.w3.org\/2000\/svg\"><path d=\"M0 384.662V127.338c0-17.818 21.543-26.741 34.142-14.142l128.662 128.662c7.81 7.81 7.81 20.474 0 28.284L34.142 398.804C21.543 411.404 0 402.48 0 384.662z\"><\/path><\/svg><\/span>\n\t\t\t\t\t\t\t\t<span class=\"elementor-toggle-icon-opened\"><svg class=\"elementor-toggle-icon-opened e-font-icon-svg e-fas-caret-up\" viewBox=\"0 0 320 512\" xmlns=\"http:\/\/www.w3.org\/2000\/svg\"><path d=\"M288.662 352H31.338c-17.818 0-26.741-21.543-14.142-34.142l128.662-128.662c7.81-7.81 20.474-7.81 28.284 0l128.662 128.662c12.6 12.599 3.676 34.142-14.142 34.142z\"><\/path><\/svg><\/span>\n\t\t\t\t\t\t\t\t\t\t\t\t\t<\/span>\n\t\t\t\t\t\t\t\t\t\t\t\t<a class=\"elementor-toggle-title\" tabindex=\"0\">6 DAS INSCRI\u00c7\u00d5ES <\/a>\n\t\t\t\t\t<\/div>\n\n\t\t\t\t\t<div id=\"elementor-tab-content-2376\" class=\"elementor-tab-content elementor-clearfix\" data-tab=\"6\" role=\"region\" aria-labelledby=\"elementor-tab-title-2376\"><p><strong>6.1<\/strong> As inscri\u00e7\u00f5es para a monitoria poder\u00e3o ser realizadas no per\u00edodo de <strong>25\/03\/2026 a 25\/04\/2026<\/strong> at\u00e9 \u00e0s <strong>23h59min (hor\u00e1rio de Bras\u00edlia).<br><\/strong> <br><strong>6.2<\/strong> Os requisitos para inscrever-se s\u00e3o:<\/p>\n<p>I. Estar com anuidade de 2026 da ABEn quitada e;<br>II. Estar regularmente matriculado em 2026, em cursos de Enfermagem de n\u00edvel superior (gradua\u00e7\u00e3o) ou n\u00edvel profissional t\u00e9cnico vinculados \u00e0s institui\u00e7\u00f5es de ensino do estado Para\u00edba.<\/p>\n<p><strong>6.3<\/strong> No ato da inscri\u00e7\u00e3o, o(a) candidato(a) dever\u00e1:<br><strong>6.3.1<\/strong> Preencher o Formul\u00e1rio de inscri\u00e7\u00e3o para sele\u00e7\u00e3o de Monitores que inclui o Termo de compromisso de monitor volunt\u00e1rio.<br><strong>6.3.2<\/strong> Dispon\u00edvel em:&nbsp;<a href=\"https:\/\/docs.google.com\/forms\/d\/e\/1FAIpQLSdt18kpN8DT2dswGHPn1e13tBlcyM2cpbVqPeqo-4A-tyexBA\/viewform?usp=dialog\">https:\/\/docs.google.com\/forms\/d\/e\/1FAIpQLSdt18kpN8DT2dswGHPn1e13tBlcyM2cpbVqPeqo-4A-tyexBA\/viewform?usp=dialog<\/a><\/p>\n<p><strong>6.3.3<\/strong> Anexar no formul\u00e1rio de inscri\u00e7\u00e3o via Google Forms os seguintes documentos:<br><strong>A)<\/strong> Comprovante de matr\u00edcula atualizado, em curso t\u00e9cnico, gradua\u00e7\u00e3o em Enfermagem, fornecido pela institui\u00e7\u00e3o formadora, explicitando o per\u00edodo escolar e o turno de estudo;<br><strong>B)<\/strong> Comprovante de associado da ABEn 2026.<\/p>\n<p><b>6.4<\/b> Toda a documenta\u00e7\u00e3o solicitada dever\u00e1 ser anexada no ato da inscri\u00e7\u00e3o. Caso o(a) candidato(a) n\u00e3o apresente os documentos solicitados, a inscri\u00e7\u00e3o ser\u00e1 indeferida;<\/p>\n<p><b>6.5<\/b> A inscri\u00e7\u00e3o do(a) candidato(a) implicar\u00e1 no conhecimento e na aceita\u00e7\u00e3o das normas e condi\u00e7\u00f5es estabelecidas neste edital, em rela\u00e7\u00e3o \u00e0s quais n\u00e3o poder\u00e1 alegar desconhecimento.<\/p>\n<p><\/p><\/div>\n\t\t\t\t<\/div>\n\t\t\t\t\t\t\t<div class=\"elementor-toggle-item\">\n\t\t\t\t\t<div id=\"elementor-tab-title-2377\" class=\"elementor-tab-title\" data-tab=\"7\" role=\"button\" aria-controls=\"elementor-tab-content-2377\" aria-expanded=\"false\">\n\t\t\t\t\t\t\t\t\t\t\t\t<span class=\"elementor-toggle-icon elementor-toggle-icon-right\" aria-hidden=\"true\">\n\t\t\t\t\t\t\t\t\t\t\t\t\t\t\t<span class=\"elementor-toggle-icon-closed\"><svg class=\"e-font-icon-svg e-fas-caret-right\" viewBox=\"0 0 192 512\" xmlns=\"http:\/\/www.w3.org\/2000\/svg\"><path d=\"M0 384.662V127.338c0-17.818 21.543-26.741 34.142-14.142l128.662 128.662c7.81 7.81 7.81 20.474 0 28.284L34.142 398.804C21.543 411.404 0 402.48 0 384.662z\"><\/path><\/svg><\/span>\n\t\t\t\t\t\t\t\t<span class=\"elementor-toggle-icon-opened\"><svg class=\"elementor-toggle-icon-opened e-font-icon-svg e-fas-caret-up\" viewBox=\"0 0 320 512\" xmlns=\"http:\/\/www.w3.org\/2000\/svg\"><path d=\"M288.662 352H31.338c-17.818 0-26.741-21.543-14.142-34.142l128.662-128.662c7.81-7.81 20.474-7.81 28.284 0l128.662 128.662c12.6 12.599 3.676 34.142-14.142 34.142z\"><\/path><\/svg><\/span>\n\t\t\t\t\t\t\t\t\t\t\t\t\t<\/span>\n\t\t\t\t\t\t\t\t\t\t\t\t<a class=\"elementor-toggle-title\" tabindex=\"0\">7 DO PROCESSO SELETIVO E RESULTADO  <\/a>\n\t\t\t\t\t<\/div>\n\n\t\t\t\t\t<div id=\"elementor-tab-content-2377\" class=\"elementor-tab-content elementor-clearfix\" data-tab=\"7\" role=\"region\" aria-labelledby=\"elementor-tab-title-2377\"><p><strong>7.1 <\/strong>A sele\u00e7\u00e3o ser\u00e1 realizada por meio da an\u00e1lise da ficha de inscri\u00e7\u00e3o via Google Forms, tendo por base o disposto no item 4.<br \/>Os crit\u00e9rios para classifica\u00e7\u00e3o ser\u00e3o:<\/p><p><strong>I.<\/strong> Disponibilidade para as atividades antes, durante e ap\u00f3s o evento; Quantidade de semestres cursados, com prioridade para os candidatos com maior n\u00famero.<\/p><p>\u00a0<\/p><p><strong>7.2<\/strong> Ser\u00e3o crit\u00e9rios de desempate:<\/p><p><strong>I.<\/strong> Pertencer a COEST Nacional e\/ou a COEST das Se\u00e7\u00f5es;<br \/><strong>II.<\/strong> Maior Idade.<\/p><p><strong>III.<\/strong> Morar em Jo\u00e3o Pessoa.<\/p><p><strong>7.3<\/strong> O resultado ser\u00e1 divulgado at\u00e9 o dia 30 de abril de 2026 no site oficial do 20\u00ba SENADEn e 17\u00ba SINADEn: <a href=\"https:\/\/eventosaben.org.br\/20senaden\/\">https:\/\/eventosaben.org.br\/20senaden\/<\/a><\/p><\/div>\n\t\t\t\t<\/div>\n\t\t\t\t\t\t\t<div class=\"elementor-toggle-item\">\n\t\t\t\t\t<div id=\"elementor-tab-title-2378\" class=\"elementor-tab-title\" data-tab=\"8\" role=\"button\" aria-controls=\"elementor-tab-content-2378\" aria-expanded=\"false\">\n\t\t\t\t\t\t\t\t\t\t\t\t<span class=\"elementor-toggle-icon elementor-toggle-icon-right\" aria-hidden=\"true\">\n\t\t\t\t\t\t\t\t\t\t\t\t\t\t\t<span class=\"elementor-toggle-icon-closed\"><svg class=\"e-font-icon-svg e-fas-caret-right\" viewBox=\"0 0 192 512\" xmlns=\"http:\/\/www.w3.org\/2000\/svg\"><path d=\"M0 384.662V127.338c0-17.818 21.543-26.741 34.142-14.142l128.662 128.662c7.81 7.81 7.81 20.474 0 28.284L34.142 398.804C21.543 411.404 0 402.48 0 384.662z\"><\/path><\/svg><\/span>\n\t\t\t\t\t\t\t\t<span class=\"elementor-toggle-icon-opened\"><svg class=\"elementor-toggle-icon-opened e-font-icon-svg e-fas-caret-up\" viewBox=\"0 0 320 512\" xmlns=\"http:\/\/www.w3.org\/2000\/svg\"><path d=\"M288.662 352H31.338c-17.818 0-26.741-21.543-14.142-34.142l128.662-128.662c7.81-7.81 20.474-7.81 28.284 0l128.662 128.662c12.6 12.599 3.676 34.142-14.142 34.142z\"><\/path><\/svg><\/span>\n\t\t\t\t\t\t\t\t\t\t\t\t\t<\/span>\n\t\t\t\t\t\t\t\t\t\t\t\t<a class=\"elementor-toggle-title\" tabindex=\"0\">8 CRONOGRAMA<\/a>\n\t\t\t\t\t<\/div>\n\n\t\t\t\t\t<div id=\"elementor-tab-content-2378\" class=\"elementor-tab-content elementor-clearfix\" data-tab=\"8\" role=\"region\" aria-labelledby=\"elementor-tab-title-2378\"><table width=\"567\"><tbody><tr><td width=\"406\"><p><strong>Atividade<\/strong><\/p><\/td><td width=\"161\"><p><b>Data<\/b><\/p><\/td><\/tr><tr><td width=\"406\">8.1 Per\u00edodo de inscri\u00e7\u00f5es<\/td><td width=\"161\"><span style=\"font-size: 14.4px;\">25\/03\/2026 a 25\/04\/2026 at\u00e9 \u00e0s 23h59min (hor\u00e1rio de Bras\u00edlia).<\/span><\/td><\/tr><tr><td width=\"406\">8.2 Resultado das inscri\u00e7\u00f5es homologadas<\/td><td width=\"161\">27 de abril de 2026.<\/td><\/tr><tr><td width=\"406\">8.3 Previs\u00e3o de per\u00edodo para recursos<\/td><td width=\"161\"><p>\u00a028 e 29 de 04 de 2026<\/p><p style=\"text-align: justify; border: none; mso-padding-alt: 31.0pt 31.0pt 31.0pt 31.0pt; mso-border-shadow: yes; margin: .05pt 2.75pt .0001pt 3.2pt;\">\u00a0<\/p><\/td><\/tr><tr><td width=\"406\">8.4 Resultado final da sele\u00e7\u00e3o<\/td><td width=\"161\">30 de 04 de 2026<\/td><\/tr><\/tbody><\/table><\/div>\n\t\t\t\t<\/div>\n\t\t\t\t\t\t\t<div class=\"elementor-toggle-item\">\n\t\t\t\t\t<div id=\"elementor-tab-title-2379\" class=\"elementor-tab-title\" data-tab=\"9\" role=\"button\" aria-controls=\"elementor-tab-content-2379\" aria-expanded=\"false\">\n\t\t\t\t\t\t\t\t\t\t\t\t<span class=\"elementor-toggle-icon elementor-toggle-icon-right\" aria-hidden=\"true\">\n\t\t\t\t\t\t\t\t\t\t\t\t\t\t\t<span class=\"elementor-toggle-icon-closed\"><svg class=\"e-font-icon-svg e-fas-caret-right\" viewBox=\"0 0 192 512\" xmlns=\"http:\/\/www.w3.org\/2000\/svg\"><path d=\"M0 384.662V127.338c0-17.818 21.543-26.741 34.142-14.142l128.662 128.662c7.81 7.81 7.81 20.474 0 28.284L34.142 398.804C21.543 411.404 0 402.48 0 384.662z\"><\/path><\/svg><\/span>\n\t\t\t\t\t\t\t\t<span class=\"elementor-toggle-icon-opened\"><svg class=\"elementor-toggle-icon-opened e-font-icon-svg e-fas-caret-up\" viewBox=\"0 0 320 512\" xmlns=\"http:\/\/www.w3.org\/2000\/svg\"><path d=\"M288.662 352H31.338c-17.818 0-26.741-21.543-14.142-34.142l128.662-128.662c7.81-7.81 20.474-7.81 28.284 0l128.662 128.662c12.6 12.599 3.676 34.142-14.142 34.142z\"><\/path><\/svg><\/span>\n\t\t\t\t\t\t\t\t\t\t\t\t\t<\/span>\n\t\t\t\t\t\t\t\t\t\t\t\t<a class=\"elementor-toggle-title\" tabindex=\"0\">9. DISPOSI\u00c7\u00d5ES FINAIS<\/a>\n\t\t\t\t\t<\/div>\n\n\t\t\t\t\t<div id=\"elementor-tab-content-2379\" class=\"elementor-tab-content elementor-clearfix\" data-tab=\"9\" role=\"region\" aria-labelledby=\"elementor-tab-title-2379\"><p><strong>9.1<\/strong>\u00a0A comiss\u00e3o organizadora poder\u00e1 verificar a veracidade das informa\u00e7\u00f5es prestadas pelo(a) candidato(a). A inverdade de qualquer informa\u00e7\u00e3o implicar\u00e1 na sua desclassifica\u00e7\u00e3o;<\/p><p><strong>9.2<\/strong> O desligamento do(a) monitor(a) poder\u00e1 ocorrer nas seguintes situa\u00e7\u00f5es: a) deixar de comparecer a qualquer atividade de treinamento; b) deixar de comparecer a qualquer atividade para a qual foi escalado(a) sem a devida justificativa durante o evento; c) apresentar comportamento anti\u00e9tico ou inadequado, observado pelos respons\u00e1veis pela organiza\u00e7\u00e3o do evento ou reportado pelos participantes.<\/p><p><strong>9.3<\/strong> A avalia\u00e7\u00e3o da conduta ser\u00e1 feita pela Comiss\u00e3o de Monitoria do evento. \u00c0 Comiss\u00e3o (de Monitoria) reserva-se o direito de avaliar cada caso individualmente e tomar as decis\u00f5es necess\u00e1rias para manter o bom andamento do evento.<\/p><p><strong>9.4<\/strong> Quaisquer situa\u00e7\u00f5es n\u00e3o previstas no presente Edital ser\u00e3o resolvidas pela Comiss\u00e3o de Monitoria ou pela Comiss\u00e3o Organizadora do Evento.<\/p><p><strong>9.4.1 <\/strong>D\u00favidas devem ser encaminhadas por e-mail: <a href=\"mailto:senaden@eventosaben.org.br\">senaden@eventosaben.org.br<\/a><\/p><\/div>\n\t\t\t\t<\/div>\n\t\t\t\t\t\t\t\t<\/div>\n\t\t\t\t\t\t<\/div>\n\t\t\t\t<\/div>\n\t\t\t\t\t<\/div>\n\t\t<\/div>\n\t\t\t\t\t<\/div>\n\t\t<\/section>\n\t\t\t\t<section class=\"elementor-section elementor-top-section elementor-element elementor-element-40437b74 elementor-section-boxed elementor-section-height-default elementor-section-height-default\" data-id=\"40437b74\" data-element_type=\"section\" data-e-type=\"section\">\n\t\t\t\t\t\t<div class=\"elementor-container elementor-column-gap-default\">\n\t\t\t\t\t<div class=\"elementor-column elementor-col-100 elementor-top-column elementor-element elementor-element-59b0f0b4\" data-id=\"59b0f0b4\" data-element_type=\"column\" data-e-type=\"column\">\n\t\t\t<div class=\"elementor-widget-wrap elementor-element-populated\">\n\t\t\t\t\t\t<div class=\"elementor-element elementor-element-183ecd2f elementor-widget elementor-widget-text-editor\" data-id=\"183ecd2f\" data-element_type=\"widget\" data-e-type=\"widget\" data-widget_type=\"text-editor.default\">\n\t\t\t\t<div class=\"elementor-widget-container\">\n\t\t\t\t\t\t\t\t\t<p style=\"text-align: center;\">Comiss\u00e3o Organizadora<\/p><p>Jo\u00e3o Pessoa, 16 de 03 de 2026.<\/p><p style=\"text-align: right;\">.<\/p>\t\t\t\t\t\t\t\t<\/div>\n\t\t\t\t<\/div>\n\t\t\t\t\t<\/div>\n\t\t<\/div>\n\t\t\t\t\t<\/div>\n\t\t<\/section>\n\t\t\t\t<section class=\"elementor-section elementor-top-section elementor-element elementor-element-dd5e49c elementor-section-boxed elementor-section-height-default elementor-section-height-default\" data-id=\"dd5e49c\" data-element_type=\"section\" data-e-type=\"section\">\n\t\t\t\t\t\t<div class=\"elementor-container elementor-column-gap-default\">\n\t\t\t\t\t<div class=\"elementor-column elementor-col-33 elementor-top-column elementor-element elementor-element-37dda3ab\" data-id=\"37dda3ab\" data-element_type=\"column\" data-e-type=\"column\">\n\t\t\t<div class=\"elementor-widget-wrap\">\n\t\t\t\t\t\t\t<\/div>\n\t\t<\/div>\n\t\t\t\t<div class=\"elementor-column elementor-col-33 elementor-top-column elementor-element elementor-element-35b6a28e\" data-id=\"35b6a28e\" data-element_type=\"column\" data-e-type=\"column\">\n\t\t\t<div class=\"elementor-widget-wrap\">\n\t\t\t\t\t\t\t<\/div>\n\t\t<\/div>\n\t\t\t\t<div class=\"elementor-column elementor-col-33 elementor-top-column elementor-element elementor-element-42c69996\" data-id=\"42c69996\" data-element_type=\"column\" data-e-type=\"column\">\n\t\t\t<div class=\"elementor-widget-wrap elementor-element-populated\">\n\t\t\t\t\t\t<div class=\"elementor-element elementor-element-2f4cdda elementor-align-justify elementor-widget elementor-widget-button\" data-id=\"2f4cdda\" data-element_type=\"widget\" data-e-type=\"widget\" data-widget_type=\"button.default\">\n\t\t\t\t<div class=\"elementor-widget-container\">\n\t\t\t\t\t\t\t\t\t<div class=\"elementor-button-wrapper\">\n\t\t\t\t\t<a class=\"elementor-button elementor-button-link elementor-size-md elementor-animation-sink\" href=\"https:\/\/docs.google.com\/forms\/d\/e\/1FAIpQLSdt18kpN8DT2dswGHPn1e13tBlcyM2cpbVqPeqo-4A-tyexBA\/viewform?usp=dialog\" target=\"_blank\">\n\t\t\t\t\t\t<span class=\"elementor-button-content-wrapper\">\n\t\t\t\t\t\t<span class=\"elementor-button-icon\">\n\t\t\t\t<svg aria-hidden=\"true\" class=\"e-font-icon-svg e-far-clipboard\" viewBox=\"0 0 384 512\" xmlns=\"http:\/\/www.w3.org\/2000\/svg\"><path d=\"M336 64h-80c0-35.3-28.7-64-64-64s-64 28.7-64 64H48C21.5 64 0 85.5 0 112v352c0 26.5 21.5 48 48 48h288c26.5 0 48-21.5 48-48V112c0-26.5-21.5-48-48-48zM192 40c13.3 0 24 10.7 24 24s-10.7 24-24 24-24-10.7-24-24 10.7-24 24-24zm144 418c0 3.3-2.7 6-6 6H54c-3.3 0-6-2.7-6-6V118c0-3.3 2.7-6 6-6h42v36c0 6.6 5.4 12 12 12h168c6.6 0 12-5.4 12-12v-36h42c3.3 0 6 2.7 6 6z\"><\/path><\/svg>\t\t\t<\/span>\n\t\t\t\t\t\t\t\t\t<span class=\"elementor-button-text\">Inscreva-se<\/span>\n\t\t\t\t\t<\/span>\n\t\t\t\t\t<\/a>\n\t\t\t\t<\/div>\n\t\t\t\t\t\t\t\t<\/div>\n\t\t\t\t<\/div>\n\t\t\t\t\t<\/div>\n\t\t<\/div>\n\t\t\t\t\t<\/div>\n\t\t<\/section>\n\t\t\t\t<\/div>\n\t\t","protected":false},"excerpt":{"rendered":"<p>Monitoria 25\/04 Data limite para inscri\u00e7\u00f5es 30\/04 Inscri\u00e7\u00f5es homologadas 27\/04 Resultado da classifica\u00e7\u00e3o em breve Reuni\u00e3o online Inscri\u00e7\u00f5es Homologadas (Em breve) Resultado (Em breve) Baixar edital em PDF EDITAL DE SELE\u00c7\u00c3O DE MONITORES &nbsp; 20\u00ba SEMIN\u00c1RIO NACIONAL DE DIRETRIZES PARA EDUCA\u00c7\u00c3O EM ENFERMAGEM (20\u00ba SENADEn) 17\u00ba SEMIN\u00c1RIO NACIONAL DE TEORIAS, TERMINOLOGIAS E PROCESSO DE ENFERMAGEM [&hellip;]<\/p>\n","protected":false},"author":1,"featured_media":0,"parent":0,"menu_order":0,"comment_status":"closed","ping_status":"closed","template":"elementor_header_footer","meta":{"_joinchat":[],"footnotes":""},"class_list":["post-1228","page","type-page","status-publish","hentry"],"aioseo_notices":[],"_hostinger_reach_plugin_has_subscription_block":false,"_hostinger_reach_plugin_is_elementor":false,"_links":{"self":[{"href":"https:\/\/eventosaben.org.br\/20senaden\/wp-json\/wp\/v2\/pages\/1228"}],"collection":[{"href":"https:\/\/eventosaben.org.br\/20senaden\/wp-json\/wp\/v2\/pages"}],"about":[{"href":"https:\/\/eventosaben.org.br\/20senaden\/wp-json\/wp\/v2\/types\/page"}],"author":[{"embeddable":true,"href":"https:\/\/eventosaben.org.br\/20senaden\/wp-json\/wp\/v2\/users\/1"}],"replies":[{"embeddable":true,"href":"https:\/\/eventosaben.org.br\/20senaden\/wp-json\/wp\/v2\/comments?post=1228"}],"version-history":[{"count":70,"href":"https:\/\/eventosaben.org.br\/20senaden\/wp-json\/wp\/v2\/pages\/1228\/revisions"}],"predecessor-version":[{"id":2481,"href":"https:\/\/eventosaben.org.br\/20senaden\/wp-json\/wp\/v2\/pages\/1228\/revisions\/2481"}],"wp:attachment":[{"href":"https:\/\/eventosaben.org.br\/20senaden\/wp-json\/wp\/v2\/media?parent=1228"}],"curies":[{"name":"wp","href":"https:\/\/api.w.org\/{rel}","templated":true}]}}